{"id":1926,"date":"2026-07-16T07:27:20","date_gmt":"2026-07-16T07:27:20","guid":{"rendered":"https:\/\/mancesti.ch\/available-works\/"},"modified":"2026-08-30T16:04:59","modified_gmt":"2026-08-30T16:04:59","slug":"available-works","status":"publish","type":"page","link":"https:\/\/mancesti.ch\/en\/available-works\/","title":{"rendered":"Available Works"},"content":{"rendered":"\t\t<div data-elementor-type=\"wp-page\" data-elementor-id=\"1926\" class=\"elementor elementor-1926 elementor-866\" data-elementor-post-type=\"page\">\n\t\t\t\t<div class=\"elementor-element elementor-element-567f50e e-con-full e-flex e-con e-parent\" data-id=\"567f50e\" data-element_type=\"container\" data-e-type=\"container\" data-settings=\"{&quot;background_background&quot;:&quot;classic&quot;,&quot;jet_parallax_layout_list&quot;:[]}\">\n\t\t<div class=\"elementor-element elementor-element-a7edb62 e-con-full e-flex e-con e-child\" data-id=\"a7edb62\" data-element_type=\"container\" data-e-type=\"container\" data-settings=\"{&quot;jet_parallax_layout_list&quot;:[]}\">\n\t\t\t\t<div class=\"elementor-element elementor-element-ca95289 elementor-widget elementor-widget-heading\" data-id=\"ca95289\" data-element_type=\"widget\" data-e-type=\"widget\" data-widget_type=\"heading.default\">\n\t\t\t\t\t<h1 class=\"elementor-heading-title elementor-size-default\">Available Works<\/h1>\t\t\t\t<\/div>\n\t\t\t\t<\/div>\n\t\t\t\t<\/div>\n\t\t<div class=\"elementor-element elementor-element-46df717 e-con-full e-flex e-con e-parent\" data-id=\"46df717\" data-element_type=\"container\" data-e-type=\"container\" data-settings=\"{&quot;background_background&quot;:&quot;classic&quot;,&quot;jet_parallax_layout_list&quot;:[]}\">\n\t\t<div class=\"elementor-element elementor-element-a9b5edd e-con-full e-flex e-con e-child\" data-id=\"a9b5edd\" data-element_type=\"container\" data-e-type=\"container\" data-settings=\"{&quot;jet_parallax_layout_list&quot;:[]}\">\n\t\t\t\t<div class=\"elementor-element elementor-element-5fe5494 elementor-widget elementor-widget-button\" data-id=\"5fe5494\" data-element_type=\"widget\" data-e-type=\"widget\" data-widget_type=\"button.default\">\n\t\t\t\t\t\t\t\t\t\t<a class=\"elementor-button elementor-button-link elementor-size-sm\" href=\"#leman\">\n\t\t\t\t\t\t<span class=\"elementor-button-content-wrapper\">\n\t\t\t\t\t\t\t\t\t<span class=\"elementor-button-text\">Lake Geneva and Regional Paintings<\/span>\n\t\t\t\t\t<\/span>\n\t\t\t\t\t<\/a>\n\t\t\t\t\t\t\t\t<\/div>\n\t\t\t\t<div class=\"elementor-element elementor-element-878bffc elementor-widget elementor-widget-button\" data-id=\"878bffc\" data-element_type=\"widget\" data-e-type=\"widget\" data-widget_type=\"button.default\">\n\t\t\t\t\t\t\t\t\t\t<a class=\"elementor-button elementor-button-link elementor-size-sm\" href=\"#tranche\">\n\t\t\t\t\t\t<span class=\"elementor-button-content-wrapper\">\n\t\t\t\t\t\t\t\t\t<span class=\"elementor-button-text\">City Slices<\/span>\n\t\t\t\t\t<\/span>\n\t\t\t\t\t<\/a>\n\t\t\t\t\t\t\t\t<\/div>\n\t\t\t\t<div class=\"elementor-element elementor-element-40e1073 elementor-widget elementor-widget-button\" data-id=\"40e1073\" data-element_type=\"widget\" data-e-type=\"widget\" data-widget_type=\"button.default\">\n\t\t\t\t\t\t\t\t\t\t<a class=\"elementor-button elementor-button-link elementor-size-sm\" href=\"#mosaique\">\n\t\t\t\t\t\t<span class=\"elementor-button-content-wrapper\">\n\t\t\t\t\t\t\t\t\t<span class=\"elementor-button-text\">City Mosaics<\/span>\n\t\t\t\t\t<\/span>\n\t\t\t\t\t<\/a>\n\t\t\t\t\t\t\t\t<\/div>\n\t\t\t\t<div class=\"elementor-element elementor-element-8e621ad elementor-widget elementor-widget-button\" data-id=\"8e621ad\" data-element_type=\"widget\" data-e-type=\"widget\" data-widget_type=\"button.default\">\n\t\t\t\t\t\t\t\t\t\t<a class=\"elementor-button elementor-button-link elementor-size-sm\" href=\"#sommet\">\n\t\t\t\t\t\t<span class=\"elementor-button-content-wrapper\">\n\t\t\t\t\t\t\t\t\t<span class=\"elementor-button-text\">The Peaks of Freedom<\/span>\n\t\t\t\t\t<\/span>\n\t\t\t\t\t<\/a>\n\t\t\t\t\t\t\t\t<\/div>\n\t\t\t\t<\/div>\n\t\t<div class=\"elementor-element elementor-element-86043e0 e-con-full e-flex e-con e-child\" data-id=\"86043e0\" data-element_type=\"container\" data-e-type=\"container\" data-settings=\"{&quot;jet_parallax_layout_list&quot;:[]}\">\n\t\t\t\t<div class=\"elementor-element elementor-element-fda0997 elementor-widget elementor-widget-button\" data-id=\"fda0997\" data-element_type=\"widget\" data-e-type=\"widget\" data-widget_type=\"button.default\">\n\t\t\t\t\t\t\t\t\t\t<a class=\"elementor-button elementor-button-link elementor-size-sm\" href=\"#vache\">\n\t\t\t\t\t\t<span class=\"elementor-button-content-wrapper\">\n\t\t\t\t\t\t\t\t\t<span class=\"elementor-button-text\">Cows and Swiss Traditions<\/span>\n\t\t\t\t\t<\/span>\n\t\t\t\t\t<\/a>\n\t\t\t\t\t\t\t\t<\/div>\n\t\t\t\t<div class=\"elementor-element elementor-element-03b52fd elementor-widget elementor-widget-button\" data-id=\"03b52fd\" data-element_type=\"widget\" data-e-type=\"widget\" data-widget_type=\"button.default\">\n\t\t\t\t\t\t\t\t\t\t<a class=\"elementor-button elementor-button-link elementor-size-sm\" href=\"#personnage\">\n\t\t\t\t\t\t<span class=\"elementor-button-content-wrapper\">\n\t\t\t\t\t\t\t\t\t<span class=\"elementor-button-text\">Characters<\/span>\n\t\t\t\t\t<\/span>\n\t\t\t\t\t<\/a>\n\t\t\t\t\t\t\t\t<\/div>\n\t\t\t\t<div class=\"elementor-element elementor-element-f857bc2 elementor-widget elementor-widget-button\" data-id=\"f857bc2\" data-element_type=\"widget\" data-e-type=\"widget\" data-widget_type=\"button.default\">\n\t\t\t\t\t\t\t\t\t\t<a class=\"elementor-button elementor-button-link elementor-size-sm\" href=\"#ailleurs\">\n\t\t\t\t\t\t<span class=\"elementor-button-content-wrapper\">\n\t\t\t\t\t\t\t\t\t<span class=\"elementor-button-text\">Gallery from Elsewhere<\/span>\n\t\t\t\t\t<\/span>\n\t\t\t\t\t<\/a>\n\t\t\t\t\t\t\t\t<\/div>\n\t\t\t\t<\/div>\n\t\t\t\t<\/div>\n\t\t<div class=\"elementor-element elementor-element-277343b e-con-full e-flex e-con e-child\" data-id=\"277343b\" data-element_type=\"container\" data-e-type=\"container\" id=\"leman\" data-settings=\"{&quot;jet_parallax_layout_list&quot;:[]}\">\n\t\t\t\t<div class=\"elementor-element elementor-element-b455f91 elementor-gallery--filter-align-center elementor-widget__width-initial elementor-widget elementor-widget-gallery\" data-id=\"b455f91\" data-element_type=\"widget\" data-e-type=\"widget\" data-settings=\"{&quot;columns&quot;:3,&quot;columns_mobile&quot;:2,&quot;aspect_ratio&quot;:&quot;1:1&quot;,&quot;overlay_title&quot;:&quot;title&quot;,&quot;lazyload&quot;:&quot;yes&quot;,&quot;gallery_layout&quot;:&quot;grid&quot;,&quot;columns_tablet&quot;:2,&quot;gap&quot;:{&quot;unit&quot;:&quot;px&quot;,&quot;size&quot;:10,&quot;sizes&quot;:[]},&quot;gap_tablet&quot;:{&quot;unit&quot;:&quot;px&quot;,&quot;size&quot;:10,&quot;sizes&quot;:[]},&quot;gap_mobile&quot;:{&quot;unit&quot;:&quot;px&quot;,&quot;size&quot;:10,&quot;sizes&quot;:[]},&quot;link_to&quot;:&quot;file&quot;,&quot;overlay_background&quot;:&quot;yes&quot;,&quot;content_hover_animation&quot;:&quot;fade-in&quot;}\" data-widget_type=\"gallery.default\">\n\t\t\t\t\t\t\t\t<div class=\"elementor-gallery__titles-container e--pointer-text e--animation-grow\" aria-label=\"Gallery filter\">\n\t\t\t\t\n\t\t\t\t\t\t\t\t\t<a class=\"elementor-item elementor-gallery-title\" role=\"button\" tabindex=\"0\" data-gallery-index=\"0\">\n\t\t\t\t\t\tLake Geneva and Regional Paintings\t\t\t\t\t<\/a>\n\t\t\t\t\t\t\t\t<\/div>\n\t\t\t\t\t<div class=\"elementor-gallery__container\">\n\t\t\t\t\t\t\t<a class=\"e-gallery-item elementor-gallery-item elementor-animated-content\" data-e-gallery-tags=\"0\" href=\"https:\/\/mancesti.ch\/wp-content\/uploads\/2026\/07\/ferme_vers_crans.jpg\" data-elementor-open-lightbox=\"yes\" data-elementor-lightbox-slideshow=\"b455f91\" data-elementor-lightbox-title=\"\u00ab Ferme vers Crans \u00bb, \u0153uvre de Rita Mancesti, artiste peintre \u00e0 Rolle. Format : 60 \u00d7 120 cm.\" data-elementor-lightbox-description=\"Visuel de l\u2019\u0153uvre \u00ab Ferme vers Crans \u00bb de Rita Mancesti. Cette \u0153uvre s\u2019inscrit dans son exploration du L\u00e9man et des paysages de Suisse romande. Dimensions de l\u2019\u0153uvre : 60 \u00d7 120 cm. Cette image documente son portfolio artistique et son site vitrine.\" data-e-action-hash=\"#elementor-action%3Aaction%3Dlightbox%26settings%3DeyJpZCI6MTk1MCwidXJsIjoiaHR0cHM6XC9cL21hbmNlc3RpLmNoXC93cC1jb250ZW50XC91cGxvYWRzXC8yMDI2XC8wN1wvZmVybWVfdmVyc19jcmFucy5qcGciLCJzbGlkZXNob3ciOiJiNDU1ZjkxIn0%3D\">\n\t\t\t\t\t<div class=\"e-gallery-image elementor-gallery-item__image\" data-thumbnail=\"https:\/\/mancesti.ch\/wp-content\/uploads\/2026\/07\/ferme_vers_crans-1024x505.jpg\" data-width=\"800\" data-height=\"395\" aria-label=\"Peinture du paysage l\u00e9manique \u00ab Ferme vers Crans \u00bb de Rita Mancesti\" role=\"img\" ><\/div>\n\t\t\t\t\t\t\t\t\t\t\t<div class=\"elementor-gallery-item__overlay\"><\/div>\n\t\t\t\t\t\t\t\t\t\t\t\t\t\t\t<div class=\"elementor-gallery-item__content\">\n\t\t\t\t\t\t\t\t\t\t\t\t\t\t<div class=\"elementor-gallery-item__title\">\n\t\t\t\t\t\t\t\t\t\t\t\t\t\t\t\t\t\t[624] - Ferme vers Crans - 60 \u00d7 120 cm\t\t\t\t\t\t\t\t<\/div>\n\t\t\t\t\t\t\t\t\t\t\t\t<\/div>\n\t\t\t\t\t\t\t\t\t<\/a>\n\t\t\t\t\t\t\t<a class=\"e-gallery-item elementor-gallery-item elementor-animated-content\" data-e-gallery-tags=\"0\" href=\"https:\/\/mancesti.ch\/wp-content\/uploads\/2026\/07\/lavaux_reflets.jpeg\" data-elementor-open-lightbox=\"yes\" data-elementor-lightbox-slideshow=\"b455f91\" data-elementor-lightbox-title=\"\u00ab Reflets de Lavaux \u00bb, \u0153uvre de Rita Mancesti, artiste peintre \u00e0 Rolle. Format : 54 \u00d7 72 cm.\" data-elementor-lightbox-description=\"Visuel de l\u2019\u0153uvre \u00ab Reflets de Lavaux \u00bb de Rita Mancesti. Cette \u0153uvre s\u2019inscrit dans son exploration du L\u00e9man et des paysages de Suisse romande. Dimensions de l\u2019\u0153uvre : 54 \u00d7 72 cm. Cette image documente son portfolio artistique et son site vitrine.\" data-e-action-hash=\"#elementor-action%3Aaction%3Dlightbox%26settings%3DeyJpZCI6MTk1NiwidXJsIjoiaHR0cHM6XC9cL21hbmNlc3RpLmNoXC93cC1jb250ZW50XC91cGxvYWRzXC8yMDI2XC8wN1wvbGF2YXV4X3JlZmxldHMuanBlZyIsInNsaWRlc2hvdyI6ImI0NTVmOTEifQ%3D%3D\">\n\t\t\t\t\t<div class=\"e-gallery-image elementor-gallery-item__image\" data-thumbnail=\"https:\/\/mancesti.ch\/wp-content\/uploads\/2026\/07\/lavaux_reflets-1024x712.jpeg\" data-width=\"800\" data-height=\"556\" aria-label=\"Peinture du paysage l\u00e9manique \u00ab Reflets de Lavaux \u00bb de Rita Mancesti\" role=\"img\" ><\/div>\n\t\t\t\t\t\t\t\t\t\t\t<div class=\"elementor-gallery-item__overlay\"><\/div>\n\t\t\t\t\t\t\t\t\t\t\t\t\t\t\t<div class=\"elementor-gallery-item__content\">\n\t\t\t\t\t\t\t\t\t\t\t\t\t\t<div class=\"elementor-gallery-item__title\">\n\t\t\t\t\t\t\t\t\t\t\t\t\t\t\t\t\t\t[722] - Reflet Lavaux - 54 \u00d7 72 cm\t\t\t\t\t\t\t\t<\/div>\n\t\t\t\t\t\t\t\t\t\t\t\t<\/div>\n\t\t\t\t\t\t\t\t\t<\/a>\n\t\t\t\t\t\t\t<a class=\"e-gallery-item elementor-gallery-item elementor-animated-content\" data-e-gallery-tags=\"0\" href=\"https:\/\/mancesti.ch\/wp-content\/uploads\/2026\/07\/lavaux_diagonale.jpg\" data-elementor-open-lightbox=\"yes\" data-elementor-lightbox-slideshow=\"b455f91\" data-elementor-lightbox-title=\"\u00ab Lavaux en diagonale \u00bb, \u0153uvre de Rita Mancesti, artiste peintre \u00e0 Rolle.\" data-elementor-lightbox-description=\"Visuel de l\u2019\u0153uvre \u00ab Lavaux en diagonale \u00bb de Rita Mancesti. Cette \u0153uvre s\u2019inscrit dans son exploration du L\u00e9man et des paysages de Suisse romande. Cette image documente son portfolio artistique et son site vitrine.\" data-e-action-hash=\"#elementor-action%3Aaction%3Dlightbox%26settings%3DeyJpZCI6MTk1MywidXJsIjoiaHR0cHM6XC9cL21hbmNlc3RpLmNoXC93cC1jb250ZW50XC91cGxvYWRzXC8yMDI2XC8wN1wvbGF2YXV4X2RpYWdvbmFsZS5qcGciLCJzbGlkZXNob3ciOiJiNDU1ZjkxIn0%3D\">\n\t\t\t\t\t<div class=\"e-gallery-image elementor-gallery-item__image\" data-thumbnail=\"https:\/\/mancesti.ch\/wp-content\/uploads\/2026\/07\/lavaux_diagonale-1018x1024.jpg\" data-width=\"800\" data-height=\"805\" aria-label=\"Peinture du paysage l\u00e9manique \u00ab Lavaux en diagonale \u00bb de Rita Mancesti\" role=\"img\" ><\/div>\n\t\t\t\t\t\t\t\t\t\t\t<div class=\"elementor-gallery-item__overlay\"><\/div>\n\t\t\t\t\t\t\t\t\t\t\t\t\t\t\t<div class=\"elementor-gallery-item__content\">\n\t\t\t\t\t\t\t\t\t\t\t\t\t\t<div class=\"elementor-gallery-item__title\">\n\t\t\t\t\t\t\t\t\t\t\t\t\t\t\t\t\t\t[705] - Lavaux en diagonale - 80 \u00d7 80 cm\t\t\t\t\t\t\t\t<\/div>\n\t\t\t\t\t\t\t\t\t\t\t\t<\/div>\n\t\t\t\t\t\t\t\t\t<\/a>\n\t\t\t\t\t\t\t<a class=\"e-gallery-item elementor-gallery-item elementor-animated-content\" data-e-gallery-tags=\"0\" href=\"https:\/\/mancesti.ch\/wp-content\/uploads\/2026\/07\/home_sweet.jpg\" data-elementor-open-lightbox=\"yes\" data-elementor-lightbox-slideshow=\"b455f91\" data-elementor-lightbox-title=\"\u00ab Home Sweet Home \u00bb, \u0153uvre de Rita Mancesti, artiste peintre \u00e0 Rolle. Format : 40 \u00d7 60 cm.\" data-elementor-lightbox-description=\"Visuel de l\u2019\u0153uvre \u00ab Home Sweet Home \u00bb de Rita Mancesti. Cette \u0153uvre illustre l\u2019univers figuratif et color\u00e9 de l\u2019artiste. Dimensions de l\u2019\u0153uvre : 40 \u00d7 60 cm. Cette image documente son portfolio artistique et son site vitrine.\" data-e-action-hash=\"#elementor-action%3Aaction%3Dlightbox%26settings%3DeyJpZCI6MTkzOCwidXJsIjoiaHR0cHM6XC9cL21hbmNlc3RpLmNoXC93cC1jb250ZW50XC91cGxvYWRzXC8yMDI2XC8wN1wvaG9tZV9zd2VldC5qcGciLCJzbGlkZXNob3ciOiJiNDU1ZjkxIn0%3D\">\n\t\t\t\t\t<div class=\"e-gallery-image elementor-gallery-item__image\" data-thumbnail=\"https:\/\/mancesti.ch\/wp-content\/uploads\/2026\/07\/home_sweet-1024x682.jpg\" data-width=\"800\" data-height=\"533\" aria-label=\"Tableau \u00ab Home Sweet Home \u00bb de Rita Mancesti\" role=\"img\" ><\/div>\n\t\t\t\t\t\t\t\t\t\t\t<div class=\"elementor-gallery-item__overlay\"><\/div>\n\t\t\t\t\t\t\t\t\t\t\t\t\t\t\t<div class=\"elementor-gallery-item__content\">\n\t\t\t\t\t\t\t\t\t\t\t\t\t\t<div class=\"elementor-gallery-item__title\">\n\t\t\t\t\t\t\t\t\t\t\t\t\t\t\t\t\t\t[673] - Home sweet home - 40 \u00d7 60 cm\t\t\t\t\t\t\t\t<\/div>\n\t\t\t\t\t\t\t\t\t\t\t\t<\/div>\n\t\t\t\t\t\t\t\t\t<\/a>\n\t\t\t\t\t\t\t<a class=\"e-gallery-item elementor-gallery-item elementor-animated-content\" data-e-gallery-tags=\"0\" href=\"https:\/\/mancesti.ch\/wp-content\/uploads\/2026\/07\/newsphotomois.jpg\" data-elementor-open-lightbox=\"yes\" data-elementor-lightbox-slideshow=\"b455f91\" data-elementor-lightbox-title=\"\u00ab Morning view \u00bb, \u0153uvre de Rita Mancesti, artiste peintre \u00e0 Rolle. Format : 40 \u00d7 60 cm.\" data-elementor-lightbox-description=\"Visuel de l\u2019\u0153uvre \u00ab Morning view \u00bb de Rita Mancesti. Cette \u0153uvre illustre l\u2019univers figuratif et color\u00e9 de l\u2019artiste. Dimensions de l\u2019\u0153uvre : 40 \u00d7 60 cm. Cette image documente son portfolio artistique et son site vitrine.\" data-e-action-hash=\"#elementor-action%3Aaction%3Dlightbox%26settings%3DeyJpZCI6MTk1MSwidXJsIjoiaHR0cHM6XC9cL21hbmNlc3RpLmNoXC93cC1jb250ZW50XC91cGxvYWRzXC8yMDI2XC8wN1wvbmV3c3Bob3RvbW9pcy5qcGciLCJzbGlkZXNob3ciOiJiNDU1ZjkxIn0%3D\">\n\t\t\t\t\t<div class=\"e-gallery-image elementor-gallery-item__image\" data-thumbnail=\"https:\/\/mancesti.ch\/wp-content\/uploads\/2026\/07\/newsphotomois-1024x765.jpg\" data-width=\"800\" data-height=\"598\" aria-label=\"Tableau \u00ab Morning view \u00bb de Rita Mancesti\" role=\"img\" ><\/div>\n\t\t\t\t\t\t\t\t\t\t\t<div class=\"elementor-gallery-item__overlay\"><\/div>\n\t\t\t\t\t\t\t\t\t\t\t\t\t\t\t<div class=\"elementor-gallery-item__content\">\n\t\t\t\t\t\t\t\t\t\t\t\t\t\t<div class=\"elementor-gallery-item__title\">\n\t\t\t\t\t\t\t\t\t\t\t\t\t\t\t\t\t\t[713] - Morning view - 40 \u00d7 60 cm\t\t\t\t\t\t\t\t<\/div>\n\t\t\t\t\t\t\t\t\t\t\t\t<\/div>\n\t\t\t\t\t\t\t\t\t<\/a>\n\t\t\t\t\t\t\t<a class=\"e-gallery-item elementor-gallery-item elementor-animated-content\" data-e-gallery-tags=\"0\" href=\"https:\/\/mancesti.ch\/wp-content\/uploads\/2026\/07\/calme_a_crans_2-Copie.jpg\" data-elementor-open-lightbox=\"yes\" data-elementor-lightbox-slideshow=\"b455f91\" data-elementor-lightbox-title=\"\u00ab Calme \u00e0 Crans 2 \u00bb, \u0153uvre de Rita Mancesti, artiste peintre \u00e0 Rolle. Format : 40 \u00d7 60 cm.\" data-elementor-lightbox-description=\"Visuel de l\u2019\u0153uvre \u00ab Calme \u00e0 Crans 2 \u00bb de Rita Mancesti. Cette \u0153uvre s\u2019inscrit dans son exploration du L\u00e9man et des paysages de Suisse romande. Dimensions de l\u2019\u0153uvre : 40 \u00d7 60 cm. Cette image documente son portfolio artistique et son site vitrine.\" data-e-action-hash=\"#elementor-action%3Aaction%3Dlightbox%26settings%3DeyJpZCI6MTk0MCwidXJsIjoiaHR0cHM6XC9cL21hbmNlc3RpLmNoXC93cC1jb250ZW50XC91cGxvYWRzXC8yMDI2XC8wN1wvY2FsbWVfYV9jcmFuc18yLUNvcGllLmpwZyIsInNsaWRlc2hvdyI6ImI0NTVmOTEifQ%3D%3D\">\n\t\t\t\t\t<div class=\"e-gallery-image elementor-gallery-item__image\" data-thumbnail=\"https:\/\/mancesti.ch\/wp-content\/uploads\/2026\/07\/calme_a_crans_2-Copie-1024x660.jpg\" data-width=\"800\" data-height=\"516\" aria-label=\"Peinture du paysage l\u00e9manique \u00ab Calme \u00e0 Crans 2 \u00bb de Rita Mancesti\" role=\"img\" ><\/div>\n\t\t\t\t\t\t\t\t\t\t\t<div class=\"elementor-gallery-item__overlay\"><\/div>\n\t\t\t\t\t\t\t\t\t\t\t\t\t\t\t<div class=\"elementor-gallery-item__content\">\n\t\t\t\t\t\t\t\t\t\t\t\t\t\t<div class=\"elementor-gallery-item__title\">\n\t\t\t\t\t\t\t\t\t\t\t\t\t\t\t\t\t\t[702] - Calme \u00e0 Crans 2 - 40 \u00d7 60 cm\t\t\t\t\t\t\t\t<\/div>\n\t\t\t\t\t\t\t\t\t\t\t\t<\/div>\n\t\t\t\t\t\t\t\t\t<\/a>\n\t\t\t\t\t\t\t<a class=\"e-gallery-item elementor-gallery-item elementor-animated-content\" data-e-gallery-tags=\"0\" href=\"https:\/\/mancesti.ch\/wp-content\/uploads\/2026\/07\/retrouvailles-scaled-1-scaled.jpg\" data-elementor-open-lightbox=\"yes\" data-elementor-lightbox-slideshow=\"b455f91\" data-elementor-lightbox-title=\"\u00ab Retrouvailles \u00e0 Mont-sur-Rolle \u00bb, \u0153uvre de Rita Mancesti, artiste peintre \u00e0 Rolle. Format : 60 \u00d7 120 cm.\" data-elementor-lightbox-description=\"Visuel de l\u2019\u0153uvre \u00ab Retrouvailles \u00e0 Mont-sur-Rolle \u00bb de Rita Mancesti. Cette \u0153uvre s\u2019inscrit dans son exploration du L\u00e9man et des paysages de Suisse romande. Dimensions de l\u2019\u0153uvre : 60 \u00d7 120 cm. Cette image documente son portfolio artistique et son site vitrine.\" data-e-action-hash=\"#elementor-action%3Aaction%3Dlightbox%26settings%3DeyJpZCI6MTk0NCwidXJsIjoiaHR0cHM6XC9cL21hbmNlc3RpLmNoXC93cC1jb250ZW50XC91cGxvYWRzXC8yMDI2XC8wN1wvcmV0cm91dmFpbGxlcy1zY2FsZWQtMS1zY2FsZWQuanBnIiwic2xpZGVzaG93IjoiYjQ1NWY5MSJ9\">\n\t\t\t\t\t<div class=\"e-gallery-image elementor-gallery-item__image\" data-thumbnail=\"https:\/\/mancesti.ch\/wp-content\/uploads\/2026\/07\/retrouvailles-scaled-1-1024x497.jpg\" data-width=\"800\" data-height=\"388\" aria-label=\"Peinture du paysage l\u00e9manique \u00ab Retrouvailles \u00e0 Mont-sur-Rolle \u00bb de Rita Mancesti\" role=\"img\" ><\/div>\n\t\t\t\t\t\t\t\t\t\t\t<div class=\"elementor-gallery-item__overlay\"><\/div>\n\t\t\t\t\t\t\t\t\t\t\t\t\t\t\t<div class=\"elementor-gallery-item__content\">\n\t\t\t\t\t\t\t\t\t\t\t\t\t\t<div class=\"elementor-gallery-item__title\">\n\t\t\t\t\t\t\t\t\t\t\t\t\t\t\t\t\t\t[697] - Retrouvailles \u00e0 Mont-sur-Rolle - 60 \u00d7 120 cm\t\t\t\t\t\t\t\t<\/div>\n\t\t\t\t\t\t\t\t\t\t\t\t<\/div>\n\t\t\t\t\t\t\t\t\t<\/a>\n\t\t\t\t\t\t\t<a class=\"e-gallery-item elementor-gallery-item elementor-animated-content\" data-e-gallery-tags=\"0\" href=\"https:\/\/mancesti.ch\/wp-content\/uploads\/2026\/07\/Maison_a_Coppet.jpg\" data-elementor-open-lightbox=\"yes\" data-elementor-lightbox-slideshow=\"b455f91\" data-elementor-lightbox-title=\"\u00ab Maison \u00e0 Coppet \u00bb, \u0153uvre de Rita Mancesti, artiste peintre \u00e0 Rolle. Format : 60 \u00d7 120 cm.\" data-elementor-lightbox-description=\"Visuel de l\u2019\u0153uvre \u00ab Maison \u00e0 Coppet \u00bb de Rita Mancesti. Cette \u0153uvre s\u2019inscrit dans son exploration du L\u00e9man et des paysages de Suisse romande. Dimensions de l\u2019\u0153uvre : 60 \u00d7 120 cm. Cette image documente son portfolio artistique et son site vitrine.\" data-e-action-hash=\"#elementor-action%3Aaction%3Dlightbox%26settings%3DeyJpZCI6MTk0OSwidXJsIjoiaHR0cHM6XC9cL21hbmNlc3RpLmNoXC93cC1jb250ZW50XC91cGxvYWRzXC8yMDI2XC8wN1wvTWFpc29uX2FfQ29wcGV0LmpwZyIsInNsaWRlc2hvdyI6ImI0NTVmOTEifQ%3D%3D\">\n\t\t\t\t\t<div class=\"e-gallery-image elementor-gallery-item__image\" data-thumbnail=\"https:\/\/mancesti.ch\/wp-content\/uploads\/2026\/07\/Maison_a_Coppet-1024x519.jpg\" data-width=\"800\" data-height=\"405\" aria-label=\"Peinture du paysage l\u00e9manique \u00ab Maison \u00e0 Coppet \u00bb de Rita Mancesti\" role=\"img\" ><\/div>\n\t\t\t\t\t\t\t\t\t\t\t<div class=\"elementor-gallery-item__overlay\"><\/div>\n\t\t\t\t\t\t\t\t\t\t\t\t\t\t\t<div class=\"elementor-gallery-item__content\">\n\t\t\t\t\t\t\t\t\t\t\t\t\t\t<div class=\"elementor-gallery-item__title\">\n\t\t\t\t\t\t\t\t\t\t\t\t\t\t\t\t\t\t[627] - Maison \u00e0 Coppet - 60 \u00d7 120 cm\t\t\t\t\t\t\t\t<\/div>\n\t\t\t\t\t\t\t\t\t\t\t\t<\/div>\n\t\t\t\t\t\t\t\t\t<\/a>\n\t\t\t\t\t\t\t<a class=\"e-gallery-item elementor-gallery-item elementor-animated-content\" data-e-gallery-tags=\"0\" href=\"https:\/\/mancesti.ch\/wp-content\/uploads\/2026\/07\/calme_a_crans_1-Copie.jpg\" data-elementor-open-lightbox=\"yes\" data-elementor-lightbox-slideshow=\"b455f91\" data-elementor-lightbox-title=\"\u00ab Calme \u00e0 Crans 1 \u00bb, \u0153uvre de Rita Mancesti, artiste peintre \u00e0 Rolle. Format : 40 \u00d7 60 cm.\" data-elementor-lightbox-description=\"Visuel de l\u2019\u0153uvre \u00ab Calme \u00e0 Crans 1 \u00bb de Rita Mancesti. Cette \u0153uvre s\u2019inscrit dans son exploration du L\u00e9man et des paysages de Suisse romande. Dimensions de l\u2019\u0153uvre : 40 \u00d7 60 cm. Cette image documente son portfolio artistique et son site vitrine.\" data-e-action-hash=\"#elementor-action%3Aaction%3Dlightbox%26settings%3DeyJpZCI6MTk0MSwidXJsIjoiaHR0cHM6XC9cL21hbmNlc3RpLmNoXC93cC1jb250ZW50XC91cGxvYWRzXC8yMDI2XC8wN1wvY2FsbWVfYV9jcmFuc18xLUNvcGllLmpwZyIsInNsaWRlc2hvdyI6ImI0NTVmOTEifQ%3D%3D\">\n\t\t\t\t\t<div class=\"e-gallery-image elementor-gallery-item__image\" data-thumbnail=\"https:\/\/mancesti.ch\/wp-content\/uploads\/2026\/07\/calme_a_crans_1-Copie-1024x674.jpg\" data-width=\"800\" data-height=\"527\" aria-label=\"Peinture du paysage l\u00e9manique \u00ab Calme \u00e0 Crans 1 \u00bb de Rita Mancesti\" role=\"img\" ><\/div>\n\t\t\t\t\t\t\t\t\t\t\t<div class=\"elementor-gallery-item__overlay\"><\/div>\n\t\t\t\t\t\t\t\t\t\t\t\t\t\t\t<div class=\"elementor-gallery-item__content\">\n\t\t\t\t\t\t\t\t\t\t\t\t\t\t<div class=\"elementor-gallery-item__title\">\n\t\t\t\t\t\t\t\t\t\t\t\t\t\t\t\t\t\t[701] - Calme \u00e0 Crans 1 - 40 \u00d7 60 cm\t\t\t\t\t\t\t\t<\/div>\n\t\t\t\t\t\t\t\t\t\t\t\t<\/div>\n\t\t\t\t\t\t\t\t\t<\/a>\n\t\t\t\t\t\t\t<a class=\"e-gallery-item elementor-gallery-item elementor-animated-content\" data-e-gallery-tags=\"0\" href=\"https:\/\/mancesti.ch\/wp-content\/uploads\/2026\/07\/Harpe-du-soir.jpeg\" data-elementor-open-lightbox=\"yes\" data-elementor-lightbox-slideshow=\"b455f91\" data-elementor-lightbox-title=\"\u00ab Harpe du soir \u00bb, \u0153uvre de Rita Mancesti, artiste peintre \u00e0 Rolle. Format : 40 \u00d7 60 cm.\" data-elementor-lightbox-description=\"Visuel de l\u2019\u0153uvre \u00ab Harpe du soir \u00bb de Rita Mancesti. Cette \u0153uvre illustre l\u2019univers figuratif et color\u00e9 de l\u2019artiste. Dimensions de l\u2019\u0153uvre : 40 \u00d7 60 cm. Cette image documente son portfolio artistique et son site vitrine.\" data-e-action-hash=\"#elementor-action%3Aaction%3Dlightbox%26settings%3DeyJpZCI6MTk1MiwidXJsIjoiaHR0cHM6XC9cL21hbmNlc3RpLmNoXC93cC1jb250ZW50XC91cGxvYWRzXC8yMDI2XC8wN1wvSGFycGUtZHUtc29pci5qcGVnIiwic2xpZGVzaG93IjoiYjQ1NWY5MSJ9\">\n\t\t\t\t\t<div class=\"e-gallery-image elementor-gallery-item__image\" data-thumbnail=\"https:\/\/mancesti.ch\/wp-content\/uploads\/2026\/07\/Harpe-du-soir-1024x778.jpeg\" data-width=\"800\" data-height=\"608\" aria-label=\"Tableau \u00ab Harpe du soir \u00bb de Rita Mancesti\" role=\"img\" ><\/div>\n\t\t\t\t\t\t\t\t\t\t\t<div class=\"elementor-gallery-item__overlay\"><\/div>\n\t\t\t\t\t\t\t\t\t\t\t\t\t\t\t<div class=\"elementor-gallery-item__content\">\n\t\t\t\t\t\t\t\t\t\t\t\t\t\t<div class=\"elementor-gallery-item__title\">\n\t\t\t\t\t\t\t\t\t\t\t\t\t\t\t\t\t\t[721] - Harpe du soir - 40 \u00d7 60 cm\t\t\t\t\t\t\t\t<\/div>\n\t\t\t\t\t\t\t\t\t\t\t\t<\/div>\n\t\t\t\t\t\t\t\t\t<\/a>\n\t\t\t\t\t\t\t<a class=\"e-gallery-item elementor-gallery-item elementor-animated-content\" data-e-gallery-tags=\"0\" href=\"https:\/\/mancesti.ch\/wp-content\/uploads\/2026\/07\/dents-du-midi_givrins.jpg\" data-elementor-open-lightbox=\"yes\" data-elementor-lightbox-slideshow=\"b455f91\" data-elementor-lightbox-title=\"\u00ab Dents du Midi depuis Givrins \u00bb, \u0153uvre de Rita Mancesti, artiste peintre \u00e0 Rolle. Format : 40 \u00d7 60 cm.\" data-elementor-lightbox-description=\"Visuel de l\u2019\u0153uvre \u00ab Dents du Midi depuis Givrins \u00bb de Rita Mancesti. Cette \u0153uvre s\u2019inscrit dans son exploration des paysages suisses et alpins. Dimensions de l\u2019\u0153uvre : 40 \u00d7 60 cm. Cette image documente son portfolio artistique et son site vitrine.\" data-e-action-hash=\"#elementor-action%3Aaction%3Dlightbox%26settings%3DeyJpZCI6MTkzNiwidXJsIjoiaHR0cHM6XC9cL21hbmNlc3RpLmNoXC93cC1jb250ZW50XC91cGxvYWRzXC8yMDI2XC8wN1wvZGVudHMtZHUtbWlkaV9naXZyaW5zLmpwZyIsInNsaWRlc2hvdyI6ImI0NTVmOTEifQ%3D%3D\">\n\t\t\t\t\t<div class=\"e-gallery-image elementor-gallery-item__image\" data-thumbnail=\"https:\/\/mancesti.ch\/wp-content\/uploads\/2026\/07\/dents-du-midi_givrins-1024x671.jpg\" data-width=\"800\" data-height=\"524\" aria-label=\"Peinture de paysage suisse \u00ab Dents du Midi depuis Givrins \u00bb de Rita Mancesti\" role=\"img\" ><\/div>\n\t\t\t\t\t\t\t\t\t\t\t<div class=\"elementor-gallery-item__overlay\"><\/div>\n\t\t\t\t\t\t\t\t\t\t\t\t\t\t\t<div class=\"elementor-gallery-item__content\">\n\t\t\t\t\t\t\t\t\t\t\t\t\t\t<div class=\"elementor-gallery-item__title\">\n\t\t\t\t\t\t\t\t\t\t\t\t\t\t\t\t\t\t[677] - Dents du midi depuis Givrins - 40 \u00d7 60 cm\t\t\t\t\t\t\t\t<\/div>\n\t\t\t\t\t\t\t\t\t\t\t\t<\/div>\n\t\t\t\t\t\t\t\t\t<\/a>\n\t\t\t\t\t\t\t<a class=\"e-gallery-item elementor-gallery-item elementor-animated-content\" data-e-gallery-tags=\"0\" href=\"https:\/\/mancesti.ch\/wp-content\/uploads\/2026\/07\/Rochers-de-Nye.jpg\" data-elementor-open-lightbox=\"yes\" data-elementor-lightbox-slideshow=\"b455f91\" data-elementor-lightbox-title=\"\u00ab Rochers-de-Naye \u00bb, \u0153uvre de Rita Mancesti, artiste peintre \u00e0 Rolle. Format : 40 \u00d7 60 cm.\" data-elementor-lightbox-description=\"Visuel de l\u2019\u0153uvre \u00ab Rochers-de-Naye \u00bb de Rita Mancesti. Cette \u0153uvre s\u2019inscrit dans son exploration des paysages suisses et alpins. Dimensions de l\u2019\u0153uvre : 40 \u00d7 60 cm. Cette image documente son portfolio artistique et son site vitrine.\" data-e-action-hash=\"#elementor-action%3Aaction%3Dlightbox%26settings%3DeyJpZCI6MTk0MiwidXJsIjoiaHR0cHM6XC9cL21hbmNlc3RpLmNoXC93cC1jb250ZW50XC91cGxvYWRzXC8yMDI2XC8wN1wvUm9jaGVycy1kZS1OeWUuanBnIiwic2xpZGVzaG93IjoiYjQ1NWY5MSJ9\">\n\t\t\t\t\t<div class=\"e-gallery-image elementor-gallery-item__image\" data-thumbnail=\"https:\/\/mancesti.ch\/wp-content\/uploads\/2026\/07\/Rochers-de-Nye-1024x752.jpg\" data-width=\"800\" data-height=\"588\" aria-label=\"Peinture de paysage suisse \u00ab Rochers-de-Naye \u00bb de Rita Mancesti\" role=\"img\" ><\/div>\n\t\t\t\t\t\t\t\t\t\t\t<div class=\"elementor-gallery-item__overlay\"><\/div>\n\t\t\t\t\t\t\t\t\t\t\t\t\t\t\t<div class=\"elementor-gallery-item__content\">\n\t\t\t\t\t\t\t\t\t\t\t\t\t\t<div class=\"elementor-gallery-item__title\">\n\t\t\t\t\t\t\t\t\t\t\t\t\t\t\t\t\t\t[658] - Rochers-de-Naye - 40 \u00d7 60 cm\t\t\t\t\t\t\t\t<\/div>\n\t\t\t\t\t\t\t\t\t\t\t\t<\/div>\n\t\t\t\t\t\t\t\t\t<\/a>\n\t\t\t\t\t\t\t<a class=\"e-gallery-item elementor-gallery-item elementor-animated-content\" data-e-gallery-tags=\"0\" href=\"https:\/\/mancesti.ch\/wp-content\/uploads\/2026\/07\/lumieres_soir_founex.jpg\" data-elementor-open-lightbox=\"yes\" data-elementor-lightbox-slideshow=\"b455f91\" data-elementor-lightbox-title=\"\u00ab Lumi\u00e8re du soir \u00bb, \u0153uvre de Rita Mancesti, artiste peintre \u00e0 Rolle. Format : 40 \u00d7 60 cm.\" data-elementor-lightbox-description=\"Visuel de l\u2019\u0153uvre \u00ab Lumi\u00e8re du soir \u00bb de Rita Mancesti. Cette \u0153uvre illustre l\u2019univers figuratif et color\u00e9 de l\u2019artiste. Dimensions de l\u2019\u0153uvre : 40 \u00d7 60 cm. Cette image documente son portfolio artistique et son site vitrine.\" data-e-action-hash=\"#elementor-action%3Aaction%3Dlightbox%26settings%3DeyJpZCI6MTk0NiwidXJsIjoiaHR0cHM6XC9cL21hbmNlc3RpLmNoXC93cC1jb250ZW50XC91cGxvYWRzXC8yMDI2XC8wN1wvbHVtaWVyZXNfc29pcl9mb3VuZXguanBnIiwic2xpZGVzaG93IjoiYjQ1NWY5MSJ9\">\n\t\t\t\t\t<div class=\"e-gallery-image elementor-gallery-item__image\" data-thumbnail=\"https:\/\/mancesti.ch\/wp-content\/uploads\/2026\/07\/lumieres_soir_founex-1024x669.jpg\" data-width=\"800\" data-height=\"523\" aria-label=\"Tableau \u00ab Lumi\u00e8re du soir \u00bb de Rita Mancesti\" role=\"img\" ><\/div>\n\t\t\t\t\t\t\t\t\t\t\t<div class=\"elementor-gallery-item__overlay\"><\/div>\n\t\t\t\t\t\t\t\t\t\t\t\t\t\t\t<div class=\"elementor-gallery-item__content\">\n\t\t\t\t\t\t\t\t\t\t\t\t\t\t<div class=\"elementor-gallery-item__title\">\n\t\t\t\t\t\t\t\t\t\t\t\t\t\t\t\t\t\t[674] - Lumi\u00e8re du soir - 40 \u00d7 60 cm\t\t\t\t\t\t\t\t<\/div>\n\t\t\t\t\t\t\t\t\t\t\t\t<\/div>\n\t\t\t\t\t\t\t\t\t<\/a>\n\t\t\t\t\t\t\t<a class=\"e-gallery-item elementor-gallery-item elementor-animated-content\" data-e-gallery-tags=\"0\" href=\"https:\/\/mancesti.ch\/wp-content\/uploads\/2026\/07\/peau_de_phoque-Copie.jpg\" data-elementor-open-lightbox=\"yes\" data-elementor-lightbox-slideshow=\"b455f91\" data-elementor-lightbox-title=\"\u00ab Peau de phoque \u00bb, \u0153uvre de Rita Mancesti, artiste peintre \u00e0 Rolle. Format : 60 \u00d7 80 cm.\" data-elementor-lightbox-description=\"Visuel de l\u2019\u0153uvre \u00ab Peau de phoque \u00bb de Rita Mancesti. Cette \u0153uvre illustre l\u2019univers figuratif et color\u00e9 de l\u2019artiste. Dimensions de l\u2019\u0153uvre : 60 \u00d7 80 cm. Cette image documente son portfolio artistique et son site vitrine.\" data-e-action-hash=\"#elementor-action%3Aaction%3Dlightbox%26settings%3DeyJpZCI6MTkyOCwidXJsIjoiaHR0cHM6XC9cL21hbmNlc3RpLmNoXC93cC1jb250ZW50XC91cGxvYWRzXC8yMDI2XC8wN1wvcGVhdV9kZV9waG9xdWUtQ29waWUuanBnIiwic2xpZGVzaG93IjoiYjQ1NWY5MSJ9\">\n\t\t\t\t\t<div class=\"e-gallery-image elementor-gallery-item__image\" data-thumbnail=\"https:\/\/mancesti.ch\/wp-content\/uploads\/2026\/07\/peau_de_phoque-Copie-1024x767.jpg\" data-width=\"800\" data-height=\"599\" aria-label=\"Tableau \u00ab Peau de phoque \u00bb de Rita Mancesti\" role=\"img\" ><\/div>\n\t\t\t\t\t\t\t\t\t\t\t<div class=\"elementor-gallery-item__overlay\"><\/div>\n\t\t\t\t\t\t\t\t\t\t\t\t\t\t\t<div class=\"elementor-gallery-item__content\">\n\t\t\t\t\t\t\t\t\t\t\t\t\t\t<div class=\"elementor-gallery-item__title\">\n\t\t\t\t\t\t\t\t\t\t\t\t\t\t\t\t\t\t[691] - Peau de phoque - 60 \u00d7 80 cm\t\t\t\t\t\t\t\t<\/div>\n\t\t\t\t\t\t\t\t\t\t\t\t<\/div>\n\t\t\t\t\t\t\t\t\t<\/a>\n\t\t\t\t\t\t\t<a class=\"e-gallery-item elementor-gallery-item elementor-animated-content\" data-e-gallery-tags=\"0\" href=\"https:\/\/mancesti.ch\/wp-content\/uploads\/2026\/07\/entre_vaumarcus_et_concise.jpg\" data-elementor-open-lightbox=\"yes\" data-elementor-lightbox-slideshow=\"b455f91\" data-elementor-lightbox-title=\"\u00ab Entre Vaumarcus et Concise \u00bb, \u0153uvre de Rita Mancesti, artiste peintre \u00e0 Rolle. Format : 60 \u00d7 90 cm.\" data-elementor-lightbox-description=\"Visuel de l\u2019\u0153uvre \u00ab Entre Vaumarcus et Concise \u00bb de Rita Mancesti. Cette \u0153uvre s\u2019inscrit dans son exploration du L\u00e9man et des paysages de Suisse romande. Dimensions de l\u2019\u0153uvre : 60 \u00d7 90 cm. Cette image documente son portfolio artistique et son site vitrine.\" data-e-action-hash=\"#elementor-action%3Aaction%3Dlightbox%26settings%3DeyJpZCI6MTkzMiwidXJsIjoiaHR0cHM6XC9cL21hbmNlc3RpLmNoXC93cC1jb250ZW50XC91cGxvYWRzXC8yMDI2XC8wN1wvZW50cmVfdmF1bWFyY3VzX2V0X2NvbmNpc2UuanBnIiwic2xpZGVzaG93IjoiYjQ1NWY5MSJ9\">\n\t\t\t\t\t<div class=\"e-gallery-image elementor-gallery-item__image\" data-thumbnail=\"https:\/\/mancesti.ch\/wp-content\/uploads\/2026\/07\/entre_vaumarcus_et_concise-1024x638.jpg\" data-width=\"800\" data-height=\"498\" aria-label=\"Peinture du paysage l\u00e9manique \u00ab Entre Vaumarcus et Concise \u00bb de Rita Mancesti\" role=\"img\" ><\/div>\n\t\t\t\t\t\t\t\t\t\t\t<div class=\"elementor-gallery-item__overlay\"><\/div>\n\t\t\t\t\t\t\t\t\t\t\t\t\t\t\t<div class=\"elementor-gallery-item__content\">\n\t\t\t\t\t\t\t\t\t\t\t\t\t\t<div class=\"elementor-gallery-item__title\">\n\t\t\t\t\t\t\t\t\t\t\t\t\t\t\t\t\t\t[619] - Entre Vaumarcus et Concise - 60 \u00d7 90 cm\t\t\t\t\t\t\t\t<\/div>\n\t\t\t\t\t\t\t\t\t\t\t\t<\/div>\n\t\t\t\t\t\t\t\t\t<\/a>\n\t\t\t\t\t\t\t<a class=\"e-gallery-item elementor-gallery-item elementor-animated-content\" data-e-gallery-tags=\"0\" href=\"https:\/\/mancesti.ch\/wp-content\/uploads\/2026\/07\/chateau_et_harpe-scaled-1-scaled.jpeg\" data-elementor-open-lightbox=\"yes\" data-elementor-lightbox-slideshow=\"b455f91\" data-elementor-lightbox-title=\"\u00ab Barque \u00e0 la Harpe \u00bb, \u0153uvre de Rita Mancesti, artiste peintre \u00e0 Rolle. Format : 60 \u00d7 120 cm.\" data-elementor-lightbox-description=\"Visuel de l\u2019\u0153uvre \u00ab Barque \u00e0 la Harpe \u00bb de Rita Mancesti. Cette \u0153uvre s\u2019inscrit dans son exploration des paysages maritimes et des sc\u00e8nes au bord de l\u2019eau. Dimensions de l\u2019\u0153uvre : 60 \u00d7 120 cm. Cette image documente son portfolio artistique et son site vitrine.\" data-e-action-hash=\"#elementor-action%3Aaction%3Dlightbox%26settings%3DeyJpZCI6MTk1OCwidXJsIjoiaHR0cHM6XC9cL21hbmNlc3RpLmNoXC93cC1jb250ZW50XC91cGxvYWRzXC8yMDI2XC8wN1wvY2hhdGVhdV9ldF9oYXJwZS1zY2FsZWQtMS1zY2FsZWQuanBlZyIsInNsaWRlc2hvdyI6ImI0NTVmOTEifQ%3D%3D\">\n\t\t\t\t\t<div class=\"e-gallery-image elementor-gallery-item__image\" data-thumbnail=\"https:\/\/mancesti.ch\/wp-content\/uploads\/2026\/07\/chateau_et_harpe-scaled-1-1024x505.jpeg\" data-width=\"800\" data-height=\"395\" aria-label=\"Peinture de paysage maritime \u00ab Barque \u00e0 la Harpe \u00bb de Rita Mancesti\" role=\"img\" ><\/div>\n\t\t\t\t\t\t\t\t\t\t\t<div class=\"elementor-gallery-item__overlay\"><\/div>\n\t\t\t\t\t\t\t\t\t\t\t\t\t\t\t<div class=\"elementor-gallery-item__content\">\n\t\t\t\t\t\t\t\t\t\t\t\t\t\t<div class=\"elementor-gallery-item__title\">\n\t\t\t\t\t\t\t\t\t\t\t\t\t\t\t\t\t\t[725] - Barque \u00e0 la Harpe - 60 \u00d7 120 cm\t\t\t\t\t\t\t\t<\/div>\n\t\t\t\t\t\t\t\t\t\t\t\t<\/div>\n\t\t\t\t\t\t\t\t\t<\/a>\n\t\t\t\t\t\t\t<a class=\"e-gallery-item elementor-gallery-item elementor-animated-content\" data-e-gallery-tags=\"0\" href=\"https:\/\/mancesti.ch\/wp-content\/uploads\/2026\/07\/petit_rouge.jpg\" data-elementor-open-lightbox=\"yes\" data-elementor-lightbox-slideshow=\"b455f91\" data-elementor-lightbox-title=\"\u00ab Le petit rouge \u00bb, \u0153uvre de Rita Mancesti, artiste peintre \u00e0 Rolle. Format : 30 \u00d7 40 cm.\" data-elementor-lightbox-description=\"Visuel de l\u2019\u0153uvre \u00ab Le petit rouge \u00bb de Rita Mancesti. Cette \u0153uvre illustre l\u2019univers figuratif et color\u00e9 de l\u2019artiste. Dimensions de l\u2019\u0153uvre : 30 \u00d7 40 cm. Cette image documente son portfolio artistique et son site vitrine.\" data-e-action-hash=\"#elementor-action%3Aaction%3Dlightbox%26settings%3DeyJpZCI6MTk0NywidXJsIjoiaHR0cHM6XC9cL21hbmNlc3RpLmNoXC93cC1jb250ZW50XC91cGxvYWRzXC8yMDI2XC8wN1wvcGV0aXRfcm91Z2UuanBnIiwic2xpZGVzaG93IjoiYjQ1NWY5MSJ9\">\n\t\t\t\t\t<div class=\"e-gallery-image elementor-gallery-item__image\" data-thumbnail=\"https:\/\/mancesti.ch\/wp-content\/uploads\/2026\/07\/petit_rouge-1024x770.jpg\" data-width=\"800\" data-height=\"602\" aria-label=\"Tableau \u00ab Le petit rouge \u00bb de Rita Mancesti\" role=\"img\" ><\/div>\n\t\t\t\t\t\t\t\t\t\t\t<div class=\"elementor-gallery-item__overlay\"><\/div>\n\t\t\t\t\t\t\t\t\t\t\t\t\t\t\t<div class=\"elementor-gallery-item__content\">\n\t\t\t\t\t\t\t\t\t\t\t\t\t\t<div class=\"elementor-gallery-item__title\">\n\t\t\t\t\t\t\t\t\t\t\t\t\t\t\t\t\t\t[690] - Le petit rouge - 30 \u00d7 40 cm\t\t\t\t\t\t\t\t<\/div>\n\t\t\t\t\t\t\t\t\t\t\t\t<\/div>\n\t\t\t\t\t\t\t\t\t<\/a>\n\t\t\t\t\t\t\t<a class=\"e-gallery-item elementor-gallery-item elementor-animated-content\" data-e-gallery-tags=\"0\" href=\"https:\/\/mancesti.ch\/wp-content\/uploads\/2026\/07\/lavauxenpentedouce-scaled-1-scaled.jpg\" data-elementor-open-lightbox=\"yes\" data-elementor-lightbox-slideshow=\"b455f91\" data-elementor-lightbox-title=\"\u00ab Lavaux en pente douce \u00bb, \u0153uvre de Rita Mancesti, artiste peintre \u00e0 Rolle. Format : 60 \u00d7 120 cm.\" data-elementor-lightbox-description=\"Visuel de l\u2019\u0153uvre \u00ab Lavaux en pente douce \u00bb de Rita Mancesti. Cette \u0153uvre s\u2019inscrit dans son exploration du L\u00e9man et des paysages de Suisse romande. Dimensions de l\u2019\u0153uvre : 60 \u00d7 120 cm. Cette image documente son portfolio artistique et son site vitrine.\" data-e-action-hash=\"#elementor-action%3Aaction%3Dlightbox%26settings%3DeyJpZCI6MTk0MywidXJsIjoiaHR0cHM6XC9cL21hbmNlc3RpLmNoXC93cC1jb250ZW50XC91cGxvYWRzXC8yMDI2XC8wN1wvbGF2YXV4ZW5wZW50ZWRvdWNlLXNjYWxlZC0xLXNjYWxlZC5qcGciLCJzbGlkZXNob3ciOiJiNDU1ZjkxIn0%3D\">\n\t\t\t\t\t<div class=\"e-gallery-image elementor-gallery-item__image\" data-thumbnail=\"https:\/\/mancesti.ch\/wp-content\/uploads\/2026\/07\/lavauxenpentedouce-scaled-1-1024x483.jpg\" data-width=\"800\" data-height=\"377\" aria-label=\"Peinture du paysage l\u00e9manique \u00ab Lavaux en pente douce \u00bb de Rita Mancesti\" role=\"img\" ><\/div>\n\t\t\t\t\t\t\t\t\t\t\t<div class=\"elementor-gallery-item__overlay\"><\/div>\n\t\t\t\t\t\t\t\t\t\t\t\t\t\t\t<div class=\"elementor-gallery-item__content\">\n\t\t\t\t\t\t\t\t\t\t\t\t\t\t<div class=\"elementor-gallery-item__title\">\n\t\t\t\t\t\t\t\t\t\t\t\t\t\t\t\t\t\t[688] - Lavaux en pente douce - 60 \u00d7 120 cm\t\t\t\t\t\t\t\t<\/div>\n\t\t\t\t\t\t\t\t\t\t\t\t<\/div>\n\t\t\t\t\t\t\t\t\t<\/a>\n\t\t\t\t\t\t\t<a class=\"e-gallery-item elementor-gallery-item elementor-animated-content\" data-e-gallery-tags=\"0\" href=\"https:\/\/mancesti.ch\/wp-content\/uploads\/2026\/07\/a_gland_le_mont_blanc.jpg\" data-elementor-open-lightbox=\"yes\" data-elementor-lightbox-slideshow=\"b455f91\" data-elementor-lightbox-title=\"\u00ab Mont-Blanc vers Gland \u00bb, \u0153uvre de Rita Mancesti, artiste peintre \u00e0 Rolle. Format : 40 \u00d7 60 cm.\" data-elementor-lightbox-description=\"Visuel de l\u2019\u0153uvre \u00ab Mont-Blanc vers Gland \u00bb de Rita Mancesti. Cette \u0153uvre s\u2019inscrit dans son exploration du L\u00e9man et des paysages de Suisse romande. Dimensions de l\u2019\u0153uvre : 40 \u00d7 60 cm. Cette image documente son portfolio artistique et son site vitrine.\" data-e-action-hash=\"#elementor-action%3Aaction%3Dlightbox%26settings%3DeyJpZCI6MTkzNSwidXJsIjoiaHR0cHM6XC9cL21hbmNlc3RpLmNoXC93cC1jb250ZW50XC91cGxvYWRzXC8yMDI2XC8wN1wvYV9nbGFuZF9sZV9tb250X2JsYW5jLmpwZyIsInNsaWRlc2hvdyI6ImI0NTVmOTEifQ%3D%3D\">\n\t\t\t\t\t<div class=\"e-gallery-image elementor-gallery-item__image\" data-thumbnail=\"https:\/\/mancesti.ch\/wp-content\/uploads\/2026\/07\/a_gland_le_mont_blanc-1024x674.jpg\" data-width=\"800\" data-height=\"527\" aria-label=\"Peinture du paysage l\u00e9manique \u00ab Mont-Blanc vers Gland \u00bb de Rita Mancesti\" role=\"img\" ><\/div>\n\t\t\t\t\t\t\t\t\t\t\t<div class=\"elementor-gallery-item__overlay\"><\/div>\n\t\t\t\t\t\t\t\t\t\t\t\t\t\t\t<div class=\"elementor-gallery-item__content\">\n\t\t\t\t\t\t\t\t\t\t\t\t\t\t<div class=\"elementor-gallery-item__title\">\n\t\t\t\t\t\t\t\t\t\t\t\t\t\t\t\t\t\t[675] - Mont-Blanc vers Gland - 40 \u00d7 60 cm\t\t\t\t\t\t\t\t<\/div>\n\t\t\t\t\t\t\t\t\t\t\t\t<\/div>\n\t\t\t\t\t\t\t\t\t<\/a>\n\t\t\t\t\t\t\t<a class=\"e-gallery-item elementor-gallery-item elementor-animated-content\" data-e-gallery-tags=\"0\" href=\"https:\/\/mancesti.ch\/wp-content\/uploads\/2026\/07\/derniere-neige-a-la-dole-scaled-1-scaled.jpg\" data-elementor-open-lightbox=\"yes\" data-elementor-lightbox-slideshow=\"b455f91\" data-elementor-lightbox-title=\"\u00ab La D\u00f4le en hiver \u00bb, \u0153uvre de Rita Mancesti, artiste peintre \u00e0 Rolle. Format : 60 \u00d7 120 cm.\" data-elementor-lightbox-description=\"Visuel de l\u2019\u0153uvre \u00ab La D\u00f4le en hiver \u00bb de Rita Mancesti. Cette \u0153uvre s\u2019inscrit dans son exploration des paysages suisses et alpins. Dimensions de l\u2019\u0153uvre : 60 \u00d7 120 cm. Cette image documente son portfolio artistique et son site vitrine.\" data-e-action-hash=\"#elementor-action%3Aaction%3Dlightbox%26settings%3DeyJpZCI6MTkyNywidXJsIjoiaHR0cHM6XC9cL21hbmNlc3RpLmNoXC93cC1jb250ZW50XC91cGxvYWRzXC8yMDI2XC8wN1wvZGVybmllcmUtbmVpZ2UtYS1sYS1kb2xlLXNjYWxlZC0xLXNjYWxlZC5qcGciLCJzbGlkZXNob3ciOiJiNDU1ZjkxIn0%3D\">\n\t\t\t\t\t<div class=\"e-gallery-image elementor-gallery-item__image\" data-thumbnail=\"https:\/\/mancesti.ch\/wp-content\/uploads\/2026\/07\/derniere-neige-a-la-dole-scaled-1-1024x514.jpg\" data-width=\"800\" data-height=\"402\" aria-label=\"Peinture de paysage suisse \u00ab La D\u00f4le en hiver \u00bb de Rita Mancesti\" role=\"img\" ><\/div>\n\t\t\t\t\t\t\t\t\t\t\t<div class=\"elementor-gallery-item__overlay\"><\/div>\n\t\t\t\t\t\t\t\t\t\t\t\t\t\t\t<div class=\"elementor-gallery-item__content\">\n\t\t\t\t\t\t\t\t\t\t\t\t\t\t<div class=\"elementor-gallery-item__title\">\n\t\t\t\t\t\t\t\t\t\t\t\t\t\t\t\t\t\t[729] - D\u00f4le en hiver - 60 \u00d7 120 cm\t\t\t\t\t\t\t\t<\/div>\n\t\t\t\t\t\t\t\t\t\t\t\t<\/div>\n\t\t\t\t\t\t\t\t\t<\/a>\n\t\t\t\t\t\t\t<a class=\"e-gallery-item elementor-gallery-item elementor-animated-content\" data-e-gallery-tags=\"0\" href=\"https:\/\/mancesti.ch\/wp-content\/uploads\/2026\/07\/finjourneeouchy.jpg\" data-elementor-open-lightbox=\"yes\" data-elementor-lightbox-slideshow=\"b455f91\" data-elementor-lightbox-title=\"\u00ab Fin de journ\u00e9e \u00e0 Ouchy \u00bb, \u0153uvre de Rita Mancesti, artiste peintre \u00e0 Rolle. Format : 100 \u00d7 140 cm.\" data-elementor-lightbox-description=\"Visuel de l\u2019\u0153uvre \u00ab Fin de journ\u00e9e \u00e0 Ouchy \u00bb de Rita Mancesti. Cette \u0153uvre s\u2019inscrit dans son exploration du L\u00e9man et des paysages de Suisse romande. Dimensions de l\u2019\u0153uvre : 100 \u00d7 140 cm. Cette image documente son portfolio artistique et son site vitrine.\" data-e-action-hash=\"#elementor-action%3Aaction%3Dlightbox%26settings%3DeyJpZCI6MTk1NSwidXJsIjoiaHR0cHM6XC9cL21hbmNlc3RpLmNoXC93cC1jb250ZW50XC91cGxvYWRzXC8yMDI2XC8wN1wvZmluam91cm5lZW91Y2h5LmpwZyIsInNsaWRlc2hvdyI6ImI0NTVmOTEifQ%3D%3D\">\n\t\t\t\t\t<div class=\"e-gallery-image elementor-gallery-item__image\" data-thumbnail=\"https:\/\/mancesti.ch\/wp-content\/uploads\/2026\/07\/finjourneeouchy-1024x718.jpg\" data-width=\"800\" data-height=\"561\" aria-label=\"Peinture du paysage l\u00e9manique \u00ab Fin de journ\u00e9e \u00e0 Ouchy \u00bb de Rita Mancesti\" role=\"img\" ><\/div>\n\t\t\t\t\t\t\t\t\t\t\t<div class=\"elementor-gallery-item__overlay\"><\/div>\n\t\t\t\t\t\t\t\t\t\t\t\t\t\t\t<div class=\"elementor-gallery-item__content\">\n\t\t\t\t\t\t\t\t\t\t\t\t\t\t<div class=\"elementor-gallery-item__title\">\n\t\t\t\t\t\t\t\t\t\t\t\t\t\t\t\t\t\t[523] - Fin de journ\u00e9e \u00e0 Ouchy - 100 \u00d7 140 cm\t\t\t\t\t\t\t\t<\/div>\n\t\t\t\t\t\t\t\t\t\t\t\t<\/div>\n\t\t\t\t\t\t\t\t\t<\/a>\n\t\t\t\t\t\t\t<a class=\"e-gallery-item elementor-gallery-item elementor-animated-content\" data-e-gallery-tags=\"0\" href=\"https:\/\/mancesti.ch\/wp-content\/uploads\/2026\/07\/au-dessus-du-brouillard.jpeg\" data-elementor-open-lightbox=\"yes\" data-elementor-lightbox-slideshow=\"b455f91\" data-elementor-lightbox-title=\"\u00ab Au-dessus du brouillard \u00bb, \u0153uvre de Rita Mancesti, artiste peintre \u00e0 Rolle. Format : 60 \u00d7 120 cm.\" data-elementor-lightbox-description=\"Visuel de l\u2019\u0153uvre \u00ab Au-dessus du brouillard \u00bb de Rita Mancesti. Cette \u0153uvre s\u2019inscrit dans son exploration des paysages suisses et alpins. Dimensions de l\u2019\u0153uvre : 60 \u00d7 120 cm. Cette image documente son portfolio artistique et son site vitrine.\" data-e-action-hash=\"#elementor-action%3Aaction%3Dlightbox%26settings%3DeyJpZCI6MTk0NSwidXJsIjoiaHR0cHM6XC9cL21hbmNlc3RpLmNoXC93cC1jb250ZW50XC91cGxvYWRzXC8yMDI2XC8wN1wvYXUtZGVzc3VzLWR1LWJyb3VpbGxhcmQuanBlZyIsInNsaWRlc2hvdyI6ImI0NTVmOTEifQ%3D%3D\">\n\t\t\t\t\t<div class=\"e-gallery-image elementor-gallery-item__image\" data-thumbnail=\"https:\/\/mancesti.ch\/wp-content\/uploads\/2026\/07\/au-dessus-du-brouillard-1024x514.jpeg\" data-width=\"800\" data-height=\"402\" aria-label=\"Peinture de paysage suisse \u00ab Au-dessus du brouillard \u00bb de Rita Mancesti\" role=\"img\" ><\/div>\n\t\t\t\t\t\t\t\t\t\t\t<div class=\"elementor-gallery-item__overlay\"><\/div>\n\t\t\t\t\t\t\t\t\t\t\t\t\t\t\t<div class=\"elementor-gallery-item__content\">\n\t\t\t\t\t\t\t\t\t\t\t\t\t\t<div class=\"elementor-gallery-item__title\">\n\t\t\t\t\t\t\t\t\t\t\t\t\t\t\t\t\t\t[698] - Au dessus du brouillard - 60 \u00d7 120 cm\t\t\t\t\t\t\t\t<\/div>\n\t\t\t\t\t\t\t\t\t\t\t\t<\/div>\n\t\t\t\t\t\t\t\t\t<\/a>\n\t\t\t\t\t\t\t<a class=\"e-gallery-item elementor-gallery-item elementor-animated-content\" data-e-gallery-tags=\"0\" href=\"https:\/\/mancesti.ch\/wp-content\/uploads\/2026\/07\/derniere_neige_dole.jpg\" data-elementor-open-lightbox=\"yes\" data-elementor-lightbox-slideshow=\"b455f91\" data-elementor-lightbox-title=\"\u00ab Derni\u00e8re neige sur la D\u00f4le \u00bb, \u0153uvre de Rita Mancesti, artiste peintre \u00e0 Rolle. Format : 42 \u00d7 68 cm.\" data-elementor-lightbox-description=\"Visuel de l\u2019\u0153uvre \u00ab Derni\u00e8re neige sur la D\u00f4le \u00bb de Rita Mancesti. Cette \u0153uvre s\u2019inscrit dans son exploration des paysages suisses et alpins. Dimensions de l\u2019\u0153uvre : 42 \u00d7 68 cm. Cette image documente son portfolio artistique et son site vitrine.\" data-e-action-hash=\"#elementor-action%3Aaction%3Dlightbox%26settings%3DeyJpZCI6MTkzNCwidXJsIjoiaHR0cHM6XC9cL21hbmNlc3RpLmNoXC93cC1jb250ZW50XC91cGxvYWRzXC8yMDI2XC8wN1wvZGVybmllcmVfbmVpZ2VfZG9sZS5qcGciLCJzbGlkZXNob3ciOiJiNDU1ZjkxIn0%3D\">\n\t\t\t\t\t<div class=\"e-gallery-image elementor-gallery-item__image\" data-thumbnail=\"https:\/\/mancesti.ch\/wp-content\/uploads\/2026\/07\/derniere_neige_dole-1024x615.jpg\" data-width=\"800\" data-height=\"480\" aria-label=\"Peinture de paysage suisse \u00ab Derni\u00e8re neige sur la D\u00f4le \u00bb de Rita Mancesti\" role=\"img\" ><\/div>\n\t\t\t\t\t\t\t\t\t\t\t<div class=\"elementor-gallery-item__overlay\"><\/div>\n\t\t\t\t\t\t\t\t\t\t\t\t\t\t\t<div class=\"elementor-gallery-item__content\">\n\t\t\t\t\t\t\t\t\t\t\t\t\t\t<div class=\"elementor-gallery-item__title\">\n\t\t\t\t\t\t\t\t\t\t\t\t\t\t\t\t\t\t[671] - Derni\u00e8re neige sur la D\u00f4le - 42 \u00d7 68 cm\t\t\t\t\t\t\t\t<\/div>\n\t\t\t\t\t\t\t\t\t\t\t\t<\/div>\n\t\t\t\t\t\t\t\t\t<\/a>\n\t\t\t\t\t\t\t<a class=\"e-gallery-item elementor-gallery-item elementor-animated-content\" data-e-gallery-tags=\"0\" href=\"https:\/\/mancesti.ch\/wp-content\/uploads\/2026\/07\/montricher.jpg\" data-elementor-open-lightbox=\"yes\" data-elementor-lightbox-slideshow=\"b455f91\" data-elementor-lightbox-title=\"\u00ab Montricher \u00bb, \u0153uvre de Rita Mancesti, artiste peintre \u00e0 Rolle. Format : 40 \u00d7 60 cm.\" data-elementor-lightbox-description=\"Visuel de l\u2019\u0153uvre \u00ab Montricher \u00bb de Rita Mancesti. Cette \u0153uvre s\u2019inscrit dans son exploration des paysages suisses et alpins. Dimensions de l\u2019\u0153uvre : 40 \u00d7 60 cm. Cette image documente son portfolio artistique et son site vitrine.\" data-e-action-hash=\"#elementor-action%3Aaction%3Dlightbox%26settings%3DeyJpZCI6MTkzOSwidXJsIjoiaHR0cHM6XC9cL21hbmNlc3RpLmNoXC93cC1jb250ZW50XC91cGxvYWRzXC8yMDI2XC8wN1wvbW9udHJpY2hlci5qcGciLCJzbGlkZXNob3ciOiJiNDU1ZjkxIn0%3D\">\n\t\t\t\t\t<div class=\"e-gallery-image elementor-gallery-item__image\" data-thumbnail=\"https:\/\/mancesti.ch\/wp-content\/uploads\/2026\/07\/montricher-1024x682.jpg\" data-width=\"800\" data-height=\"533\" aria-label=\"Peinture de paysage suisse \u00ab Montricher \u00bb de Rita Mancesti\" role=\"img\" ><\/div>\n\t\t\t\t\t\t\t\t\t\t\t<div class=\"elementor-gallery-item__overlay\"><\/div>\n\t\t\t\t\t\t\t\t\t\t\t\t\t\t\t<div class=\"elementor-gallery-item__content\">\n\t\t\t\t\t\t\t\t\t\t\t\t\t\t<div class=\"elementor-gallery-item__title\">\n\t\t\t\t\t\t\t\t\t\t\t\t\t\t\t\t\t\t[685] - Montricher - 40 \u00d7 60 cm\t\t\t\t\t\t\t\t<\/div>\n\t\t\t\t\t\t\t\t\t\t\t\t<\/div>\n\t\t\t\t\t\t\t\t\t<\/a>\n\t\t\t\t\t\t\t<a class=\"e-gallery-item elementor-gallery-item elementor-animated-content\" data-e-gallery-tags=\"0\" href=\"https:\/\/mancesti.ch\/wp-content\/uploads\/2026\/07\/molards_chataigneriaz.jpg\" data-elementor-open-lightbox=\"yes\" data-elementor-lightbox-slideshow=\"b455f91\" data-elementor-lightbox-title=\"\u00ab Molards \u00e0 Founex \u00bb, \u0153uvre de Rita Mancesti, artiste peintre \u00e0 Rolle. Format : 40 \u00d7 60 cm.\" data-elementor-lightbox-description=\"Visuel de l\u2019\u0153uvre \u00ab Molards \u00e0 Founex \u00bb de Rita Mancesti. Cette \u0153uvre s\u2019inscrit dans son exploration du L\u00e9man et des paysages de Suisse romande. Dimensions de l\u2019\u0153uvre : 40 \u00d7 60 cm. Cette image documente son portfolio artistique et son site vitrine.\" data-e-action-hash=\"#elementor-action%3Aaction%3Dlightbox%26settings%3DeyJpZCI6MTkzMywidXJsIjoiaHR0cHM6XC9cL21hbmNlc3RpLmNoXC93cC1jb250ZW50XC91cGxvYWRzXC8yMDI2XC8wN1wvbW9sYXJkc19jaGF0YWlnbmVyaWF6LmpwZyIsInNsaWRlc2hvdyI6ImI0NTVmOTEifQ%3D%3D\">\n\t\t\t\t\t<div class=\"e-gallery-image elementor-gallery-item__image\" data-thumbnail=\"https:\/\/mancesti.ch\/wp-content\/uploads\/2026\/07\/molards_chataigneriaz-1024x669.jpg\" data-width=\"800\" data-height=\"523\" aria-label=\"Peinture du paysage l\u00e9manique \u00ab Molards \u00e0 Founex \u00bb de Rita Mancesti\" role=\"img\" ><\/div>\n\t\t\t\t\t\t\t\t\t\t\t<div class=\"elementor-gallery-item__overlay\"><\/div>\n\t\t\t\t\t\t\t\t\t\t\t\t\t\t\t<div class=\"elementor-gallery-item__content\">\n\t\t\t\t\t\t\t\t\t\t\t\t\t\t<div class=\"elementor-gallery-item__title\">\n\t\t\t\t\t\t\t\t\t\t\t\t\t\t\t\t\t\t[676] - Molards \u00e0 Founex - 40 \u00d7 60 cm\t\t\t\t\t\t\t\t<\/div>\n\t\t\t\t\t\t\t\t\t\t\t\t<\/div>\n\t\t\t\t\t\t\t\t\t<\/a>\n\t\t\t\t\t\t\t<a class=\"e-gallery-item elementor-gallery-item elementor-animated-content\" data-e-gallery-tags=\"0\" href=\"https:\/\/mancesti.ch\/wp-content\/uploads\/2026\/07\/IMG_8674.jpg\" data-elementor-open-lightbox=\"yes\" data-elementor-lightbox-slideshow=\"b455f91\" data-elementor-lightbox-title=\"\u00ab Coppet panoramique \u00bb, \u0153uvre de Rita Mancesti, artiste peintre \u00e0 Rolle. Format : 50 \u00d7 150 cm.\" data-elementor-lightbox-description=\"Visuel de l\u2019\u0153uvre \u00ab Coppet panoramique \u00bb de Rita Mancesti. Cette \u0153uvre s\u2019inscrit dans son exploration du L\u00e9man et des paysages de Suisse romande. Dimensions de l\u2019\u0153uvre : 50 \u00d7 150 cm. Cette image documente son portfolio artistique et son site vitrine.\" data-e-action-hash=\"#elementor-action%3Aaction%3Dlightbox%26settings%3DeyJpZCI6MTk1NCwidXJsIjoiaHR0cHM6XC9cL21hbmNlc3RpLmNoXC93cC1jb250ZW50XC91cGxvYWRzXC8yMDI2XC8wN1wvSU1HXzg2NzQuanBnIiwic2xpZGVzaG93IjoiYjQ1NWY5MSJ9\">\n\t\t\t\t\t<div class=\"e-gallery-image elementor-gallery-item__image\" data-thumbnail=\"https:\/\/mancesti.ch\/wp-content\/uploads\/2026\/07\/IMG_8674-1024x715.jpg\" data-width=\"800\" data-height=\"559\" aria-label=\"Peinture du paysage l\u00e9manique \u00ab Coppet panoramique \u00bb de Rita Mancesti\" role=\"img\" ><\/div>\n\t\t\t\t\t\t\t\t\t\t\t<div class=\"elementor-gallery-item__overlay\"><\/div>\n\t\t\t\t\t\t\t\t\t\t\t\t\t\t\t<div class=\"elementor-gallery-item__content\">\n\t\t\t\t\t\t\t\t\t\t\t\t\t\t<div class=\"elementor-gallery-item__title\">\n\t\t\t\t\t\t\t\t\t\t\t\t\t\t\t\t\t\t[XXX] - Coppet panoramique - 50 \u00d7 150 cm\t\t\t\t\t\t\t\t<\/div>\n\t\t\t\t\t\t\t\t\t\t\t\t<\/div>\n\t\t\t\t\t\t\t\t\t<\/a>\n\t\t\t\t\t\t\t<a class=\"e-gallery-item elementor-gallery-item elementor-animated-content\" data-e-gallery-tags=\"0\" href=\"https:\/\/mancesti.ch\/wp-content\/uploads\/2026\/07\/rollart_2.jpg\" data-elementor-open-lightbox=\"yes\" data-elementor-lightbox-slideshow=\"b455f91\" data-elementor-lightbox-title=\"\u00ab Roll&#039;Art 2 \u00bb, \u0153uvre de Rita Mancesti, artiste peintre \u00e0 Rolle. Format : 30 \u00d7 45 cm.\" data-elementor-lightbox-description=\"Visuel de l\u2019\u0153uvre \u00ab Roll&#039;Art 2 \u00bb de Rita Mancesti. Cette \u0153uvre illustre l\u2019univers figuratif et color\u00e9 de l\u2019artiste. Dimensions de l\u2019\u0153uvre : 30 \u00d7 45 cm. Cette image documente son portfolio artistique et son site vitrine.\" data-e-action-hash=\"#elementor-action%3Aaction%3Dlightbox%26settings%3DeyJpZCI6MTk0OCwidXJsIjoiaHR0cHM6XC9cL21hbmNlc3RpLmNoXC93cC1jb250ZW50XC91cGxvYWRzXC8yMDI2XC8wN1wvcm9sbGFydF8yLmpwZyIsInNsaWRlc2hvdyI6ImI0NTVmOTEifQ%3D%3D\">\n\t\t\t\t\t<div class=\"e-gallery-image elementor-gallery-item__image\" data-thumbnail=\"https:\/\/mancesti.ch\/wp-content\/uploads\/2026\/07\/rollart_2-1024x720.jpg\" data-width=\"800\" data-height=\"563\" aria-label=\"Tableau \u00ab Roll&#039;Art 2 \u00bb de Rita Mancesti\" role=\"img\" ><\/div>\n\t\t\t\t\t\t\t\t\t\t\t<div class=\"elementor-gallery-item__overlay\"><\/div>\n\t\t\t\t\t\t\t\t\t\t\t\t\t\t\t<div class=\"elementor-gallery-item__content\">\n\t\t\t\t\t\t\t\t\t\t\t\t\t\t<div class=\"elementor-gallery-item__title\">\n\t\t\t\t\t\t\t\t\t\t\t\t\t\t\t\t\t\t[681] - Roll'Art 2 - 30 \u00d7 45 cm\t\t\t\t\t\t\t\t<\/div>\n\t\t\t\t\t\t\t\t\t\t\t\t<\/div>\n\t\t\t\t\t\t\t\t\t<\/a>\n\t\t\t\t\t\t\t<a class=\"e-gallery-item elementor-gallery-item elementor-animated-content\" data-e-gallery-tags=\"0\" href=\"https:\/\/mancesti.ch\/wp-content\/uploads\/2026\/07\/new_dentoche_soir-Copie.jpeg\" data-elementor-open-lightbox=\"yes\" data-elementor-lightbox-slideshow=\"b455f91\" data-elementor-lightbox-title=\"\u00ab Dents d\u2019Oche du soir \u00bb, \u0153uvre de Rita Mancesti, artiste peintre \u00e0 Rolle. Format : 60 \u00d7 120 cm.\" data-elementor-lightbox-description=\"Visuel de l\u2019\u0153uvre \u00ab Dents d\u2019Oche du soir \u00bb de Rita Mancesti. Cette \u0153uvre s\u2019inscrit dans son exploration des paysages suisses et alpins. Dimensions de l\u2019\u0153uvre : 60 \u00d7 120 cm. Cette image documente son portfolio artistique et son site vitrine.\" data-e-action-hash=\"#elementor-action%3Aaction%3Dlightbox%26settings%3DeyJpZCI6MTkzNywidXJsIjoiaHR0cHM6XC9cL21hbmNlc3RpLmNoXC93cC1jb250ZW50XC91cGxvYWRzXC8yMDI2XC8wN1wvbmV3X2RlbnRvY2hlX3NvaXItQ29waWUuanBlZyIsInNsaWRlc2hvdyI6ImI0NTVmOTEifQ%3D%3D\">\n\t\t\t\t\t<div class=\"e-gallery-image elementor-gallery-item__image\" data-thumbnail=\"https:\/\/mancesti.ch\/wp-content\/uploads\/2026\/07\/new_dentoche_soir-Copie-1024x499.jpeg\" data-width=\"800\" data-height=\"390\" aria-label=\"Peinture de paysage suisse \u00ab Dents d\u2019Oche du soir \u00bb de Rita Mancesti\" role=\"img\" ><\/div>\n\t\t\t\t\t\t\t\t\t\t\t<div class=\"elementor-gallery-item__overlay\"><\/div>\n\t\t\t\t\t\t\t\t\t\t\t\t\t\t\t<div class=\"elementor-gallery-item__content\">\n\t\t\t\t\t\t\t\t\t\t\t\t\t\t<div class=\"elementor-gallery-item__title\">\n\t\t\t\t\t\t\t\t\t\t\t\t\t\t\t\t\t\t[678] - Dents d'Oche du soir - 60 \u00d7 120 cm\t\t\t\t\t\t\t\t<\/div>\n\t\t\t\t\t\t\t\t\t\t\t\t<\/div>\n\t\t\t\t\t\t\t\t\t<\/a>\n\t\t\t\t\t\t\t<a class=\"e-gallery-item elementor-gallery-item elementor-animated-content\" data-e-gallery-tags=\"0\" href=\"https:\/\/mancesti.ch\/wp-content\/uploads\/2026\/07\/Pully-du-soir.jpeg\" data-elementor-open-lightbox=\"yes\" data-elementor-lightbox-slideshow=\"b455f91\" data-elementor-lightbox-title=\"\u00ab Pully du soir \u00bb, \u0153uvre de Rita Mancesti, artiste peintre \u00e0 Rolle. Format : 60 \u00d7 120 cm.\" data-elementor-lightbox-description=\"Visuel de l\u2019\u0153uvre \u00ab Pully du soir \u00bb de Rita Mancesti. Cette \u0153uvre s\u2019inscrit dans son exploration du L\u00e9man et des paysages de Suisse romande. Dimensions de l\u2019\u0153uvre : 60 \u00d7 120 cm. Cette image documente son portfolio artistique et son site vitrine.\" data-e-action-hash=\"#elementor-action%3Aaction%3Dlightbox%26settings%3DeyJpZCI6MTkzMCwidXJsIjoiaHR0cHM6XC9cL21hbmNlc3RpLmNoXC93cC1jb250ZW50XC91cGxvYWRzXC8yMDI2XC8wN1wvUHVsbHktZHUtc29pci5qcGVnIiwic2xpZGVzaG93IjoiYjQ1NWY5MSJ9\">\n\t\t\t\t\t<div class=\"e-gallery-image elementor-gallery-item__image\" data-thumbnail=\"https:\/\/mancesti.ch\/wp-content\/uploads\/2026\/07\/Pully-du-soir-1024x514.jpeg\" data-width=\"800\" data-height=\"402\" aria-label=\"Peinture du paysage l\u00e9manique \u00ab Pully du soir \u00bb de Rita Mancesti\" role=\"img\" ><\/div>\n\t\t\t\t\t\t\t\t\t\t\t<div class=\"elementor-gallery-item__overlay\"><\/div>\n\t\t\t\t\t\t\t\t\t\t\t\t\t\t\t<div class=\"elementor-gallery-item__content\">\n\t\t\t\t\t\t\t\t\t\t\t\t\t\t<div class=\"elementor-gallery-item__title\">\n\t\t\t\t\t\t\t\t\t\t\t\t\t\t\t\t\t\t[646] - Pully du soir - 60 \u00d7 120 cm\t\t\t\t\t\t\t\t<\/div>\n\t\t\t\t\t\t\t\t\t\t\t\t<\/div>\n\t\t\t\t\t\t\t\t\t<\/a>\n\t\t\t\t\t\t\t<a class=\"e-gallery-item elementor-gallery-item elementor-animated-content\" data-e-gallery-tags=\"0\" href=\"https:\/\/mancesti.ch\/wp-content\/uploads\/2026\/07\/automnearolle2.jpg\" data-elementor-open-lightbox=\"yes\" data-elementor-lightbox-slideshow=\"b455f91\" data-elementor-lightbox-title=\"\u00ab Automne \u00e0 Rolle \u00bb, \u0153uvre de Rita Mancesti, artiste peintre \u00e0 Rolle. Format : 60 \u00d7 60 cm.\" data-elementor-lightbox-description=\"Visuel de l\u2019\u0153uvre \u00ab Automne \u00e0 Rolle \u00bb de Rita Mancesti. Cette \u0153uvre s\u2019inscrit dans son exploration du L\u00e9man et des paysages de Suisse romande. Dimensions de l\u2019\u0153uvre : 60 \u00d7 60 cm. Cette image documente son portfolio artistique et son site vitrine.\" data-e-action-hash=\"#elementor-action%3Aaction%3Dlightbox%26settings%3DeyJpZCI6MTkyOSwidXJsIjoiaHR0cHM6XC9cL21hbmNlc3RpLmNoXC93cC1jb250ZW50XC91cGxvYWRzXC8yMDI2XC8wN1wvYXV0b21uZWFyb2xsZTIuanBnIiwic2xpZGVzaG93IjoiYjQ1NWY5MSJ9\">\n\t\t\t\t\t<div class=\"e-gallery-image elementor-gallery-item__image\" data-thumbnail=\"https:\/\/mancesti.ch\/wp-content\/uploads\/2026\/07\/automnearolle2-1024x766.jpg\" data-width=\"800\" data-height=\"598\" aria-label=\"Peinture du paysage l\u00e9manique \u00ab Automne \u00e0 Rolle \u00bb de Rita Mancesti\" role=\"img\" ><\/div>\n\t\t\t\t\t\t\t\t\t\t\t<div class=\"elementor-gallery-item__overlay\"><\/div>\n\t\t\t\t\t\t\t\t\t\t\t\t\t\t\t<div class=\"elementor-gallery-item__content\">\n\t\t\t\t\t\t\t\t\t\t\t\t\t\t<div class=\"elementor-gallery-item__title\">\n\t\t\t\t\t\t\t\t\t\t\t\t\t\t\t\t\t\t[586] - Automne \u00e0 Rolle - 60 \u00d7 60 cm\t\t\t\t\t\t\t\t<\/div>\n\t\t\t\t\t\t\t\t\t\t\t\t<\/div>\n\t\t\t\t\t\t\t\t\t<\/a>\n\t\t\t\t\t\t\t<a class=\"e-gallery-item elementor-gallery-item elementor-animated-content\" data-e-gallery-tags=\"0\" href=\"https:\/\/mancesti.ch\/wp-content\/uploads\/2026\/07\/chateau_rolle.jpeg\" data-elementor-open-lightbox=\"yes\" data-elementor-lightbox-slideshow=\"b455f91\" data-elementor-lightbox-title=\"\u00ab Sur le chemin de l\u2019inspiration \u00bb, \u0153uvre de Rita Mancesti, artiste peintre \u00e0 Rolle. Format : 60 \u00d7 80 cm.\" data-elementor-lightbox-description=\"Visuel de l\u2019\u0153uvre \u00ab Sur le chemin de l\u2019inspiration \u00bb de Rita Mancesti. Cette \u0153uvre illustre l\u2019univers figuratif et color\u00e9 de l\u2019artiste. Dimensions de l\u2019\u0153uvre : 60 \u00d7 80 cm. Cette image documente son portfolio artistique et son site vitrine.\" data-e-action-hash=\"#elementor-action%3Aaction%3Dlightbox%26settings%3DeyJpZCI6MTk1NywidXJsIjoiaHR0cHM6XC9cL21hbmNlc3RpLmNoXC93cC1jb250ZW50XC91cGxvYWRzXC8yMDI2XC8wN1wvY2hhdGVhdV9yb2xsZS5qcGVnIiwic2xpZGVzaG93IjoiYjQ1NWY5MSJ9\">\n\t\t\t\t\t<div class=\"e-gallery-image elementor-gallery-item__image\" data-thumbnail=\"https:\/\/mancesti.ch\/wp-content\/uploads\/2026\/07\/chateau_rolle-1024x763.jpeg\" data-width=\"800\" data-height=\"596\" aria-label=\"Tableau \u00ab Sur le chemin de l\u2019inspiration \u00bb de Rita Mancesti\" role=\"img\" ><\/div>\n\t\t\t\t\t\t\t\t\t\t\t<div class=\"elementor-gallery-item__overlay\"><\/div>\n\t\t\t\t\t\t\t\t\t\t\t\t\t\t\t<div class=\"elementor-gallery-item__content\">\n\t\t\t\t\t\t\t\t\t\t\t\t\t\t<div class=\"elementor-gallery-item__title\">\n\t\t\t\t\t\t\t\t\t\t\t\t\t\t\t\t\t\t[720] - Sur le chemin de l'inspiration - 60 \u00d7 80 cm\t\t\t\t\t\t\t\t<\/div>\n\t\t\t\t\t\t\t\t\t\t\t\t<\/div>\n\t\t\t\t\t\t\t\t\t<\/a>\n\t\t\t\t\t\t\t<a class=\"e-gallery-item elementor-gallery-item elementor-animated-content\" data-e-gallery-tags=\"0\" href=\"https:\/\/mancesti.ch\/wp-content\/uploads\/2026\/07\/leissingen-scaled-1.jpg\" data-elementor-open-lightbox=\"yes\" data-elementor-lightbox-slideshow=\"b455f91\" data-elementor-lightbox-title=\"\u00ab Pr\u00e8s de Leissingen \u00bb, \u0153uvre de Rita Mancesti, artiste peintre \u00e0 Rolle. Format : 50 \u00d7 80 cm.\" data-elementor-lightbox-description=\"Visuel de l\u2019\u0153uvre \u00ab Pr\u00e8s de Leissingen \u00bb de Rita Mancesti. Cette \u0153uvre s\u2019inscrit dans son exploration des paysages suisses et alpins. Dimensions de l\u2019\u0153uvre : 50 \u00d7 80 cm. Cette image documente son portfolio artistique et son site vitrine.\" data-e-action-hash=\"#elementor-action%3Aaction%3Dlightbox%26settings%3DeyJpZCI6MTkzMSwidXJsIjoiaHR0cHM6XC9cL21hbmNlc3RpLmNoXC93cC1jb250ZW50XC91cGxvYWRzXC8yMDI2XC8wN1wvbGVpc3Npbmdlbi1zY2FsZWQtMS5qcGciLCJzbGlkZXNob3ciOiJiNDU1ZjkxIn0%3D\">\n\t\t\t\t\t<div class=\"e-gallery-image elementor-gallery-item__image\" data-thumbnail=\"https:\/\/mancesti.ch\/wp-content\/uploads\/2026\/07\/leissingen-scaled-1-1024x636.jpg\" data-width=\"800\" data-height=\"497\" aria-label=\"Peinture de paysage suisse \u00ab Pr\u00e8s de Leissingen \u00bb de Rita Mancesti\" role=\"img\" ><\/div>\n\t\t\t\t\t\t\t\t\t\t\t<div class=\"elementor-gallery-item__overlay\"><\/div>\n\t\t\t\t\t\t\t\t\t\t\t\t\t\t\t<div class=\"elementor-gallery-item__content\">\n\t\t\t\t\t\t\t\t\t\t\t\t\t\t<div class=\"elementor-gallery-item__title\">\n\t\t\t\t\t\t\t\t\t\t\t\t\t\t\t\t\t\t[601] - Pr\u00e8s de Leissingen - 50 \u00d7 80 cm\t\t\t\t\t\t\t\t<\/div>\n\t\t\t\t\t\t\t\t\t\t\t\t<\/div>\n\t\t\t\t\t\t\t\t\t<\/a>\n\t\t\t\t\t<\/div>\n\t\t\t\t\t<\/div>\n\t\t\t\t<\/div>\n\t\t<div class=\"elementor-element elementor-element-c24a088 e-con-full elementor-hidden-desktop elementor-hidden-tablet e-flex e-con e-child\" data-id=\"c24a088\" data-element_type=\"container\" data-e-type=\"container\" id=\"tranche\" data-settings=\"{&quot;jet_parallax_layout_list&quot;:[]}\">\n\t\t\t\t<div class=\"elementor-element elementor-element-0f7a402 elementor-gallery--filter-align-center elementor-widget__width-initial elementor-widget elementor-widget-gallery\" data-id=\"0f7a402\" data-element_type=\"widget\" data-e-type=\"widget\" data-settings=\"{&quot;columns&quot;:3,&quot;columns_mobile&quot;:2,&quot;aspect_ratio&quot;:&quot;1:1&quot;,&quot;overlay_title&quot;:&quot;title&quot;,&quot;lazyload&quot;:&quot;yes&quot;,&quot;gallery_layout&quot;:&quot;grid&quot;,&quot;columns_tablet&quot;:2,&quot;gap&quot;:{&quot;unit&quot;:&quot;px&quot;,&quot;size&quot;:10,&quot;sizes&quot;:[]},&quot;gap_tablet&quot;:{&quot;unit&quot;:&quot;px&quot;,&quot;size&quot;:10,&quot;sizes&quot;:[]},&quot;gap_mobile&quot;:{&quot;unit&quot;:&quot;px&quot;,&quot;size&quot;:10,&quot;sizes&quot;:[]},&quot;link_to&quot;:&quot;file&quot;,&quot;overlay_background&quot;:&quot;yes&quot;,&quot;content_hover_animation&quot;:&quot;fade-in&quot;}\" data-widget_type=\"gallery.default\">\n\t\t\t\t\t\t\t\t<div class=\"elementor-gallery__titles-container e--pointer-text e--animation-grow\" aria-label=\"Gallery filter\">\n\t\t\t\t\n\t\t\t\t\t\t\t\t\t<a class=\"elementor-item elementor-gallery-title\" role=\"button\" tabindex=\"0\" data-gallery-index=\"0\">\n\t\t\t\t\t\tCity Slices\t\t\t\t\t<\/a>\n\t\t\t\t\t\t\t\t<\/div>\n\t\t\t\t\t<div class=\"elementor-gallery__container\">\n\t\t\t\t\t\t\t<a class=\"e-gallery-item elementor-gallery-item elementor-animated-content\" data-e-gallery-tags=\"0\" href=\"https:\/\/mancesti.ch\/wp-content\/uploads\/2026\/07\/muranoslice.jpg\" data-elementor-open-lightbox=\"yes\" data-elementor-lightbox-slideshow=\"0f7a402\" data-elementor-lightbox-title=\"\u00ab Tranche de Murano \u00bb, \u0153uvre de Rita Mancesti, artiste peintre \u00e0 Rolle. Format : 50 \u00d7 150 cm.\" data-elementor-lightbox-description=\"Visuel de l\u2019\u0153uvre \u00ab Tranche de Murano \u00bb de Rita Mancesti. Cette composition s\u2019inscrit dans son travail consacr\u00e9 aux villes, aux architectures et aux r\u00e9cits de voyage. Dimensions de l\u2019\u0153uvre : 50 \u00d7 150 cm. Cette image documente son portfolio artistique et son site vitrine.\" data-e-action-hash=\"#elementor-action%3Aaction%3Dlightbox%26settings%3DeyJpZCI6MTk3MCwidXJsIjoiaHR0cHM6XC9cL21hbmNlc3RpLmNoXC93cC1jb250ZW50XC91cGxvYWRzXC8yMDI2XC8wN1wvbXVyYW5vc2xpY2UuanBnIiwic2xpZGVzaG93IjoiMGY3YTQwMiJ9\">\n\t\t\t\t\t<div class=\"e-gallery-image elementor-gallery-item__image\" data-thumbnail=\"https:\/\/mancesti.ch\/wp-content\/uploads\/2026\/07\/muranoslice-1024x342.jpg\" data-width=\"800\" data-height=\"267\" aria-label=\"Composition urbaine \u00ab Tranche de Murano \u00bb de Rita Mancesti\" role=\"img\" ><\/div>\n\t\t\t\t\t\t\t\t\t\t\t<div class=\"elementor-gallery-item__overlay\"><\/div>\n\t\t\t\t\t\t\t\t\t\t\t\t\t\t\t<div class=\"elementor-gallery-item__content\">\n\t\t\t\t\t\t\t\t\t\t\t\t\t\t<div class=\"elementor-gallery-item__title\">\n\t\t\t\t\t\t\t\t\t\t\t\t\t\t\t\t\t\t[447] - Tranche de Murano - 50 \u00d7 150 cm\t\t\t\t\t\t\t\t<\/div>\n\t\t\t\t\t\t\t\t\t\t\t\t<\/div>\n\t\t\t\t\t\t\t\t\t<\/a>\n\t\t\t\t\t\t\t<a class=\"e-gallery-item elementor-gallery-item elementor-animated-content\" data-e-gallery-tags=\"0\" href=\"https:\/\/mancesti.ch\/wp-content\/uploads\/2026\/07\/tranche_norvege.jpeg\" data-elementor-open-lightbox=\"yes\" data-elementor-lightbox-slideshow=\"0f7a402\" data-elementor-lightbox-title=\"\u00ab Tranche de Norv\u00e8ge \u00bb, \u0153uvre de Rita Mancesti, artiste peintre \u00e0 Rolle. Format : 30 \u00d7 90 cm.\" data-elementor-lightbox-description=\"Visuel de l\u2019\u0153uvre \u00ab Tranche de Norv\u00e8ge \u00bb de Rita Mancesti. Cette composition s\u2019inscrit dans son travail consacr\u00e9 aux villes, aux architectures et aux r\u00e9cits de voyage. Dimensions de l\u2019\u0153uvre : 30 \u00d7 90 cm. Cette image documente son portfolio artistique et son site vitrine.\" data-e-action-hash=\"#elementor-action%3Aaction%3Dlightbox%26settings%3DeyJpZCI6MTk2NywidXJsIjoiaHR0cHM6XC9cL21hbmNlc3RpLmNoXC93cC1jb250ZW50XC91cGxvYWRzXC8yMDI2XC8wN1wvdHJhbmNoZV9ub3J2ZWdlLmpwZWciLCJzbGlkZXNob3ciOiIwZjdhNDAyIn0%3D\">\n\t\t\t\t\t<div class=\"e-gallery-image elementor-gallery-item__image\" data-thumbnail=\"https:\/\/mancesti.ch\/wp-content\/uploads\/2026\/07\/tranche_norvege-356x1024.jpeg\" data-width=\"356\" data-height=\"1024\" aria-label=\"Composition urbaine \u00ab Tranche de Norv\u00e8ge \u00bb de Rita Mancesti\" role=\"img\" ><\/div>\n\t\t\t\t\t\t\t\t\t\t\t<div class=\"elementor-gallery-item__overlay\"><\/div>\n\t\t\t\t\t\t\t\t\t\t\t\t\t\t\t<div class=\"elementor-gallery-item__content\">\n\t\t\t\t\t\t\t\t\t\t\t\t\t\t<div class=\"elementor-gallery-item__title\">\n\t\t\t\t\t\t\t\t\t\t\t\t\t\t\t\t\t\t[544] - Tranche de Norv\u00e8ge - 30 \u00d7 90 cm\t\t\t\t\t\t\t\t<\/div>\n\t\t\t\t\t\t\t\t\t\t\t\t<\/div>\n\t\t\t\t\t\t\t\t\t<\/a>\n\t\t\t\t\t\t\t<a class=\"e-gallery-item elementor-gallery-item elementor-animated-content\" data-e-gallery-tags=\"0\" href=\"https:\/\/mancesti.ch\/wp-content\/uploads\/2026\/07\/bretagne_du_nord_city-slice-scaled-1-scaled.jpg\" data-elementor-open-lightbox=\"yes\" data-elementor-lightbox-slideshow=\"0f7a402\" data-elementor-lightbox-title=\"\u00ab Tranche de Bretagne du nord \u00bb, \u0153uvre de Rita Mancesti, artiste peintre \u00e0 Rolle. Format : 30 \u00d7 90 cm.\" data-elementor-lightbox-description=\"Visuel de l\u2019\u0153uvre \u00ab Tranche de Bretagne du nord \u00bb de Rita Mancesti. Cette composition s\u2019inscrit dans son travail consacr\u00e9 aux villes, aux architectures et aux r\u00e9cits de voyage. Dimensions de l\u2019\u0153uvre : 30 \u00d7 90 cm. Cette image documente son portfolio artistique et son site vitrine.\" data-e-action-hash=\"#elementor-action%3Aaction%3Dlightbox%26settings%3DeyJpZCI6MTk2MSwidXJsIjoiaHR0cHM6XC9cL21hbmNlc3RpLmNoXC93cC1jb250ZW50XC91cGxvYWRzXC8yMDI2XC8wN1wvYnJldGFnbmVfZHVfbm9yZF9jaXR5LXNsaWNlLXNjYWxlZC0xLXNjYWxlZC5qcGciLCJzbGlkZXNob3ciOiIwZjdhNDAyIn0%3D\">\n\t\t\t\t\t<div class=\"e-gallery-image elementor-gallery-item__image\" data-thumbnail=\"https:\/\/mancesti.ch\/wp-content\/uploads\/2026\/07\/bretagne_du_nord_city-slice-scaled-1-329x1024.jpg\" data-width=\"329\" data-height=\"1024\" aria-label=\"Composition urbaine \u00ab Tranche de Bretagne du nord \u00bb de Rita Mancesti\" role=\"img\" ><\/div>\n\t\t\t\t\t\t\t\t\t\t\t<div class=\"elementor-gallery-item__overlay\"><\/div>\n\t\t\t\t\t\t\t\t\t\t\t\t\t\t\t<div class=\"elementor-gallery-item__content\">\n\t\t\t\t\t\t\t\t\t\t\t\t\t\t<div class=\"elementor-gallery-item__title\">\n\t\t\t\t\t\t\t\t\t\t\t\t\t\t\t\t\t\t[704] - Bretagne du nord - 30 \u00d7 90 cm\t\t\t\t\t\t\t\t<\/div>\n\t\t\t\t\t\t\t\t\t\t\t\t<\/div>\n\t\t\t\t\t\t\t\t\t<\/a>\n\t\t\t\t\t\t\t<a class=\"e-gallery-item elementor-gallery-item elementor-animated-content\" data-e-gallery-tags=\"0\" href=\"https:\/\/mancesti.ch\/wp-content\/uploads\/2026\/07\/composition-city-slice-scaled-1-scaled.jpg\" data-elementor-open-lightbox=\"yes\" data-elementor-lightbox-slideshow=\"0f7a402\" data-elementor-lightbox-title=\"Mise en situation de deux \u0153uvres verticales de la s\u00e9rie City Slices.\" data-elementor-lightbox-description=\"Photomontage montrant deux compositions urbaines verticales de la s\u00e9rie City Slices de Rita Mancesti accroch\u00e9es dans un int\u00e9rieur contemporain.\" data-e-action-hash=\"#elementor-action%3Aaction%3Dlightbox%26settings%3DeyJpZCI6MTk1OSwidXJsIjoiaHR0cHM6XC9cL21hbmNlc3RpLmNoXC93cC1jb250ZW50XC91cGxvYWRzXC8yMDI2XC8wN1wvY29tcG9zaXRpb24tY2l0eS1zbGljZS1zY2FsZWQtMS1zY2FsZWQuanBnIiwic2xpZGVzaG93IjoiMGY3YTQwMiJ9\">\n\t\t\t\t\t<div class=\"e-gallery-image elementor-gallery-item__image\" data-thumbnail=\"https:\/\/mancesti.ch\/wp-content\/uploads\/2026\/07\/composition-city-slice-scaled-1-819x1024.jpg\" data-width=\"800\" data-height=\"1000\" aria-label=\"Deux compositions City Slices de Rita Mancesti accroch\u00e9es dans un int\u00e9rieur\" role=\"img\" ><\/div>\n\t\t\t\t\t\t\t\t\t\t\t<div class=\"elementor-gallery-item__overlay\"><\/div>\n\t\t\t\t\t\t\t\t\t\t\t\t\t\t\t<div class=\"elementor-gallery-item__content\">\n\t\t\t\t\t\t\t\t\t\t\t\t\t\t<div class=\"elementor-gallery-item__title\">\n\t\t\t\t\t\t\t\t\t\t\t\t\t\t\t\t\t\tCity Slices de Rita Mancesti pr\u00e9sent\u00e9es dans un int\u00e9rieur\t\t\t\t\t\t\t\t<\/div>\n\t\t\t\t\t\t\t\t\t\t\t\t<\/div>\n\t\t\t\t\t\t\t\t\t<\/a>\n\t\t\t\t\t\t\t<a class=\"e-gallery-item elementor-gallery-item elementor-animated-content\" data-e-gallery-tags=\"0\" href=\"https:\/\/mancesti.ch\/wp-content\/uploads\/2026\/07\/northtuscanyslice-scaled-1-scaled.jpg\" data-elementor-open-lightbox=\"yes\" data-elementor-lightbox-slideshow=\"0f7a402\" data-elementor-lightbox-title=\"\u00ab Tranche de Toscane du nord \u00bb, \u0153uvre de Rita Mancesti, artiste peintre \u00e0 Rolle. Format : 30 \u00d7 90 cm.\" data-elementor-lightbox-description=\"Visuel de l\u2019\u0153uvre \u00ab Tranche de Toscane du nord \u00bb de Rita Mancesti. Cette composition s\u2019inscrit dans son travail consacr\u00e9 aux villes, aux architectures et aux r\u00e9cits de voyage. Dimensions de l\u2019\u0153uvre : 30 \u00d7 90 cm. Cette image documente son portfolio artistique et son site vitrine.\" data-e-action-hash=\"#elementor-action%3Aaction%3Dlightbox%26settings%3DeyJpZCI6MTk2NCwidXJsIjoiaHR0cHM6XC9cL21hbmNlc3RpLmNoXC93cC1jb250ZW50XC91cGxvYWRzXC8yMDI2XC8wN1wvbm9ydGh0dXNjYW55c2xpY2Utc2NhbGVkLTEtc2NhbGVkLmpwZyIsInNsaWRlc2hvdyI6IjBmN2E0MDIifQ%3D%3D\">\n\t\t\t\t\t<div class=\"e-gallery-image elementor-gallery-item__image\" data-thumbnail=\"https:\/\/mancesti.ch\/wp-content\/uploads\/2026\/07\/northtuscanyslice-scaled-1-324x1024.jpg\" data-width=\"324\" data-height=\"1024\" aria-label=\"Composition urbaine \u00ab Tranche de Toscane du nord \u00bb de Rita Mancesti\" role=\"img\" ><\/div>\n\t\t\t\t\t\t\t\t\t\t\t<div class=\"elementor-gallery-item__overlay\"><\/div>\n\t\t\t\t\t\t\t\t\t\t\t\t\t\t\t<div class=\"elementor-gallery-item__content\">\n\t\t\t\t\t\t\t\t\t\t\t\t\t\t<div class=\"elementor-gallery-item__title\">\n\t\t\t\t\t\t\t\t\t\t\t\t\t\t\t\t\t\t[449] - Tranche de Toscane du nord - 30 \u00d7 90 cm\t\t\t\t\t\t\t\t<\/div>\n\t\t\t\t\t\t\t\t\t\t\t\t<\/div>\n\t\t\t\t\t\t\t\t\t<\/a>\n\t\t\t\t\t\t\t<a class=\"e-gallery-item elementor-gallery-item elementor-animated-content\" data-e-gallery-tags=\"0\" href=\"https:\/\/mancesti.ch\/wp-content\/uploads\/2026\/07\/cullyslice-scaled-1-scaled.jpg\" data-elementor-open-lightbox=\"yes\" data-elementor-lightbox-slideshow=\"0f7a402\" data-elementor-lightbox-title=\"\u00ab Tranche de Cully \u00bb, \u0153uvre de Rita Mancesti, artiste peintre \u00e0 Rolle. Format : 30 \u00d7 90 cm.\" data-elementor-lightbox-description=\"Visuel de l\u2019\u0153uvre \u00ab Tranche de Cully \u00bb de Rita Mancesti. Cette composition s\u2019inscrit dans son travail consacr\u00e9 aux villes, aux architectures et aux r\u00e9cits de voyage. Dimensions de l\u2019\u0153uvre : 30 \u00d7 90 cm. Cette image documente son portfolio artistique et son site vitrine.\" data-e-action-hash=\"#elementor-action%3Aaction%3Dlightbox%26settings%3DeyJpZCI6MTk2MiwidXJsIjoiaHR0cHM6XC9cL21hbmNlc3RpLmNoXC93cC1jb250ZW50XC91cGxvYWRzXC8yMDI2XC8wN1wvY3VsbHlzbGljZS1zY2FsZWQtMS1zY2FsZWQuanBnIiwic2xpZGVzaG93IjoiMGY3YTQwMiJ9\">\n\t\t\t\t\t<div class=\"e-gallery-image elementor-gallery-item__image\" data-thumbnail=\"https:\/\/mancesti.ch\/wp-content\/uploads\/2026\/07\/cullyslice-scaled-1-335x1024.jpg\" data-width=\"335\" data-height=\"1024\" aria-label=\"Composition urbaine \u00ab Tranche de Cully \u00bb de Rita Mancesti\" role=\"img\" ><\/div>\n\t\t\t\t\t\t\t\t\t\t\t<div class=\"elementor-gallery-item__overlay\"><\/div>\n\t\t\t\t\t\t\t\t\t\t\t\t\t\t\t<div class=\"elementor-gallery-item__content\">\n\t\t\t\t\t\t\t\t\t\t\t\t\t\t<div class=\"elementor-gallery-item__title\">\n\t\t\t\t\t\t\t\t\t\t\t\t\t\t\t\t\t\t[471] - Tranche de Cully - 30 \u00d7 90 cm\t\t\t\t\t\t\t\t<\/div>\n\t\t\t\t\t\t\t\t\t\t\t\t<\/div>\n\t\t\t\t\t\t\t\t\t<\/a>\n\t\t\t\t\t\t\t<a class=\"e-gallery-item elementor-gallery-item elementor-animated-content\" data-e-gallery-tags=\"0\" href=\"https:\/\/mancesti.ch\/wp-content\/uploads\/2026\/07\/tranchenewyorkaise.jpg\" data-elementor-open-lightbox=\"yes\" data-elementor-lightbox-slideshow=\"0f7a402\" data-elementor-lightbox-title=\"\u00ab Tranche de New York \u00bb, \u0153uvre de Rita Mancesti, artiste peintre \u00e0 Rolle. Format : 66 \u00d7 122 cm.\" data-elementor-lightbox-description=\"Visuel de l\u2019\u0153uvre \u00ab Tranche de New York \u00bb de Rita Mancesti. Cette composition s\u2019inscrit dans son travail consacr\u00e9 aux villes, aux architectures et aux r\u00e9cits de voyage. Dimensions de l\u2019\u0153uvre : 66 \u00d7 122 cm. Cette image documente son portfolio artistique et son site vitrine.\" data-e-action-hash=\"#elementor-action%3Aaction%3Dlightbox%26settings%3DeyJpZCI6MTk2OSwidXJsIjoiaHR0cHM6XC9cL21hbmNlc3RpLmNoXC93cC1jb250ZW50XC91cGxvYWRzXC8yMDI2XC8wN1wvdHJhbmNoZW5ld3lvcmthaXNlLmpwZyIsInNsaWRlc2hvdyI6IjBmN2E0MDIifQ%3D%3D\">\n\t\t\t\t\t<div class=\"e-gallery-image elementor-gallery-item__image\" data-thumbnail=\"https:\/\/mancesti.ch\/wp-content\/uploads\/2026\/07\/tranchenewyorkaise-536x1024.jpg\" data-width=\"536\" data-height=\"1024\" aria-label=\"Composition urbaine \u00ab Tranche de New York \u00bb de Rita Mancesti\" role=\"img\" ><\/div>\n\t\t\t\t\t\t\t\t\t\t\t<div class=\"elementor-gallery-item__overlay\"><\/div>\n\t\t\t\t\t\t\t\t\t\t\t\t\t\t\t<div class=\"elementor-gallery-item__content\">\n\t\t\t\t\t\t\t\t\t\t\t\t\t\t<div class=\"elementor-gallery-item__title\">\n\t\t\t\t\t\t\t\t\t\t\t\t\t\t\t\t\t\t[419] - Tranche de New York - 66 \u00d7 122 cm\t\t\t\t\t\t\t\t<\/div>\n\t\t\t\t\t\t\t\t\t\t\t\t<\/div>\n\t\t\t\t\t\t\t\t\t<\/a>\n\t\t\t\t\t\t\t<a class=\"e-gallery-item elementor-gallery-item elementor-animated-content\" data-e-gallery-tags=\"0\" href=\"https:\/\/mancesti.ch\/wp-content\/uploads\/2026\/07\/Bretagne-du-sud-city-slice-scaled-1-scaled.jpg\" data-elementor-open-lightbox=\"yes\" data-elementor-lightbox-slideshow=\"0f7a402\" data-elementor-lightbox-title=\"\u00ab Tranche de Bretagne du sud \u00bb, \u0153uvre de Rita Mancesti, artiste peintre \u00e0 Rolle. Format : 30 \u00d7 90 cm.\" data-elementor-lightbox-description=\"Visuel de l\u2019\u0153uvre \u00ab Tranche de Bretagne du sud \u00bb de Rita Mancesti. Cette composition s\u2019inscrit dans son travail consacr\u00e9 aux villes, aux architectures et aux r\u00e9cits de voyage. Dimensions de l\u2019\u0153uvre : 30 \u00d7 90 cm. Cette image documente son portfolio artistique et son site vitrine.\" data-e-action-hash=\"#elementor-action%3Aaction%3Dlightbox%26settings%3DeyJpZCI6MTk2MCwidXJsIjoiaHR0cHM6XC9cL21hbmNlc3RpLmNoXC93cC1jb250ZW50XC91cGxvYWRzXC8yMDI2XC8wN1wvQnJldGFnbmUtZHUtc3VkLWNpdHktc2xpY2Utc2NhbGVkLTEtc2NhbGVkLmpwZyIsInNsaWRlc2hvdyI6IjBmN2E0MDIifQ%3D%3D\">\n\t\t\t\t\t<div class=\"e-gallery-image elementor-gallery-item__image\" data-thumbnail=\"https:\/\/mancesti.ch\/wp-content\/uploads\/2026\/07\/Bretagne-du-sud-city-slice-scaled-1-337x1024.jpg\" data-width=\"337\" data-height=\"1024\" aria-label=\"Composition urbaine \u00ab Tranche de Bretagne du sud \u00bb de Rita Mancesti\" role=\"img\" ><\/div>\n\t\t\t\t\t\t\t\t\t\t\t<div class=\"elementor-gallery-item__overlay\"><\/div>\n\t\t\t\t\t\t\t\t\t\t\t\t\t\t\t<div class=\"elementor-gallery-item__content\">\n\t\t\t\t\t\t\t\t\t\t\t\t\t\t<div class=\"elementor-gallery-item__title\">\n\t\t\t\t\t\t\t\t\t\t\t\t\t\t\t\t\t\t[703] - Tranche de Bretagne du sud - 30 \u00d7 90 cm\t\t\t\t\t\t\t\t<\/div>\n\t\t\t\t\t\t\t\t\t\t\t\t<\/div>\n\t\t\t\t\t\t\t\t\t<\/a>\n\t\t\t\t\t\t\t<a class=\"e-gallery-item elementor-gallery-item elementor-animated-content\" data-e-gallery-tags=\"0\" href=\"https:\/\/mancesti.ch\/wp-content\/uploads\/2026\/07\/tranchealsacienne-scaled-1-scaled.jpg\" data-elementor-open-lightbox=\"yes\" data-elementor-lightbox-slideshow=\"0f7a402\" data-elementor-lightbox-title=\"\u00ab Tranche Alsacienne \u00bb, \u0153uvre de Rita Mancesti, artiste peintre \u00e0 Rolle. Format : 30 \u00d7 90 cm.\" data-elementor-lightbox-description=\"Visuel de l\u2019\u0153uvre \u00ab Tranche Alsacienne \u00bb de Rita Mancesti. Cette composition s\u2019inscrit dans son travail consacr\u00e9 aux villes, aux architectures et aux r\u00e9cits de voyage. Dimensions de l\u2019\u0153uvre : 30 \u00d7 90 cm. Cette image documente son portfolio artistique et son site vitrine.\" data-e-action-hash=\"#elementor-action%3Aaction%3Dlightbox%26settings%3DeyJpZCI6MTk2NSwidXJsIjoiaHR0cHM6XC9cL21hbmNlc3RpLmNoXC93cC1jb250ZW50XC91cGxvYWRzXC8yMDI2XC8wN1wvdHJhbmNoZWFsc2FjaWVubmUtc2NhbGVkLTEtc2NhbGVkLmpwZyIsInNsaWRlc2hvdyI6IjBmN2E0MDIifQ%3D%3D\">\n\t\t\t\t\t<div class=\"e-gallery-image elementor-gallery-item__image\" data-thumbnail=\"https:\/\/mancesti.ch\/wp-content\/uploads\/2026\/07\/tranchealsacienne-scaled-1-336x1024.jpg\" data-width=\"336\" data-height=\"1024\" aria-label=\"Composition urbaine \u00ab Tranche Alsacienne \u00bb de Rita Mancesti\" role=\"img\" ><\/div>\n\t\t\t\t\t\t\t\t\t\t\t<div class=\"elementor-gallery-item__overlay\"><\/div>\n\t\t\t\t\t\t\t\t\t\t\t\t\t\t\t<div class=\"elementor-gallery-item__content\">\n\t\t\t\t\t\t\t\t\t\t\t\t\t\t<div class=\"elementor-gallery-item__title\">\n\t\t\t\t\t\t\t\t\t\t\t\t\t\t\t\t\t\t[405] - Tranche Alsacienne - 30 \u00d7 90 cm\t\t\t\t\t\t\t\t<\/div>\n\t\t\t\t\t\t\t\t\t\t\t\t<\/div>\n\t\t\t\t\t\t\t\t\t<\/a>\n\t\t\t\t\t\t\t<a class=\"e-gallery-item elementor-gallery-item elementor-animated-content\" data-e-gallery-tags=\"0\" href=\"https:\/\/mancesti.ch\/wp-content\/uploads\/2026\/07\/tranche-de-copenhagen.jpeg\" data-elementor-open-lightbox=\"yes\" data-elementor-lightbox-slideshow=\"0f7a402\" data-elementor-lightbox-title=\"\u00ab Tranche de Copenhagen \u00bb, \u0153uvre de Rita Mancesti, artiste peintre \u00e0 Rolle. Format : 30 \u00d7 90 cm.\" data-elementor-lightbox-description=\"Visuel de l\u2019\u0153uvre \u00ab Tranche de Copenhagen \u00bb de Rita Mancesti. Cette composition s\u2019inscrit dans son travail consacr\u00e9 aux villes, aux architectures et aux r\u00e9cits de voyage. Dimensions de l\u2019\u0153uvre : 30 \u00d7 90 cm. Cette image documente son portfolio artistique et son site vitrine.\" data-e-action-hash=\"#elementor-action%3Aaction%3Dlightbox%26settings%3DeyJpZCI6MTk2NiwidXJsIjoiaHR0cHM6XC9cL21hbmNlc3RpLmNoXC93cC1jb250ZW50XC91cGxvYWRzXC8yMDI2XC8wN1wvdHJhbmNoZS1kZS1jb3BlbmhhZ2VuLmpwZWciLCJzbGlkZXNob3ciOiIwZjdhNDAyIn0%3D\">\n\t\t\t\t\t<div class=\"e-gallery-image elementor-gallery-item__image\" data-thumbnail=\"https:\/\/mancesti.ch\/wp-content\/uploads\/2026\/07\/tranche-de-copenhagen-344x1024.jpeg\" data-width=\"344\" data-height=\"1024\" aria-label=\"Composition urbaine \u00ab Tranche de Copenhagen \u00bb de Rita Mancesti\" role=\"img\" ><\/div>\n\t\t\t\t\t\t\t\t\t\t\t<div class=\"elementor-gallery-item__overlay\"><\/div>\n\t\t\t\t\t\t\t\t\t\t\t\t\t\t\t<div class=\"elementor-gallery-item__content\">\n\t\t\t\t\t\t\t\t\t\t\t\t\t\t<div class=\"elementor-gallery-item__title\">\n\t\t\t\t\t\t\t\t\t\t\t\t\t\t\t\t\t\t[543] - Tranche de Copenhagen - 30 \u00d7 90 cm\t\t\t\t\t\t\t\t<\/div>\n\t\t\t\t\t\t\t\t\t\t\t\t<\/div>\n\t\t\t\t\t\t\t\t\t<\/a>\n\t\t\t\t\t\t\t<a class=\"e-gallery-item elementor-gallery-item elementor-animated-content\" data-e-gallery-tags=\"0\" href=\"https:\/\/mancesti.ch\/wp-content\/uploads\/2026\/07\/southtuscanyslice-scaled-1-scaled.jpg\" data-elementor-open-lightbox=\"yes\" data-elementor-lightbox-slideshow=\"0f7a402\" data-elementor-lightbox-title=\"\u00ab Tranche de Toscane du sud \u00bb, \u0153uvre de Rita Mancesti, artiste peintre \u00e0 Rolle. Format : 30 \u00d7 90 cm.\" data-elementor-lightbox-description=\"Visuel de l\u2019\u0153uvre \u00ab Tranche de Toscane du sud \u00bb de Rita Mancesti. Cette composition s\u2019inscrit dans son travail consacr\u00e9 aux villes, aux architectures et aux r\u00e9cits de voyage. Dimensions de l\u2019\u0153uvre : 30 \u00d7 90 cm. Cette image documente son portfolio artistique et son site vitrine.\" data-e-action-hash=\"#elementor-action%3Aaction%3Dlightbox%26settings%3DeyJpZCI6MTk2MywidXJsIjoiaHR0cHM6XC9cL21hbmNlc3RpLmNoXC93cC1jb250ZW50XC91cGxvYWRzXC8yMDI2XC8wN1wvc291dGh0dXNjYW55c2xpY2Utc2NhbGVkLTEtc2NhbGVkLmpwZyIsInNsaWRlc2hvdyI6IjBmN2E0MDIifQ%3D%3D\">\n\t\t\t\t\t<div class=\"e-gallery-image elementor-gallery-item__image\" data-thumbnail=\"https:\/\/mancesti.ch\/wp-content\/uploads\/2026\/07\/southtuscanyslice-scaled-1-316x1024.jpg\" data-width=\"316\" data-height=\"1024\" aria-label=\"Composition urbaine \u00ab Tranche de Toscane du sud \u00bb de Rita Mancesti\" role=\"img\" ><\/div>\n\t\t\t\t\t\t\t\t\t\t\t<div class=\"elementor-gallery-item__overlay\"><\/div>\n\t\t\t\t\t\t\t\t\t\t\t\t\t\t\t<div class=\"elementor-gallery-item__content\">\n\t\t\t\t\t\t\t\t\t\t\t\t\t\t<div class=\"elementor-gallery-item__title\">\n\t\t\t\t\t\t\t\t\t\t\t\t\t\t\t\t\t\t[450] - Tranche de Toscane du sud - 30 \u00d7 90 cm\t\t\t\t\t\t\t\t<\/div>\n\t\t\t\t\t\t\t\t\t\t\t\t<\/div>\n\t\t\t\t\t\t\t\t\t<\/a>\n\t\t\t\t\t\t\t<a class=\"e-gallery-item elementor-gallery-item elementor-animated-content\" data-e-gallery-tags=\"0\" href=\"https:\/\/mancesti.ch\/wp-content\/uploads\/2026\/07\/tranchesdebale.jpg\" data-elementor-open-lightbox=\"yes\" data-elementor-lightbox-slideshow=\"0f7a402\" data-elementor-lightbox-title=\"\u00ab Les Tranches de B\u00e2le \u00bb, \u0153uvre de Rita Mancesti, artiste peintre \u00e0 Rolle. Format : 30 \u00d7 90 cm.\" data-elementor-lightbox-description=\"Visuel de l\u2019\u0153uvre \u00ab Les Tranches de B\u00e2le \u00bb de Rita Mancesti. Cette composition s\u2019inscrit dans son travail consacr\u00e9 aux villes, aux architectures et aux r\u00e9cits de voyage. Dimensions de l\u2019\u0153uvre : 30 \u00d7 90 cm. Cette image documente son portfolio artistique et son site vitrine.\" data-e-action-hash=\"#elementor-action%3Aaction%3Dlightbox%26settings%3DeyJpZCI6MTk2OCwidXJsIjoiaHR0cHM6XC9cL21hbmNlc3RpLmNoXC93cC1jb250ZW50XC91cGxvYWRzXC8yMDI2XC8wN1wvdHJhbmNoZXNkZWJhbGUuanBnIiwic2xpZGVzaG93IjoiMGY3YTQwMiJ9\">\n\t\t\t\t\t<div class=\"e-gallery-image elementor-gallery-item__image\" data-thumbnail=\"https:\/\/mancesti.ch\/wp-content\/uploads\/2026\/07\/tranchesdebale-1024x599.jpg\" data-width=\"800\" data-height=\"468\" aria-label=\"Composition urbaine \u00ab Les Tranches de B\u00e2le \u00bb de Rita Mancesti\" role=\"img\" ><\/div>\n\t\t\t\t\t\t\t\t\t\t\t<div class=\"elementor-gallery-item__overlay\"><\/div>\n\t\t\t\t\t\t\t\t\t\t\t\t\t\t\t<div class=\"elementor-gallery-item__content\">\n\t\t\t\t\t\t\t\t\t\t\t\t\t\t<div class=\"elementor-gallery-item__title\">\n\t\t\t\t\t\t\t\t\t\t\t\t\t\t\t\t\t\t[554 \u00e0 558] - Les Tranches de B\u00e2le - 30 \u00d7 90 cm\t\t\t\t\t\t\t\t<\/div>\n\t\t\t\t\t\t\t\t\t\t\t\t<\/div>\n\t\t\t\t\t\t\t\t\t<\/a>\n\t\t\t\t\t<\/div>\n\t\t\t\t\t<\/div>\n\t\t\t\t<\/div>\n\t\t<div class=\"elementor-element elementor-element-8515a88 e-con-full elementor-hidden-desktop elementor-hidden-tablet e-flex e-con e-child\" data-id=\"8515a88\" data-element_type=\"container\" data-e-type=\"container\" id=\"mosaique\" data-settings=\"{&quot;jet_parallax_layout_list&quot;:[]}\">\n\t\t\t\t<div class=\"elementor-element elementor-element-c6268c2 elementor-gallery--filter-align-center elementor-widget__width-initial elementor-widget elementor-widget-gallery\" data-id=\"c6268c2\" data-element_type=\"widget\" data-e-type=\"widget\" data-settings=\"{&quot;columns&quot;:3,&quot;columns_mobile&quot;:2,&quot;aspect_ratio&quot;:&quot;1:1&quot;,&quot;overlay_title&quot;:&quot;title&quot;,&quot;lazyload&quot;:&quot;yes&quot;,&quot;gallery_layout&quot;:&quot;grid&quot;,&quot;columns_tablet&quot;:2,&quot;gap&quot;:{&quot;unit&quot;:&quot;px&quot;,&quot;size&quot;:10,&quot;sizes&quot;:[]},&quot;gap_tablet&quot;:{&quot;unit&quot;:&quot;px&quot;,&quot;size&quot;:10,&quot;sizes&quot;:[]},&quot;gap_mobile&quot;:{&quot;unit&quot;:&quot;px&quot;,&quot;size&quot;:10,&quot;sizes&quot;:[]},&quot;link_to&quot;:&quot;file&quot;,&quot;overlay_background&quot;:&quot;yes&quot;,&quot;content_hover_animation&quot;:&quot;fade-in&quot;}\" data-widget_type=\"gallery.default\">\n\t\t\t\t\t\t\t\t<div class=\"elementor-gallery__titles-container e--pointer-text e--animation-grow\" aria-label=\"Gallery filter\">\n\t\t\t\t\n\t\t\t\t\t\t\t\t\t<a class=\"elementor-item elementor-gallery-title\" role=\"button\" tabindex=\"0\" data-gallery-index=\"0\">\n\t\t\t\t\t\tCity Mosaics\t\t\t\t\t<\/a>\n\t\t\t\t\t\t\t\t<\/div>\n\t\t\t\t\t<div class=\"elementor-gallery__container\">\n\t\t\t\t\t\t\t<a class=\"e-gallery-item elementor-gallery-item elementor-animated-content\" data-e-gallery-tags=\"0\" href=\"https:\/\/mancesti.ch\/wp-content\/uploads\/2026\/07\/mosaique_rolle-1.jpg\" data-elementor-open-lightbox=\"yes\" data-elementor-lightbox-slideshow=\"c6268c2\" data-elementor-lightbox-title=\"\u00ab Mosa\u00efque de Rolle \u00bb, \u0153uvre de Rita Mancesti, artiste peintre \u00e0 Rolle. Format : 100 \u00d7 100 cm.\" data-elementor-lightbox-description=\"Visuel de l\u2019\u0153uvre \u00ab Mosa\u00efque de Rolle \u00bb de Rita Mancesti. Cette composition s\u2019inscrit dans son travail consacr\u00e9 aux villes, aux architectures et aux r\u00e9cits de voyage. Dimensions de l\u2019\u0153uvre : 100 \u00d7 100 cm. Cette image documente son portfolio artistique et son site vitrine.\" data-e-action-hash=\"#elementor-action%3Aaction%3Dlightbox%26settings%3DeyJpZCI6MTk3NSwidXJsIjoiaHR0cHM6XC9cL21hbmNlc3RpLmNoXC93cC1jb250ZW50XC91cGxvYWRzXC8yMDI2XC8wN1wvbW9zYWlxdWVfcm9sbGUtMS5qcGciLCJzbGlkZXNob3ciOiJjNjI2OGMyIn0%3D\">\n\t\t\t\t\t<div class=\"e-gallery-image elementor-gallery-item__image\" data-thumbnail=\"https:\/\/mancesti.ch\/wp-content\/uploads\/2026\/07\/mosaique_rolle-1-1010x1024.jpg\" data-width=\"800\" data-height=\"811\" aria-label=\"Composition urbaine \u00ab Mosa\u00efque de Rolle \u00bb de Rita Mancesti\" role=\"img\" ><\/div>\n\t\t\t\t\t\t\t\t\t\t\t<div class=\"elementor-gallery-item__overlay\"><\/div>\n\t\t\t\t\t\t\t\t\t\t\t\t\t\t\t<div class=\"elementor-gallery-item__content\">\n\t\t\t\t\t\t\t\t\t\t\t\t\t\t<div class=\"elementor-gallery-item__title\">\n\t\t\t\t\t\t\t\t\t\t\t\t\t\t\t\t\t\t[683] - Mosa\u00efque de Rolle - 100 \u00d7 100 cm\t\t\t\t\t\t\t\t<\/div>\n\t\t\t\t\t\t\t\t\t\t\t\t<\/div>\n\t\t\t\t\t\t\t\t\t<\/a>\n\t\t\t\t\t\t\t<a class=\"e-gallery-item elementor-gallery-item elementor-animated-content\" data-e-gallery-tags=\"0\" href=\"https:\/\/mancesti.ch\/wp-content\/uploads\/2026\/07\/mosaique_sion.jpg\" data-elementor-open-lightbox=\"yes\" data-elementor-lightbox-slideshow=\"c6268c2\" data-elementor-lightbox-title=\"\u00ab Mosa\u00efque de Sion \u00bb, \u0153uvre de Rita Mancesti, artiste peintre \u00e0 Rolle. Format : 100 \u00d7 100 cm.\" data-elementor-lightbox-description=\"Visuel de l\u2019\u0153uvre \u00ab Mosa\u00efque de Sion \u00bb de Rita Mancesti. Cette composition s\u2019inscrit dans son travail consacr\u00e9 aux villes, aux architectures et aux r\u00e9cits de voyage. Dimensions de l\u2019\u0153uvre : 100 \u00d7 100 cm. Cette image documente son portfolio artistique et son site vitrine.\" data-e-action-hash=\"#elementor-action%3Aaction%3Dlightbox%26settings%3DeyJpZCI6MTk3OCwidXJsIjoiaHR0cHM6XC9cL21hbmNlc3RpLmNoXC93cC1jb250ZW50XC91cGxvYWRzXC8yMDI2XC8wN1wvbW9zYWlxdWVfc2lvbi5qcGciLCJzbGlkZXNob3ciOiJjNjI2OGMyIn0%3D\">\n\t\t\t\t\t<div class=\"e-gallery-image elementor-gallery-item__image\" data-thumbnail=\"https:\/\/mancesti.ch\/wp-content\/uploads\/2026\/07\/mosaique_sion-1024x1018.jpg\" data-width=\"800\" data-height=\"795\" aria-label=\"Composition urbaine \u00ab Mosa\u00efque de Sion \u00bb de Rita Mancesti\" role=\"img\" ><\/div>\n\t\t\t\t\t\t\t\t\t\t\t<div class=\"elementor-gallery-item__overlay\"><\/div>\n\t\t\t\t\t\t\t\t\t\t\t\t\t\t\t<div class=\"elementor-gallery-item__content\">\n\t\t\t\t\t\t\t\t\t\t\t\t\t\t<div class=\"elementor-gallery-item__title\">\n\t\t\t\t\t\t\t\t\t\t\t\t\t\t\t\t\t\t[592] - Mosa\u00efque de Sion - 100 \u00d7 100 cm\t\t\t\t\t\t\t\t<\/div>\n\t\t\t\t\t\t\t\t\t\t\t\t<\/div>\n\t\t\t\t\t\t\t\t\t<\/a>\n\t\t\t\t\t\t\t<a class=\"e-gallery-item elementor-gallery-item elementor-animated-content\" data-e-gallery-tags=\"0\" href=\"https:\/\/mancesti.ch\/wp-content\/uploads\/2026\/07\/Mosaiquedevichy.png\" data-elementor-open-lightbox=\"yes\" data-elementor-lightbox-slideshow=\"c6268c2\" data-elementor-lightbox-title=\"\u00ab Mosa\u00efque de Vichy \u00bb, \u0153uvre de Rita Mancesti, artiste peintre \u00e0 Rolle. Format : 100 \u00d7 100 cm.\" data-elementor-lightbox-description=\"Visuel de l\u2019\u0153uvre \u00ab Mosa\u00efque de Vichy \u00bb de Rita Mancesti. Cette composition s\u2019inscrit dans son travail consacr\u00e9 aux villes, aux architectures et aux r\u00e9cits de voyage. Dimensions de l\u2019\u0153uvre : 100 \u00d7 100 cm. Cette image documente son portfolio artistique et son site vitrine.\" data-e-action-hash=\"#elementor-action%3Aaction%3Dlightbox%26settings%3DeyJpZCI6MTk3MSwidXJsIjoiaHR0cHM6XC9cL21hbmNlc3RpLmNoXC93cC1jb250ZW50XC91cGxvYWRzXC8yMDI2XC8wN1wvTW9zYWlxdWVkZXZpY2h5LnBuZyIsInNsaWRlc2hvdyI6ImM2MjY4YzIifQ%3D%3D\">\n\t\t\t\t\t<div class=\"e-gallery-image elementor-gallery-item__image\" data-thumbnail=\"https:\/\/mancesti.ch\/wp-content\/uploads\/2026\/07\/Mosaiquedevichy.png\" data-width=\"640\" data-height=\"638\" aria-label=\"Composition urbaine \u00ab Mosa\u00efque de Vichy \u00bb de Rita Mancesti\" role=\"img\" ><\/div>\n\t\t\t\t\t\t\t\t\t\t\t<div class=\"elementor-gallery-item__overlay\"><\/div>\n\t\t\t\t\t\t\t\t\t\t\t\t\t\t\t<div class=\"elementor-gallery-item__content\">\n\t\t\t\t\t\t\t\t\t\t\t\t\t\t<div class=\"elementor-gallery-item__title\">\n\t\t\t\t\t\t\t\t\t\t\t\t\t\t\t\t\t\t[606] - Mosa\u00efque de Vichy - 100 \u00d7 100 cm\t\t\t\t\t\t\t\t<\/div>\n\t\t\t\t\t\t\t\t\t\t\t\t<\/div>\n\t\t\t\t\t\t\t\t\t<\/a>\n\t\t\t\t\t\t\t<a class=\"e-gallery-item elementor-gallery-item elementor-animated-content\" data-e-gallery-tags=\"0\" href=\"https:\/\/mancesti.ch\/wp-content\/uploads\/2026\/07\/mosaique_luganese-scaled.jpg\" data-elementor-open-lightbox=\"yes\" data-elementor-lightbox-slideshow=\"c6268c2\" data-elementor-lightbox-title=\"\u00ab Mosa\u00efque de Lugano \u00bb, \u0153uvre de Rita Mancesti, artiste peintre \u00e0 Rolle. Format : 100 \u00d7 100 cm.\" data-elementor-lightbox-description=\"Visuel de l\u2019\u0153uvre \u00ab Mosa\u00efque de Lugano \u00bb de Rita Mancesti. Cette composition s\u2019inscrit dans son travail consacr\u00e9 aux villes, aux architectures et aux r\u00e9cits de voyage. Dimensions de l\u2019\u0153uvre : 100 \u00d7 100 cm. Cette image documente son portfolio artistique et son site vitrine.\" data-e-action-hash=\"#elementor-action%3Aaction%3Dlightbox%26settings%3DeyJpZCI6MTk3NywidXJsIjoiaHR0cHM6XC9cL21hbmNlc3RpLmNoXC93cC1jb250ZW50XC91cGxvYWRzXC8yMDI2XC8wN1wvbW9zYWlxdWVfbHVnYW5lc2Utc2NhbGVkLmpwZyIsInNsaWRlc2hvdyI6ImM2MjY4YzIifQ%3D%3D\">\n\t\t\t\t\t<div class=\"e-gallery-image elementor-gallery-item__image\" data-thumbnail=\"https:\/\/mancesti.ch\/wp-content\/uploads\/2026\/07\/mosaique_luganese-1020x1024.jpg\" data-width=\"800\" data-height=\"803\" aria-label=\"Composition urbaine \u00ab Mosa\u00efque de Lugano \u00bb de Rita Mancesti\" role=\"img\" ><\/div>\n\t\t\t\t\t\t\t\t\t\t\t<div class=\"elementor-gallery-item__overlay\"><\/div>\n\t\t\t\t\t\t\t\t\t\t\t\t\t\t\t<div class=\"elementor-gallery-item__content\">\n\t\t\t\t\t\t\t\t\t\t\t\t\t\t<div class=\"elementor-gallery-item__title\">\n\t\t\t\t\t\t\t\t\t\t\t\t\t\t\t\t\t\t[700] - Mosa\u00efque de Lugano- 100 \u00d7 100 cm\t\t\t\t\t\t\t\t<\/div>\n\t\t\t\t\t\t\t\t\t\t\t\t<\/div>\n\t\t\t\t\t\t\t\t\t<\/a>\n\t\t\t\t\t\t\t<a class=\"e-gallery-item elementor-gallery-item elementor-animated-content\" data-e-gallery-tags=\"0\" href=\"https:\/\/mancesti.ch\/wp-content\/uploads\/2026\/07\/mosaiquedesolivers.jpg\" data-elementor-open-lightbox=\"yes\" data-elementor-lightbox-slideshow=\"c6268c2\" data-elementor-lightbox-title=\"\u00ab Mosa\u00efque des oliviers \u00bb, \u0153uvre de Rita Mancesti, artiste peintre \u00e0 Rolle. Format : 100 \u00d7 100 cm.\" data-elementor-lightbox-description=\"Visuel de l\u2019\u0153uvre \u00ab Mosa\u00efque des oliviers \u00bb de Rita Mancesti. Cette composition s\u2019inscrit dans son travail consacr\u00e9 aux villes, aux architectures et aux r\u00e9cits de voyage. Dimensions de l\u2019\u0153uvre : 100 \u00d7 100 cm. Cette image documente son portfolio artistique et son site vitrine.\" data-e-action-hash=\"#elementor-action%3Aaction%3Dlightbox%26settings%3DeyJpZCI6MTk3NCwidXJsIjoiaHR0cHM6XC9cL21hbmNlc3RpLmNoXC93cC1jb250ZW50XC91cGxvYWRzXC8yMDI2XC8wN1wvbW9zYWlxdWVkZXNvbGl2ZXJzLmpwZyIsInNsaWRlc2hvdyI6ImM2MjY4YzIifQ%3D%3D\">\n\t\t\t\t\t<div class=\"e-gallery-image elementor-gallery-item__image\" data-thumbnail=\"https:\/\/mancesti.ch\/wp-content\/uploads\/2026\/07\/mosaiquedesolivers-1024x1016.jpg\" data-width=\"800\" data-height=\"794\" aria-label=\"Composition urbaine \u00ab Mosa\u00efque des oliviers \u00bb de Rita Mancesti\" role=\"img\" ><\/div>\n\t\t\t\t\t\t\t\t\t\t\t<div class=\"elementor-gallery-item__overlay\"><\/div>\n\t\t\t\t\t\t\t\t\t\t\t\t\t\t\t<div class=\"elementor-gallery-item__content\">\n\t\t\t\t\t\t\t\t\t\t\t\t\t\t<div class=\"elementor-gallery-item__title\">\n\t\t\t\t\t\t\t\t\t\t\t\t\t\t\t\t\t\t[564] - Mosa\u00efque des oliviers- 100 \u00d7 100 cm\t\t\t\t\t\t\t\t<\/div>\n\t\t\t\t\t\t\t\t\t\t\t\t<\/div>\n\t\t\t\t\t\t\t\t\t<\/a>\n\t\t\t\t\t\t\t<a class=\"e-gallery-item elementor-gallery-item elementor-animated-content\" data-e-gallery-tags=\"0\" href=\"https:\/\/mancesti.ch\/wp-content\/uploads\/2026\/07\/mosaiquesarde.jpg\" data-elementor-open-lightbox=\"yes\" data-elementor-lightbox-slideshow=\"c6268c2\" data-elementor-lightbox-title=\"\u00ab Mosa\u00efque sarde \u00bb, \u0153uvre de Rita Mancesti, artiste peintre \u00e0 Rolle. Format : 100 \u00d7 100 cm.\" data-elementor-lightbox-description=\"Visuel de l\u2019\u0153uvre \u00ab Mosa\u00efque sarde \u00bb de Rita Mancesti. Cette composition s\u2019inscrit dans son travail consacr\u00e9 aux villes, aux architectures et aux r\u00e9cits de voyage. Dimensions de l\u2019\u0153uvre : 100 \u00d7 100 cm. Cette image documente son portfolio artistique et son site vitrine.\" data-e-action-hash=\"#elementor-action%3Aaction%3Dlightbox%26settings%3DeyJpZCI6MTk3MiwidXJsIjoiaHR0cHM6XC9cL21hbmNlc3RpLmNoXC93cC1jb250ZW50XC91cGxvYWRzXC8yMDI2XC8wN1wvbW9zYWlxdWVzYXJkZS5qcGciLCJzbGlkZXNob3ciOiJjNjI2OGMyIn0%3D\">\n\t\t\t\t\t<div class=\"e-gallery-image elementor-gallery-item__image\" data-thumbnail=\"https:\/\/mancesti.ch\/wp-content\/uploads\/2026\/07\/mosaiquesarde-1024x1007.jpg\" data-width=\"800\" data-height=\"787\" aria-label=\"Composition urbaine \u00ab Mosa\u00efque sarde \u00bb de Rita Mancesti\" role=\"img\" ><\/div>\n\t\t\t\t\t\t\t\t\t\t\t<div class=\"elementor-gallery-item__overlay\"><\/div>\n\t\t\t\t\t\t\t\t\t\t\t\t\t\t\t<div class=\"elementor-gallery-item__content\">\n\t\t\t\t\t\t\t\t\t\t\t\t\t\t<div class=\"elementor-gallery-item__title\">\n\t\t\t\t\t\t\t\t\t\t\t\t\t\t\t\t\t\t[292] - Mosa\u00efque sarde - 100 \u00d7 100 cm\t\t\t\t\t\t\t\t<\/div>\n\t\t\t\t\t\t\t\t\t\t\t\t<\/div>\n\t\t\t\t\t\t\t\t\t<\/a>\n\t\t\t\t\t\t\t<a class=\"e-gallery-item elementor-gallery-item elementor-animated-content\" data-e-gallery-tags=\"0\" href=\"https:\/\/mancesti.ch\/wp-content\/uploads\/2026\/07\/mosaique_fribourg-scaled.jpeg\" data-elementor-open-lightbox=\"yes\" data-elementor-lightbox-slideshow=\"c6268c2\" data-elementor-lightbox-title=\"\u00ab Mosa\u00efque de Fribourg \u00bb, \u0153uvre de Rita Mancesti, artiste peintre \u00e0 Rolle. Format : 100 \u00d7 100 cm.\" data-elementor-lightbox-description=\"Visuel de l\u2019\u0153uvre \u00ab Mosa\u00efque de Fribourg \u00bb de Rita Mancesti. Cette composition s\u2019inscrit dans son travail consacr\u00e9 aux villes, aux architectures et aux r\u00e9cits de voyage. Dimensions de l\u2019\u0153uvre : 100 \u00d7 100 cm. Cette image documente son portfolio artistique et son site vitrine.\" data-e-action-hash=\"#elementor-action%3Aaction%3Dlightbox%26settings%3DeyJpZCI6MTk3NiwidXJsIjoiaHR0cHM6XC9cL21hbmNlc3RpLmNoXC93cC1jb250ZW50XC91cGxvYWRzXC8yMDI2XC8wN1wvbW9zYWlxdWVfZnJpYm91cmctc2NhbGVkLmpwZWciLCJzbGlkZXNob3ciOiJjNjI2OGMyIn0%3D\">\n\t\t\t\t\t<div class=\"e-gallery-image elementor-gallery-item__image\" data-thumbnail=\"https:\/\/mancesti.ch\/wp-content\/uploads\/2026\/07\/mosaique_fribourg-1024x1011.jpeg\" data-width=\"800\" data-height=\"790\" aria-label=\"Composition urbaine \u00ab Mosa\u00efque de Fribourg \u00bb de Rita Mancesti\" role=\"img\" ><\/div>\n\t\t\t\t\t\t\t\t\t\t\t<div class=\"elementor-gallery-item__overlay\"><\/div>\n\t\t\t\t\t\t\t\t\t\t\t\t\t\t\t<div class=\"elementor-gallery-item__content\">\n\t\t\t\t\t\t\t\t\t\t\t\t\t\t<div class=\"elementor-gallery-item__title\">\n\t\t\t\t\t\t\t\t\t\t\t\t\t\t\t\t\t\t[726] - Mosa\u00efque de Fribourg - 100 \u00d7 100 cm\t\t\t\t\t\t\t\t<\/div>\n\t\t\t\t\t\t\t\t\t\t\t\t<\/div>\n\t\t\t\t\t\t\t\t\t<\/a>\n\t\t\t\t\t\t\t<a class=\"e-gallery-item elementor-gallery-item elementor-animated-content\" data-e-gallery-tags=\"0\" href=\"https:\/\/mancesti.ch\/wp-content\/uploads\/2026\/07\/mosaiquedegrece.jpg\" data-elementor-open-lightbox=\"yes\" data-elementor-lightbox-slideshow=\"c6268c2\" data-elementor-lightbox-title=\"\u00ab Mosa\u00efque grecque \u00bb, \u0153uvre de Rita Mancesti, artiste peintre \u00e0 Rolle. Format : 100 \u00d7 100 cm.\" data-elementor-lightbox-description=\"Visuel de l\u2019\u0153uvre \u00ab Mosa\u00efque grecque \u00bb de Rita Mancesti. Cette composition s\u2019inscrit dans son travail consacr\u00e9 aux villes, aux architectures et aux r\u00e9cits de voyage. Dimensions de l\u2019\u0153uvre : 100 \u00d7 100 cm. Cette image documente son portfolio artistique et son site vitrine.\" data-e-action-hash=\"#elementor-action%3Aaction%3Dlightbox%26settings%3DeyJpZCI6MTk3MywidXJsIjoiaHR0cHM6XC9cL21hbmNlc3RpLmNoXC93cC1jb250ZW50XC91cGxvYWRzXC8yMDI2XC8wN1wvbW9zYWlxdWVkZWdyZWNlLmpwZyIsInNsaWRlc2hvdyI6ImM2MjY4YzIifQ%3D%3D\">\n\t\t\t\t\t<div class=\"e-gallery-image elementor-gallery-item__image\" data-thumbnail=\"https:\/\/mancesti.ch\/wp-content\/uploads\/2026\/07\/mosaiquedegrece-1024x1022.jpg\" data-width=\"800\" data-height=\"798\" aria-label=\"Composition urbaine \u00ab Mosa\u00efque grecque \u00bb de Rita Mancesti\" role=\"img\" ><\/div>\n\t\t\t\t\t\t\t\t\t\t\t<div class=\"elementor-gallery-item__overlay\"><\/div>\n\t\t\t\t\t\t\t\t\t\t\t\t\t\t\t<div class=\"elementor-gallery-item__content\">\n\t\t\t\t\t\t\t\t\t\t\t\t\t\t<div class=\"elementor-gallery-item__title\">\n\t\t\t\t\t\t\t\t\t\t\t\t\t\t\t\t\t\t[168] - Mosa\u00efque grecque - 100 \u00d7 100 cm\t\t\t\t\t\t\t\t<\/div>\n\t\t\t\t\t\t\t\t\t\t\t\t<\/div>\n\t\t\t\t\t\t\t\t\t<\/a>\n\t\t\t\t\t<\/div>\n\t\t\t\t\t<\/div>\n\t\t\t\t<\/div>\n\t\t<div class=\"elementor-element elementor-element-89992ac e-con-full elementor-hidden-desktop elementor-hidden-tablet e-flex e-con e-child\" data-id=\"89992ac\" data-element_type=\"container\" data-e-type=\"container\" id=\"sommet\" data-settings=\"{&quot;jet_parallax_layout_list&quot;:[]}\">\n\t\t\t\t<div class=\"elementor-element elementor-element-337b58c elementor-gallery--filter-align-center elementor-widget__width-initial elementor-widget elementor-widget-gallery\" data-id=\"337b58c\" data-element_type=\"widget\" data-e-type=\"widget\" data-settings=\"{&quot;columns&quot;:3,&quot;columns_mobile&quot;:2,&quot;aspect_ratio&quot;:&quot;1:1&quot;,&quot;overlay_title&quot;:&quot;title&quot;,&quot;lazyload&quot;:&quot;yes&quot;,&quot;gallery_layout&quot;:&quot;grid&quot;,&quot;columns_tablet&quot;:2,&quot;gap&quot;:{&quot;unit&quot;:&quot;px&quot;,&quot;size&quot;:10,&quot;sizes&quot;:[]},&quot;gap_tablet&quot;:{&quot;unit&quot;:&quot;px&quot;,&quot;size&quot;:10,&quot;sizes&quot;:[]},&quot;gap_mobile&quot;:{&quot;unit&quot;:&quot;px&quot;,&quot;size&quot;:10,&quot;sizes&quot;:[]},&quot;link_to&quot;:&quot;file&quot;,&quot;overlay_background&quot;:&quot;yes&quot;,&quot;content_hover_animation&quot;:&quot;fade-in&quot;}\" data-widget_type=\"gallery.default\">\n\t\t\t\t\t\t\t\t<div class=\"elementor-gallery__titles-container e--pointer-text e--animation-grow\" aria-label=\"Gallery filter\">\n\t\t\t\t\n\t\t\t\t\t\t\t\t\t<a class=\"elementor-item elementor-gallery-title\" role=\"button\" tabindex=\"0\" data-gallery-index=\"0\">\n\t\t\t\t\t\t The Peaks of Freedom\t\t\t\t\t<\/a>\n\t\t\t\t\t\t\t\t<\/div>\n\t\t\t\t\t<div class=\"elementor-gallery__container\">\n\t\t\t\t\t\t\t<a class=\"e-gallery-item elementor-gallery-item elementor-animated-content\" data-e-gallery-tags=\"0\" href=\"https:\/\/mancesti.ch\/wp-content\/uploads\/2026\/07\/IMG_9123.jpg\" data-elementor-open-lightbox=\"yes\" data-elementor-lightbox-slideshow=\"337b58c\" data-elementor-lightbox-title=\"\u00ab Creux-du-Vau \u00bb, \u0153uvre de Rita Mancesti, artiste peintre \u00e0 Rolle. Format : 150 \u00d7 170 cm.\" data-elementor-lightbox-description=\"Visuel de l\u2019\u0153uvre \u00ab Creux-du-Vau \u00bb de Rita Mancesti. Cette \u0153uvre illustre l\u2019univers figuratif et color\u00e9 de l\u2019artiste. Dimensions de l\u2019\u0153uvre : 150 \u00d7 170 cm. Cette image documente son portfolio artistique et son site vitrine.\" data-e-action-hash=\"#elementor-action%3Aaction%3Dlightbox%26settings%3DeyJpZCI6MTk4MiwidXJsIjoiaHR0cHM6XC9cL21hbmNlc3RpLmNoXC93cC1jb250ZW50XC91cGxvYWRzXC8yMDI2XC8wN1wvSU1HXzkxMjMuanBnIiwic2xpZGVzaG93IjoiMzM3YjU4YyJ9\">\n\t\t\t\t\t<div class=\"e-gallery-image elementor-gallery-item__image\" data-thumbnail=\"https:\/\/mancesti.ch\/wp-content\/uploads\/2026\/07\/IMG_9123-1024x870.jpg\" data-width=\"800\" data-height=\"680\" aria-label=\"Tableau \u00ab Creux-du-Vau \u00bb de Rita Mancesti\" role=\"img\" ><\/div>\n\t\t\t\t\t\t\t\t\t\t\t<div class=\"elementor-gallery-item__overlay\"><\/div>\n\t\t\t\t\t\t\t\t\t\t\t\t\t\t\t<div class=\"elementor-gallery-item__content\">\n\t\t\t\t\t\t\t\t\t\t\t\t\t\t<div class=\"elementor-gallery-item__title\">\n\t\t\t\t\t\t\t\t\t\t\t\t\t\t\t\t\t\t[636] - Creux-du-Vau - 150 \u00d7 170 cm\t\t\t\t\t\t\t\t<\/div>\n\t\t\t\t\t\t\t\t\t\t\t\t<\/div>\n\t\t\t\t\t\t\t\t\t<\/a>\n\t\t\t\t\t\t\t<a class=\"e-gallery-item elementor-gallery-item elementor-animated-content\" data-e-gallery-tags=\"0\" href=\"https:\/\/mancesti.ch\/wp-content\/uploads\/2026\/07\/IMG_7918-scaled-1.jpg\" data-elementor-open-lightbox=\"yes\" data-elementor-lightbox-slideshow=\"337b58c\" data-elementor-lightbox-title=\"\u00ab Gastlosen \u00bb, \u0153uvre de Rita Mancesti, artiste peintre \u00e0 Rolle. Format : 150 \u00d7 170 cm.\" data-elementor-lightbox-description=\"Visuel de l\u2019\u0153uvre \u00ab Gastlosen \u00bb de Rita Mancesti. Cette \u0153uvre s\u2019inscrit dans son exploration des paysages suisses et alpins. Dimensions de l\u2019\u0153uvre : 150 \u00d7 170 cm. Cette image documente son portfolio artistique et son site vitrine.\" data-e-action-hash=\"#elementor-action%3Aaction%3Dlightbox%26settings%3DeyJpZCI6MTk4OCwidXJsIjoiaHR0cHM6XC9cL21hbmNlc3RpLmNoXC93cC1jb250ZW50XC91cGxvYWRzXC8yMDI2XC8wN1wvSU1HXzc5MTgtc2NhbGVkLTEuanBnIiwic2xpZGVzaG93IjoiMzM3YjU4YyJ9\">\n\t\t\t\t\t<div class=\"e-gallery-image elementor-gallery-item__image\" data-thumbnail=\"https:\/\/mancesti.ch\/wp-content\/uploads\/2026\/07\/IMG_7918-scaled-1-1024x853.jpg\" data-width=\"800\" data-height=\"666\" aria-label=\"Peinture de paysage suisse \u00ab Gastlosen \u00bb de Rita Mancesti\" role=\"img\" ><\/div>\n\t\t\t\t\t\t\t\t\t\t\t<div class=\"elementor-gallery-item__overlay\"><\/div>\n\t\t\t\t\t\t\t\t\t\t\t\t\t\t\t<div class=\"elementor-gallery-item__content\">\n\t\t\t\t\t\t\t\t\t\t\t\t\t\t<div class=\"elementor-gallery-item__title\">\n\t\t\t\t\t\t\t\t\t\t\t\t\t\t\t\t\t\t[631] - Gastlosen - 150 \u00d7 170 cm\t\t\t\t\t\t\t\t<\/div>\n\t\t\t\t\t\t\t\t\t\t\t\t<\/div>\n\t\t\t\t\t\t\t\t\t<\/a>\n\t\t\t\t\t\t\t<a class=\"e-gallery-item elementor-gallery-item elementor-animated-content\" data-e-gallery-tags=\"0\" href=\"https:\/\/mancesti.ch\/wp-content\/uploads\/2026\/07\/OH7A0302-scaled-1.jpg\" data-elementor-open-lightbox=\"yes\" data-elementor-lightbox-slideshow=\"337b58c\" data-elementor-lightbox-title=\"Installation en plein air du projet artistique Freedom Peaks.\" data-elementor-lightbox-description=\"Photographie de Rita Mancesti et des panneaux peints de Freedom Peaks d\u00e9ploy\u00e9s dans un paysage suisse pour cr\u00e9er une installation artistique \u00e0 grande \u00e9chelle.\" data-e-action-hash=\"#elementor-action%3Aaction%3Dlightbox%26settings%3DeyJpZCI6MTk5NiwidXJsIjoiaHR0cHM6XC9cL21hbmNlc3RpLmNoXC93cC1jb250ZW50XC91cGxvYWRzXC8yMDI2XC8wN1wvT0g3QTAzMDItc2NhbGVkLTEuanBnIiwic2xpZGVzaG93IjoiMzM3YjU4YyJ9\">\n\t\t\t\t\t<div class=\"e-gallery-image elementor-gallery-item__image\" data-thumbnail=\"https:\/\/mancesti.ch\/wp-content\/uploads\/2026\/07\/OH7A0302-scaled-1-1024x683.jpg\" data-width=\"800\" data-height=\"534\" aria-label=\"Rita Mancesti installe les panneaux peints de Freedom Peaks en plein air\" role=\"img\" ><\/div>\n\t\t\t\t\t\t\t\t\t\t\t<div class=\"elementor-gallery-item__overlay\"><\/div>\n\t\t\t\t\t\t\t\t\t\t\t\t\t\t\t<div class=\"elementor-gallery-item__content\">\n\t\t\t\t\t\t\t\t\t\t\t\t\t\t<div class=\"elementor-gallery-item__title\">\n\t\t\t\t\t\t\t\t\t\t\t\t\t\t\t\t\t\tInstallation Freedom Peaks dans un paysage suisse\t\t\t\t\t\t\t\t<\/div>\n\t\t\t\t\t\t\t\t\t\t\t\t<\/div>\n\t\t\t\t\t\t\t\t\t<\/a>\n\t\t\t\t\t\t\t<a class=\"e-gallery-item elementor-gallery-item elementor-animated-content\" data-e-gallery-tags=\"0\" href=\"https:\/\/mancesti.ch\/wp-content\/uploads\/2026\/07\/IMG_9049-scaled-1.jpg\" data-elementor-open-lightbox=\"yes\" data-elementor-lightbox-slideshow=\"337b58c\" data-elementor-lightbox-title=\"\u00ab Ticino \u00bb, \u0153uvre de Rita Mancesti, artiste peintre \u00e0 Rolle. Format : 150 \u00d7 170 cm.\" data-elementor-lightbox-description=\"Visuel de l\u2019\u0153uvre \u00ab Ticino \u00bb de Rita Mancesti. Cette \u0153uvre illustre l\u2019univers figuratif et color\u00e9 de l\u2019artiste. Dimensions de l\u2019\u0153uvre : 150 \u00d7 170 cm. Cette image documente son portfolio artistique et son site vitrine.\" data-e-action-hash=\"#elementor-action%3Aaction%3Dlightbox%26settings%3DeyJpZCI6MTk4MywidXJsIjoiaHR0cHM6XC9cL21hbmNlc3RpLmNoXC93cC1jb250ZW50XC91cGxvYWRzXC8yMDI2XC8wN1wvSU1HXzkwNDktc2NhbGVkLTEuanBnIiwic2xpZGVzaG93IjoiMzM3YjU4YyJ9\">\n\t\t\t\t\t<div class=\"e-gallery-image elementor-gallery-item__image\" data-thumbnail=\"https:\/\/mancesti.ch\/wp-content\/uploads\/2026\/07\/IMG_9049-scaled-1-1024x850.jpg\" data-width=\"800\" data-height=\"664\" aria-label=\"Tableau \u00ab Ticino \u00bb de Rita Mancesti\" role=\"img\" ><\/div>\n\t\t\t\t\t\t\t\t\t\t\t<div class=\"elementor-gallery-item__overlay\"><\/div>\n\t\t\t\t\t\t\t\t\t\t\t\t\t\t\t<div class=\"elementor-gallery-item__content\">\n\t\t\t\t\t\t\t\t\t\t\t\t\t\t<div class=\"elementor-gallery-item__title\">\n\t\t\t\t\t\t\t\t\t\t\t\t\t\t\t\t\t\t[637] - Ticino - 150 \u00d7 170 cm\t\t\t\t\t\t\t\t<\/div>\n\t\t\t\t\t\t\t\t\t\t\t\t<\/div>\n\t\t\t\t\t\t\t\t\t<\/a>\n\t\t\t\t\t\t\t<a class=\"e-gallery-item elementor-gallery-item elementor-animated-content\" data-e-gallery-tags=\"0\" href=\"https:\/\/mancesti.ch\/wp-content\/uploads\/2026\/07\/IMG_8937-scaled-1.jpg\" data-elementor-open-lightbox=\"yes\" data-elementor-lightbox-slideshow=\"337b58c\" data-elementor-lightbox-title=\"\u00ab Piz Pisoc \u00bb, \u0153uvre de Rita Mancesti, artiste peintre \u00e0 Rolle. Format : 150 \u00d7 170 cm.\" data-elementor-lightbox-description=\"Visuel de l\u2019\u0153uvre \u00ab Piz Pisoc \u00bb de Rita Mancesti. Cette \u0153uvre s\u2019inscrit dans son exploration des paysages suisses et alpins. Dimensions de l\u2019\u0153uvre : 150 \u00d7 170 cm. Cette image documente son portfolio artistique et son site vitrine.\" data-e-action-hash=\"#elementor-action%3Aaction%3Dlightbox%26settings%3DeyJpZCI6MTk4NCwidXJsIjoiaHR0cHM6XC9cL21hbmNlc3RpLmNoXC93cC1jb250ZW50XC91cGxvYWRzXC8yMDI2XC8wN1wvSU1HXzg5Mzctc2NhbGVkLTEuanBnIiwic2xpZGVzaG93IjoiMzM3YjU4YyJ9\">\n\t\t\t\t\t<div class=\"e-gallery-image elementor-gallery-item__image\" data-thumbnail=\"https:\/\/mancesti.ch\/wp-content\/uploads\/2026\/07\/IMG_8937-scaled-1-1024x855.jpg\" data-width=\"800\" data-height=\"668\" aria-label=\"Peinture de paysage suisse \u00ab Piz Pisoc \u00bb de Rita Mancesti\" role=\"img\" ><\/div>\n\t\t\t\t\t\t\t\t\t\t\t<div class=\"elementor-gallery-item__overlay\"><\/div>\n\t\t\t\t\t\t\t\t\t\t\t\t\t\t\t<div class=\"elementor-gallery-item__content\">\n\t\t\t\t\t\t\t\t\t\t\t\t\t\t<div class=\"elementor-gallery-item__title\">\n\t\t\t\t\t\t\t\t\t\t\t\t\t\t\t\t\t\t[635] - Pisoc - 150 \u00d7 170 cm\t\t\t\t\t\t\t\t<\/div>\n\t\t\t\t\t\t\t\t\t\t\t\t<\/div>\n\t\t\t\t\t\t\t\t\t<\/a>\n\t\t\t\t\t\t\t<a class=\"e-gallery-item elementor-gallery-item elementor-animated-content\" data-e-gallery-tags=\"0\" href=\"https:\/\/mancesti.ch\/wp-content\/uploads\/2026\/07\/IMG_9315.jpg\" data-elementor-open-lightbox=\"yes\" data-elementor-lightbox-slideshow=\"337b58c\" data-elementor-lightbox-title=\"\u00ab Mont Collon \u00bb, \u0153uvre de Rita Mancesti, artiste peintre \u00e0 Rolle. Format : 150 \u00d7 170 cm.\" data-elementor-lightbox-description=\"Visuel de l\u2019\u0153uvre \u00ab Mont Collon \u00bb de Rita Mancesti. Cette \u0153uvre s\u2019inscrit dans son exploration des paysages suisses et alpins. Dimensions de l\u2019\u0153uvre : 150 \u00d7 170 cm. Cette image documente son portfolio artistique et son site vitrine.\" data-e-action-hash=\"#elementor-action%3Aaction%3Dlightbox%26settings%3DeyJpZCI6MTk3OSwidXJsIjoiaHR0cHM6XC9cL21hbmNlc3RpLmNoXC93cC1jb250ZW50XC91cGxvYWRzXC8yMDI2XC8wN1wvSU1HXzkzMTUuanBnIiwic2xpZGVzaG93IjoiMzM3YjU4YyJ9\">\n\t\t\t\t\t<div class=\"e-gallery-image elementor-gallery-item__image\" data-thumbnail=\"https:\/\/mancesti.ch\/wp-content\/uploads\/2026\/07\/IMG_9315-1024x855.jpg\" data-width=\"800\" data-height=\"668\" aria-label=\"Peinture de paysage suisse \u00ab Mont Collon \u00bb de Rita Mancesti\" role=\"img\" ><\/div>\n\t\t\t\t\t\t\t\t\t\t\t<div class=\"elementor-gallery-item__overlay\"><\/div>\n\t\t\t\t\t\t\t\t\t\t\t\t\t\t\t<div class=\"elementor-gallery-item__content\">\n\t\t\t\t\t\t\t\t\t\t\t\t\t\t<div class=\"elementor-gallery-item__title\">\n\t\t\t\t\t\t\t\t\t\t\t\t\t\t\t\t\t\t[640] - Mont Collon - 150 \u00d7 170 cm\t\t\t\t\t\t\t\t<\/div>\n\t\t\t\t\t\t\t\t\t\t\t\t<\/div>\n\t\t\t\t\t\t\t\t\t<\/a>\n\t\t\t\t\t\t\t<a class=\"e-gallery-item elementor-gallery-item elementor-animated-content\" data-e-gallery-tags=\"0\" href=\"https:\/\/mancesti.ch\/wp-content\/uploads\/2026\/07\/OH7A0402-scaled-1.jpg\" data-elementor-open-lightbox=\"yes\" data-elementor-lightbox-slideshow=\"337b58c\" data-elementor-lightbox-title=\"Installation en plein air du projet artistique Freedom Peaks.\" data-elementor-lightbox-description=\"Photographie de Rita Mancesti et des panneaux peints de Freedom Peaks d\u00e9ploy\u00e9s dans un paysage suisse pour cr\u00e9er une installation artistique \u00e0 grande \u00e9chelle.\" data-e-action-hash=\"#elementor-action%3Aaction%3Dlightbox%26settings%3DeyJpZCI6MTk5OCwidXJsIjoiaHR0cHM6XC9cL21hbmNlc3RpLmNoXC93cC1jb250ZW50XC91cGxvYWRzXC8yMDI2XC8wN1wvT0g3QTA0MDItc2NhbGVkLTEuanBnIiwic2xpZGVzaG93IjoiMzM3YjU4YyJ9\">\n\t\t\t\t\t<div class=\"e-gallery-image elementor-gallery-item__image\" data-thumbnail=\"https:\/\/mancesti.ch\/wp-content\/uploads\/2026\/07\/OH7A0402-scaled-1-819x1024.jpg\" data-width=\"800\" data-height=\"1000\" aria-label=\"Rita Mancesti installe les panneaux peints de Freedom Peaks en plein air\" role=\"img\" ><\/div>\n\t\t\t\t\t\t\t\t\t\t\t<div class=\"elementor-gallery-item__overlay\"><\/div>\n\t\t\t\t\t\t\t\t\t\t\t\t\t\t\t<div class=\"elementor-gallery-item__content\">\n\t\t\t\t\t\t\t\t\t\t\t\t\t\t<div class=\"elementor-gallery-item__title\">\n\t\t\t\t\t\t\t\t\t\t\t\t\t\t\t\t\t\tInstallation Freedom Peaks dans un paysage suisse\t\t\t\t\t\t\t\t<\/div>\n\t\t\t\t\t\t\t\t\t\t\t\t<\/div>\n\t\t\t\t\t\t\t\t\t<\/a>\n\t\t\t\t\t\t\t<a class=\"e-gallery-item elementor-gallery-item elementor-animated-content\" data-e-gallery-tags=\"0\" href=\"https:\/\/mancesti.ch\/wp-content\/uploads\/2026\/07\/IMG_6637-scaled-1.jpg\" data-elementor-open-lightbox=\"yes\" data-elementor-lightbox-slideshow=\"337b58c\" data-elementor-lightbox-title=\"\u00ab Matterhorn \u00bb, \u0153uvre de Rita Mancesti, artiste peintre \u00e0 Rolle. Format : 150 \u00d7 170 cm.\" data-elementor-lightbox-description=\"Visuel de l\u2019\u0153uvre \u00ab Matterhorn \u00bb de Rita Mancesti. Cette \u0153uvre s\u2019inscrit dans son exploration des paysages suisses et alpins. Dimensions de l\u2019\u0153uvre : 150 \u00d7 170 cm. Cette image documente son portfolio artistique et son site vitrine.\" data-e-action-hash=\"#elementor-action%3Aaction%3Dlightbox%26settings%3DeyJpZCI6MTk4OSwidXJsIjoiaHR0cHM6XC9cL21hbmNlc3RpLmNoXC93cC1jb250ZW50XC91cGxvYWRzXC8yMDI2XC8wN1wvSU1HXzY2Mzctc2NhbGVkLTEuanBnIiwic2xpZGVzaG93IjoiMzM3YjU4YyJ9\">\n\t\t\t\t\t<div class=\"e-gallery-image elementor-gallery-item__image\" data-thumbnail=\"https:\/\/mancesti.ch\/wp-content\/uploads\/2026\/07\/IMG_6637-scaled-1-1024x780.jpg\" data-width=\"800\" data-height=\"609\" aria-label=\"Peinture de paysage suisse \u00ab Matterhorn \u00bb de Rita Mancesti\" role=\"img\" ><\/div>\n\t\t\t\t\t\t\t\t\t\t\t<div class=\"elementor-gallery-item__overlay\"><\/div>\n\t\t\t\t\t\t\t\t\t\t\t\t\t\t\t<div class=\"elementor-gallery-item__content\">\n\t\t\t\t\t\t\t\t\t\t\t\t\t\t<div class=\"elementor-gallery-item__title\">\n\t\t\t\t\t\t\t\t\t\t\t\t\t\t\t\t\t\t[623] - Matterhorn - 150 \u00d7 170 cm\t\t\t\t\t\t\t\t<\/div>\n\t\t\t\t\t\t\t\t\t\t\t\t<\/div>\n\t\t\t\t\t\t\t\t\t<\/a>\n\t\t\t\t\t\t\t<a class=\"e-gallery-item elementor-gallery-item elementor-animated-content\" data-e-gallery-tags=\"0\" href=\"https:\/\/mancesti.ch\/wp-content\/uploads\/2026\/07\/IMG_8698-scaled-1.jpg\" data-elementor-open-lightbox=\"yes\" data-elementor-lightbox-slideshow=\"337b58c\" data-elementor-lightbox-title=\"Parcours suisse du projet artistique Freedom Peaks de Rita Mancesti.\" data-elementor-lightbox-description=\"Carte documentant l\u2019itin\u00e9raire et les \u00e9tapes du projet Freedom Peaks, installation artistique de Rita Mancesti consacr\u00e9e aux sommets suisses.\" data-e-action-hash=\"#elementor-action%3Aaction%3Dlightbox%26settings%3DeyJpZCI6MTk5NSwidXJsIjoiaHR0cHM6XC9cL21hbmNlc3RpLmNoXC93cC1jb250ZW50XC91cGxvYWRzXC8yMDI2XC8wN1wvSU1HXzg2OTgtc2NhbGVkLTEuanBnIiwic2xpZGVzaG93IjoiMzM3YjU4YyJ9\">\n\t\t\t\t\t<div class=\"e-gallery-image elementor-gallery-item__image\" data-thumbnail=\"https:\/\/mancesti.ch\/wp-content\/uploads\/2026\/07\/IMG_8698-scaled-1-1024x710.jpg\" data-width=\"800\" data-height=\"555\" aria-label=\"Carte de Suisse pr\u00e9sentant le parcours du projet Freedom Peaks\" role=\"img\" ><\/div>\n\t\t\t\t\t\t\t\t\t\t\t<div class=\"elementor-gallery-item__overlay\"><\/div>\n\t\t\t\t\t\t\t\t\t\t\t\t\t\t\t<div class=\"elementor-gallery-item__content\">\n\t\t\t\t\t\t\t\t\t\t\t\t\t\t<div class=\"elementor-gallery-item__title\">\n\t\t\t\t\t\t\t\t\t\t\t\t\t\t\t\t\t\tCarte du parcours Freedom Peaks\t\t\t\t\t\t\t\t<\/div>\n\t\t\t\t\t\t\t\t\t\t\t\t<\/div>\n\t\t\t\t\t\t\t\t\t<\/a>\n\t\t\t\t\t\t\t<a class=\"e-gallery-item elementor-gallery-item elementor-animated-content\" data-e-gallery-tags=\"0\" href=\"https:\/\/mancesti.ch\/wp-content\/uploads\/2026\/07\/IMG_8685-scaled-1.jpg\" data-elementor-open-lightbox=\"yes\" data-elementor-lightbox-slideshow=\"337b58c\" data-elementor-lightbox-title=\"\u00ab Bernina \u00bb, \u0153uvre de Rita Mancesti, artiste peintre \u00e0 Rolle. Format : 150 \u00d7 170 cm.\" data-elementor-lightbox-description=\"Visuel de l\u2019\u0153uvre \u00ab Bernina \u00bb de Rita Mancesti. Cette \u0153uvre s\u2019inscrit dans son exploration des paysages suisses et alpins. Dimensions de l\u2019\u0153uvre : 150 \u00d7 170 cm. Cette image documente son portfolio artistique et son site vitrine.\" data-e-action-hash=\"#elementor-action%3Aaction%3Dlightbox%26settings%3DeyJpZCI6MTk4NSwidXJsIjoiaHR0cHM6XC9cL21hbmNlc3RpLmNoXC93cC1jb250ZW50XC91cGxvYWRzXC8yMDI2XC8wN1wvSU1HXzg2ODUtc2NhbGVkLTEuanBnIiwic2xpZGVzaG93IjoiMzM3YjU4YyJ9\">\n\t\t\t\t\t<div class=\"e-gallery-image elementor-gallery-item__image\" data-thumbnail=\"https:\/\/mancesti.ch\/wp-content\/uploads\/2026\/07\/IMG_8685-scaled-1-1024x826.jpg\" data-width=\"800\" data-height=\"645\" aria-label=\"Peinture de paysage suisse \u00ab Bernina \u00bb de Rita Mancesti\" role=\"img\" ><\/div>\n\t\t\t\t\t\t\t\t\t\t\t<div class=\"elementor-gallery-item__overlay\"><\/div>\n\t\t\t\t\t\t\t\t\t\t\t\t\t\t\t<div class=\"elementor-gallery-item__content\">\n\t\t\t\t\t\t\t\t\t\t\t\t\t\t<div class=\"elementor-gallery-item__title\">\n\t\t\t\t\t\t\t\t\t\t\t\t\t\t\t\t\t\t[634] - Bernina - 150 \u00d7 170 cm\t\t\t\t\t\t\t\t<\/div>\n\t\t\t\t\t\t\t\t\t\t\t\t<\/div>\n\t\t\t\t\t\t\t\t\t<\/a>\n\t\t\t\t\t\t\t<a class=\"e-gallery-item elementor-gallery-item elementor-animated-content\" data-e-gallery-tags=\"0\" href=\"https:\/\/mancesti.ch\/wp-content\/uploads\/2026\/07\/OH7A0353-scaled-1.jpg\" data-elementor-open-lightbox=\"yes\" data-elementor-lightbox-slideshow=\"337b58c\" data-elementor-lightbox-title=\"Installation en plein air du projet artistique Freedom Peaks.\" data-elementor-lightbox-description=\"Photographie de Rita Mancesti et des panneaux peints de Freedom Peaks d\u00e9ploy\u00e9s dans un paysage suisse pour cr\u00e9er une installation artistique \u00e0 grande \u00e9chelle.\" data-e-action-hash=\"#elementor-action%3Aaction%3Dlightbox%26settings%3DeyJpZCI6MTk5NywidXJsIjoiaHR0cHM6XC9cL21hbmNlc3RpLmNoXC93cC1jb250ZW50XC91cGxvYWRzXC8yMDI2XC8wN1wvT0g3QTAzNTMtc2NhbGVkLTEuanBnIiwic2xpZGVzaG93IjoiMzM3YjU4YyJ9\">\n\t\t\t\t\t<div class=\"e-gallery-image elementor-gallery-item__image\" data-thumbnail=\"https:\/\/mancesti.ch\/wp-content\/uploads\/2026\/07\/OH7A0353-scaled-1-819x1024.jpg\" data-width=\"800\" data-height=\"1000\" aria-label=\"Rita Mancesti installe les panneaux peints de Freedom Peaks en plein air\" role=\"img\" ><\/div>\n\t\t\t\t\t\t\t\t\t\t\t<div class=\"elementor-gallery-item__overlay\"><\/div>\n\t\t\t\t\t\t\t\t\t\t\t\t\t\t\t<div class=\"elementor-gallery-item__content\">\n\t\t\t\t\t\t\t\t\t\t\t\t\t\t<div class=\"elementor-gallery-item__title\">\n\t\t\t\t\t\t\t\t\t\t\t\t\t\t\t\t\t\tInstallation Freedom Peaks dans un paysage suisse\t\t\t\t\t\t\t\t<\/div>\n\t\t\t\t\t\t\t\t\t\t\t\t<\/div>\n\t\t\t\t\t\t\t\t\t<\/a>\n\t\t\t\t\t\t\t<a class=\"e-gallery-item elementor-gallery-item elementor-animated-content\" data-e-gallery-tags=\"0\" href=\"https:\/\/mancesti.ch\/wp-content\/uploads\/2026\/07\/IMG_6634.jpg\" data-elementor-open-lightbox=\"yes\" data-elementor-lightbox-slideshow=\"337b58c\" data-elementor-lightbox-title=\"\u00ab Pilatus \u00bb, \u0153uvre de Rita Mancesti, artiste peintre \u00e0 Rolle. Format : 150 \u00d7 170 cm.\" data-elementor-lightbox-description=\"Visuel de l\u2019\u0153uvre \u00ab Pilatus \u00bb de Rita Mancesti. Cette \u0153uvre s\u2019inscrit dans son exploration des paysages suisses et alpins. Dimensions de l\u2019\u0153uvre : 150 \u00d7 170 cm. Cette image documente son portfolio artistique et son site vitrine.\" data-e-action-hash=\"#elementor-action%3Aaction%3Dlightbox%26settings%3DeyJpZCI6MTk5MCwidXJsIjoiaHR0cHM6XC9cL21hbmNlc3RpLmNoXC93cC1jb250ZW50XC91cGxvYWRzXC8yMDI2XC8wN1wvSU1HXzY2MzQuanBnIiwic2xpZGVzaG93IjoiMzM3YjU4YyJ9\">\n\t\t\t\t\t<div class=\"e-gallery-image elementor-gallery-item__image\" data-thumbnail=\"https:\/\/mancesti.ch\/wp-content\/uploads\/2026\/07\/IMG_6634-1024x904.jpg\" data-width=\"800\" data-height=\"706\" aria-label=\"Peinture de paysage suisse \u00ab Pilatus \u00bb de Rita Mancesti\" role=\"img\" ><\/div>\n\t\t\t\t\t\t\t\t\t\t\t<div class=\"elementor-gallery-item__overlay\"><\/div>\n\t\t\t\t\t\t\t\t\t\t\t\t\t\t\t<div class=\"elementor-gallery-item__content\">\n\t\t\t\t\t\t\t\t\t\t\t\t\t\t<div class=\"elementor-gallery-item__title\">\n\t\t\t\t\t\t\t\t\t\t\t\t\t\t\t\t\t\t[630] - Pilatus - 150 \u00d7 170 cm\t\t\t\t\t\t\t\t<\/div>\n\t\t\t\t\t\t\t\t\t\t\t\t<\/div>\n\t\t\t\t\t\t\t\t\t<\/a>\n\t\t\t\t\t\t\t<a class=\"e-gallery-item elementor-gallery-item elementor-animated-content\" data-e-gallery-tags=\"0\" href=\"https:\/\/mancesti.ch\/wp-content\/uploads\/2026\/07\/IMG_0153.jpg\" data-elementor-open-lightbox=\"yes\" data-elementor-lightbox-slideshow=\"337b58c\" data-elementor-lightbox-title=\"\u00ab Alpstein \u00bb, \u0153uvre de Rita Mancesti, artiste peintre \u00e0 Rolle. Format : 150 \u00d7 170 cm.\" data-elementor-lightbox-description=\"Visuel de l\u2019\u0153uvre \u00ab Alpstein \u00bb de Rita Mancesti. Cette \u0153uvre s\u2019inscrit dans son exploration des paysages suisses et alpins. Dimensions de l\u2019\u0153uvre : 150 \u00d7 170 cm. Cette image documente son portfolio artistique et son site vitrine.\" data-e-action-hash=\"#elementor-action%3Aaction%3Dlightbox%26settings%3DeyJpZCI6MTk4MSwidXJsIjoiaHR0cHM6XC9cL21hbmNlc3RpLmNoXC93cC1jb250ZW50XC91cGxvYWRzXC8yMDI2XC8wN1wvSU1HXzAxNTMuanBnIiwic2xpZGVzaG93IjoiMzM3YjU4YyJ9\">\n\t\t\t\t\t<div class=\"e-gallery-image elementor-gallery-item__image\" data-thumbnail=\"https:\/\/mancesti.ch\/wp-content\/uploads\/2026\/07\/IMG_0153-1024x835.jpg\" data-width=\"800\" data-height=\"652\" aria-label=\"Peinture de paysage suisse \u00ab Alpstein \u00bb de Rita Mancesti\" role=\"img\" ><\/div>\n\t\t\t\t\t\t\t\t\t\t\t<div class=\"elementor-gallery-item__overlay\"><\/div>\n\t\t\t\t\t\t\t\t\t\t\t\t\t\t\t<div class=\"elementor-gallery-item__content\">\n\t\t\t\t\t\t\t\t\t\t\t\t\t\t<div class=\"elementor-gallery-item__title\">\n\t\t\t\t\t\t\t\t\t\t\t\t\t\t\t\t\t\t[639] - Alpstein - 150 \u00d7 170 cm\t\t\t\t\t\t\t\t<\/div>\n\t\t\t\t\t\t\t\t\t\t\t\t<\/div>\n\t\t\t\t\t\t\t\t\t<\/a>\n\t\t\t\t\t\t\t<a class=\"e-gallery-item elementor-gallery-item elementor-animated-content\" data-e-gallery-tags=\"0\" href=\"https:\/\/mancesti.ch\/wp-content\/uploads\/2026\/07\/IMG_8268-scaled-1.jpg\" data-elementor-open-lightbox=\"yes\" data-elementor-lightbox-slideshow=\"337b58c\" data-elementor-lightbox-title=\"\u00ab Eiger M\u00f6nch Jungfrau \u00bb, \u0153uvre de Rita Mancesti, artiste peintre \u00e0 Rolle. Format : 150 \u00d7 170 cm.\" data-elementor-lightbox-description=\"Visuel de l\u2019\u0153uvre \u00ab Eiger M\u00f6nch Jungfrau \u00bb de Rita Mancesti. Cette \u0153uvre s\u2019inscrit dans son exploration des paysages suisses et alpins. Dimensions de l\u2019\u0153uvre : 150 \u00d7 170 cm. Cette image documente son portfolio artistique et son site vitrine.\" data-e-action-hash=\"#elementor-action%3Aaction%3Dlightbox%26settings%3DeyJpZCI6MTk4NiwidXJsIjoiaHR0cHM6XC9cL21hbmNlc3RpLmNoXC93cC1jb250ZW50XC91cGxvYWRzXC8yMDI2XC8wN1wvSU1HXzgyNjgtc2NhbGVkLTEuanBnIiwic2xpZGVzaG93IjoiMzM3YjU4YyJ9\">\n\t\t\t\t\t<div class=\"e-gallery-image elementor-gallery-item__image\" data-thumbnail=\"https:\/\/mancesti.ch\/wp-content\/uploads\/2026\/07\/IMG_8268-scaled-1-1024x868.jpg\" data-width=\"800\" data-height=\"678\" aria-label=\"Peinture de paysage suisse \u00ab Eiger M\u00f6nch Jungfrau \u00bb de Rita Mancesti\" role=\"img\" ><\/div>\n\t\t\t\t\t\t\t\t\t\t\t<div class=\"elementor-gallery-item__overlay\"><\/div>\n\t\t\t\t\t\t\t\t\t\t\t\t\t\t\t<div class=\"elementor-gallery-item__content\">\n\t\t\t\t\t\t\t\t\t\t\t\t\t\t<div class=\"elementor-gallery-item__title\">\n\t\t\t\t\t\t\t\t\t\t\t\t\t\t\t\t\t\t[632] - Eiger M\u00f6nch Jungfrau - 150 \u00d7 170 cm\t\t\t\t\t\t\t\t<\/div>\n\t\t\t\t\t\t\t\t\t\t\t\t<\/div>\n\t\t\t\t\t\t\t\t\t<\/a>\n\t\t\t\t\t\t\t<a class=\"e-gallery-item elementor-gallery-item elementor-animated-content\" data-e-gallery-tags=\"0\" href=\"https:\/\/mancesti.ch\/wp-content\/uploads\/2026\/07\/IMG_2042-scaled-1.jpg\" data-elementor-open-lightbox=\"yes\" data-elementor-lightbox-slideshow=\"337b58c\" data-elementor-lightbox-title=\"\u00ab Lavaux \u00bb, \u0153uvre de Rita Mancesti, artiste peintre \u00e0 Rolle. Format : 150 \u00d7 170 cm.\" data-elementor-lightbox-description=\"Visuel de l\u2019\u0153uvre \u00ab Lavaux \u00bb de Rita Mancesti. Cette \u0153uvre s\u2019inscrit dans son exploration du L\u00e9man et des paysages de Suisse romande. Dimensions de l\u2019\u0153uvre : 150 \u00d7 170 cm. Cette image documente son portfolio artistique et son site vitrine.\" data-e-action-hash=\"#elementor-action%3Aaction%3Dlightbox%26settings%3DeyJpZCI6MTk5MywidXJsIjoiaHR0cHM6XC9cL21hbmNlc3RpLmNoXC93cC1jb250ZW50XC91cGxvYWRzXC8yMDI2XC8wN1wvSU1HXzIwNDItc2NhbGVkLTEuanBnIiwic2xpZGVzaG93IjoiMzM3YjU4YyJ9\">\n\t\t\t\t\t<div class=\"e-gallery-image elementor-gallery-item__image\" data-thumbnail=\"https:\/\/mancesti.ch\/wp-content\/uploads\/2026\/07\/IMG_2042-scaled-1-1024x865.jpg\" data-width=\"800\" data-height=\"676\" aria-label=\"Peinture du paysage l\u00e9manique \u00ab Lavaux \u00bb de Rita Mancesti\" role=\"img\" ><\/div>\n\t\t\t\t\t\t\t\t\t\t\t<div class=\"elementor-gallery-item__overlay\"><\/div>\n\t\t\t\t\t\t\t\t\t\t\t\t\t\t\t<div class=\"elementor-gallery-item__content\">\n\t\t\t\t\t\t\t\t\t\t\t\t\t\t<div class=\"elementor-gallery-item__title\">\n\t\t\t\t\t\t\t\t\t\t\t\t\t\t\t\t\t\t[604] - Lavaux - 150 \u00d7 170 cm\t\t\t\t\t\t\t\t<\/div>\n\t\t\t\t\t\t\t\t\t\t\t\t<\/div>\n\t\t\t\t\t\t\t\t\t<\/a>\n\t\t\t\t\t\t\t<a class=\"e-gallery-item elementor-gallery-item elementor-animated-content\" data-e-gallery-tags=\"0\" href=\"https:\/\/mancesti.ch\/wp-content\/uploads\/2026\/07\/IMG_3961-scaled-1.jpg\" data-elementor-open-lightbox=\"yes\" data-elementor-lightbox-slideshow=\"337b58c\" data-elementor-lightbox-title=\"\u00ab Niesen \u00bb, \u0153uvre de Rita Mancesti, artiste peintre \u00e0 Rolle. Format : 150 \u00d7 170 cm.\" data-elementor-lightbox-description=\"Visuel de l\u2019\u0153uvre \u00ab Niesen \u00bb de Rita Mancesti. Cette \u0153uvre s\u2019inscrit dans son exploration des paysages suisses et alpins. Dimensions de l\u2019\u0153uvre : 150 \u00d7 170 cm. Cette image documente son portfolio artistique et son site vitrine.\" data-e-action-hash=\"#elementor-action%3Aaction%3Dlightbox%26settings%3DeyJpZCI6MTk5MSwidXJsIjoiaHR0cHM6XC9cL21hbmNlc3RpLmNoXC93cC1jb250ZW50XC91cGxvYWRzXC8yMDI2XC8wN1wvSU1HXzM5NjEtc2NhbGVkLTEuanBnIiwic2xpZGVzaG93IjoiMzM3YjU4YyJ9\">\n\t\t\t\t\t<div class=\"e-gallery-image elementor-gallery-item__image\" data-thumbnail=\"https:\/\/mancesti.ch\/wp-content\/uploads\/2026\/07\/IMG_3961-scaled-1-1024x802.jpg\" data-width=\"800\" data-height=\"627\" aria-label=\"Peinture de paysage suisse \u00ab Niesen \u00bb de Rita Mancesti\" role=\"img\" ><\/div>\n\t\t\t\t\t\t\t\t\t\t\t<div class=\"elementor-gallery-item__overlay\"><\/div>\n\t\t\t\t\t\t\t\t\t\t\t\t\t\t\t<div class=\"elementor-gallery-item__content\">\n\t\t\t\t\t\t\t\t\t\t\t\t\t\t<div class=\"elementor-gallery-item__title\">\n\t\t\t\t\t\t\t\t\t\t\t\t\t\t\t\t\t\t[621] - Niesen - 150 \u00d7 170 cm\t\t\t\t\t\t\t\t<\/div>\n\t\t\t\t\t\t\t\t\t\t\t\t<\/div>\n\t\t\t\t\t\t\t\t\t<\/a>\n\t\t\t\t\t\t\t<a class=\"e-gallery-item elementor-gallery-item elementor-animated-content\" data-e-gallery-tags=\"0\" href=\"https:\/\/mancesti.ch\/wp-content\/uploads\/2026\/07\/1Logo_FP_withText-scaled.png\" data-elementor-open-lightbox=\"yes\" data-elementor-lightbox-slideshow=\"337b58c\" data-elementor-lightbox-title=\"Identit\u00e9 visuelle du projet artistique Freedom Peaks.\" data-elementor-lightbox-description=\"Logo du projet Freedom Peaks de Rita Mancesti, consacr\u00e9 aux paysages, aux sommets suisses et \u00e0 une installation artistique itin\u00e9rante.\" data-e-action-hash=\"#elementor-action%3Aaction%3Dlightbox%26settings%3DeyJpZCI6MTk5NCwidXJsIjoiaHR0cHM6XC9cL21hbmNlc3RpLmNoXC93cC1jb250ZW50XC91cGxvYWRzXC8yMDI2XC8wN1wvMUxvZ29fRlBfd2l0aFRleHQtc2NhbGVkLnBuZyIsInNsaWRlc2hvdyI6IjMzN2I1OGMifQ%3D%3D\">\n\t\t\t\t\t<div class=\"e-gallery-image elementor-gallery-item__image\" data-thumbnail=\"https:\/\/mancesti.ch\/wp-content\/uploads\/2026\/07\/1Logo_FP_withText-1024x766.png\" data-width=\"800\" data-height=\"598\" aria-label=\"Logo du projet artistique Freedom Peaks de Rita Mancesti\" role=\"img\" ><\/div>\n\t\t\t\t\t\t\t\t\t\t\t<div class=\"elementor-gallery-item__overlay\"><\/div>\n\t\t\t\t\t\t\t\t\t\t\t\t\t\t\t<div class=\"elementor-gallery-item__content\">\n\t\t\t\t\t\t\t\t\t\t\t\t\t\t<div class=\"elementor-gallery-item__title\">\n\t\t\t\t\t\t\t\t\t\t\t\t\t\t\t\t\t\tLogo Freedom Peaks \u2013 Rita Mancesti\t\t\t\t\t\t\t\t<\/div>\n\t\t\t\t\t\t\t\t\t\t\t\t<\/div>\n\t\t\t\t\t\t\t\t\t<\/a>\n\t\t\t\t\t\t\t<a class=\"e-gallery-item elementor-gallery-item elementor-animated-content\" data-e-gallery-tags=\"0\" href=\"https:\/\/mancesti.ch\/wp-content\/uploads\/2026\/07\/IMG_0179.jpg\" data-elementor-open-lightbox=\"yes\" data-elementor-lightbox-slideshow=\"337b58c\" data-elementor-lightbox-title=\"\u00ab Churfirsten \u00bb, \u0153uvre de Rita Mancesti, artiste peintre \u00e0 Rolle. Format : 150 \u00d7 170 cm.\" data-elementor-lightbox-description=\"Visuel de l\u2019\u0153uvre \u00ab Churfirsten \u00bb de Rita Mancesti. Cette \u0153uvre s\u2019inscrit dans son exploration des paysages suisses et alpins. Dimensions de l\u2019\u0153uvre : 150 \u00d7 170 cm. Cette image documente son portfolio artistique et son site vitrine.\" data-e-action-hash=\"#elementor-action%3Aaction%3Dlightbox%26settings%3DeyJpZCI6MTk4MCwidXJsIjoiaHR0cHM6XC9cL21hbmNlc3RpLmNoXC93cC1jb250ZW50XC91cGxvYWRzXC8yMDI2XC8wN1wvSU1HXzAxNzkuanBnIiwic2xpZGVzaG93IjoiMzM3YjU4YyJ9\">\n\t\t\t\t\t<div class=\"e-gallery-image elementor-gallery-item__image\" data-thumbnail=\"https:\/\/mancesti.ch\/wp-content\/uploads\/2026\/07\/IMG_0179-1024x857.jpg\" data-width=\"800\" data-height=\"670\" aria-label=\"Peinture de paysage suisse \u00ab Churfirsten \u00bb de Rita Mancesti\" role=\"img\" ><\/div>\n\t\t\t\t\t\t\t\t\t\t\t<div class=\"elementor-gallery-item__overlay\"><\/div>\n\t\t\t\t\t\t\t\t\t\t\t\t\t\t\t<div class=\"elementor-gallery-item__content\">\n\t\t\t\t\t\t\t\t\t\t\t\t\t\t<div class=\"elementor-gallery-item__title\">\n\t\t\t\t\t\t\t\t\t\t\t\t\t\t\t\t\t\t[638] - Churfirsten - 150 \u00d7 170 cm\t\t\t\t\t\t\t\t<\/div>\n\t\t\t\t\t\t\t\t\t\t\t\t<\/div>\n\t\t\t\t\t\t\t\t\t<\/a>\n\t\t\t\t\t\t\t<a class=\"e-gallery-item elementor-gallery-item elementor-animated-content\" data-e-gallery-tags=\"0\" href=\"https:\/\/mancesti.ch\/wp-content\/uploads\/2026\/07\/IMG_8060.jpg\" data-elementor-open-lightbox=\"yes\" data-elementor-lightbox-slideshow=\"337b58c\" data-elementor-lightbox-title=\"\u00ab Mont Blanc \u00bb, \u0153uvre de Rita Mancesti, artiste peintre \u00e0 Rolle. Format : 150 \u00d7 170 cm.\" data-elementor-lightbox-description=\"Visuel de l\u2019\u0153uvre \u00ab Mont Blanc \u00bb de Rita Mancesti. Cette \u0153uvre s\u2019inscrit dans son exploration des paysages suisses et alpins. Dimensions de l\u2019\u0153uvre : 150 \u00d7 170 cm. Cette image documente son portfolio artistique et son site vitrine.\" data-e-action-hash=\"#elementor-action%3Aaction%3Dlightbox%26settings%3DeyJpZCI6MTk4NywidXJsIjoiaHR0cHM6XC9cL21hbmNlc3RpLmNoXC93cC1jb250ZW50XC91cGxvYWRzXC8yMDI2XC8wN1wvSU1HXzgwNjAuanBnIiwic2xpZGVzaG93IjoiMzM3YjU4YyJ9\">\n\t\t\t\t\t<div class=\"e-gallery-image elementor-gallery-item__image\" data-thumbnail=\"https:\/\/mancesti.ch\/wp-content\/uploads\/2026\/07\/IMG_8060-1024x889.jpg\" data-width=\"800\" data-height=\"695\" aria-label=\"Peinture de paysage suisse \u00ab Mont Blanc \u00bb de Rita Mancesti\" role=\"img\" ><\/div>\n\t\t\t\t\t\t\t\t\t\t\t<div class=\"elementor-gallery-item__overlay\"><\/div>\n\t\t\t\t\t\t\t\t\t\t\t\t\t\t\t<div class=\"elementor-gallery-item__content\">\n\t\t\t\t\t\t\t\t\t\t\t\t\t\t<div class=\"elementor-gallery-item__title\">\n\t\t\t\t\t\t\t\t\t\t\t\t\t\t\t\t\t\t[626] - Mont Blanc - 150 \u00d7 170 cm\t\t\t\t\t\t\t\t<\/div>\n\t\t\t\t\t\t\t\t\t\t\t\t<\/div>\n\t\t\t\t\t\t\t\t\t<\/a>\n\t\t\t\t\t\t\t<a class=\"e-gallery-item elementor-gallery-item elementor-animated-content\" data-e-gallery-tags=\"0\" href=\"https:\/\/mancesti.ch\/wp-content\/uploads\/2026\/07\/DJI_0485.00_00_30_24-scaled-1.jpg\" data-elementor-open-lightbox=\"yes\" data-elementor-lightbox-slideshow=\"337b58c\" data-elementor-lightbox-title=\"Pr\u00e9sentation de la s\u00e9rie de peintures Freedom Peaks de Rita Mancesti.\" data-elementor-lightbox-description=\"Vue d\u2019ensemble des tableaux de sommets suisses r\u00e9unis dans le projet Freedom Peaks de Rita Mancesti et pr\u00e9sent\u00e9s en ext\u00e9rieur.\" data-e-action-hash=\"#elementor-action%3Aaction%3Dlightbox%26settings%3DeyJpZCI6MTk5OSwidXJsIjoiaHR0cHM6XC9cL21hbmNlc3RpLmNoXC93cC1jb250ZW50XC91cGxvYWRzXC8yMDI2XC8wN1wvREpJXzA0ODUuMDBfMDBfMzBfMjQtc2NhbGVkLTEuanBnIiwic2xpZGVzaG93IjoiMzM3YjU4YyJ9\">\n\t\t\t\t\t<div class=\"e-gallery-image elementor-gallery-item__image\" data-thumbnail=\"https:\/\/mancesti.ch\/wp-content\/uploads\/2026\/07\/DJI_0485.00_00_30_24-scaled-1-1024x1024.jpg\" data-width=\"800\" data-height=\"800\" aria-label=\"Ensemble des peintures de sommets suisses du projet Freedom Peaks\" role=\"img\" ><\/div>\n\t\t\t\t\t\t\t\t\t\t\t<div class=\"elementor-gallery-item__overlay\"><\/div>\n\t\t\t\t\t\t\t\t\t\t\t\t\t\t\t<div class=\"elementor-gallery-item__content\">\n\t\t\t\t\t\t\t\t\t\t\t\t\t\t<div class=\"elementor-gallery-item__title\">\n\t\t\t\t\t\t\t\t\t\t\t\t\t\t\t\t\t\tS\u00e9rie Freedom Peaks pr\u00e9sent\u00e9e en plein air\t\t\t\t\t\t\t\t<\/div>\n\t\t\t\t\t\t\t\t\t\t\t\t<\/div>\n\t\t\t\t\t\t\t\t\t<\/a>\n\t\t\t\t\t\t\t<a class=\"e-gallery-item elementor-gallery-item elementor-animated-content\" data-e-gallery-tags=\"0\" href=\"https:\/\/mancesti.ch\/wp-content\/uploads\/2026\/07\/IMG_2796-scaled-1.jpg\" data-elementor-open-lightbox=\"yes\" data-elementor-lightbox-slideshow=\"337b58c\" data-elementor-lightbox-title=\"\u00ab Dents du Midi \u00bb, \u0153uvre de Rita Mancesti, artiste peintre \u00e0 Rolle. Format : 150 \u00d7 170 cm.\" data-elementor-lightbox-description=\"Visuel de l\u2019\u0153uvre \u00ab Dents du Midi \u00bb de Rita Mancesti. Cette \u0153uvre s\u2019inscrit dans son exploration des paysages suisses et alpins. Dimensions de l\u2019\u0153uvre : 150 \u00d7 170 cm. Cette image documente son portfolio artistique et son site vitrine.\" data-e-action-hash=\"#elementor-action%3Aaction%3Dlightbox%26settings%3DeyJpZCI6MTk5MiwidXJsIjoiaHR0cHM6XC9cL21hbmNlc3RpLmNoXC93cC1jb250ZW50XC91cGxvYWRzXC8yMDI2XC8wN1wvSU1HXzI3OTYtc2NhbGVkLTEuanBnIiwic2xpZGVzaG93IjoiMzM3YjU4YyJ9\">\n\t\t\t\t\t<div class=\"e-gallery-image elementor-gallery-item__image\" data-thumbnail=\"https:\/\/mancesti.ch\/wp-content\/uploads\/2026\/07\/IMG_2796-scaled-1-1024x791.jpg\" data-width=\"800\" data-height=\"618\" aria-label=\"Peinture de paysage suisse \u00ab Dents du Midi \u00bb de Rita Mancesti\" role=\"img\" ><\/div>\n\t\t\t\t\t\t\t\t\t\t\t<div class=\"elementor-gallery-item__overlay\"><\/div>\n\t\t\t\t\t\t\t\t\t\t\t\t\t\t\t<div class=\"elementor-gallery-item__content\">\n\t\t\t\t\t\t\t\t\t\t\t\t\t\t<div class=\"elementor-gallery-item__title\">\n\t\t\t\t\t\t\t\t\t\t\t\t\t\t\t\t\t\t[607] - Dents du Midi - 150 \u00d7 170 cm\t\t\t\t\t\t\t\t<\/div>\n\t\t\t\t\t\t\t\t\t\t\t\t<\/div>\n\t\t\t\t\t\t\t\t\t<\/a>\n\t\t\t\t\t<\/div>\n\t\t\t\t\t<\/div>\n\t\t\t\t<\/div>\n\t\t<div class=\"elementor-element elementor-element-21b197d e-con-full elementor-hidden-desktop elementor-hidden-tablet e-flex e-con e-child\" data-id=\"21b197d\" data-element_type=\"container\" data-e-type=\"container\" id=\"vache\" data-settings=\"{&quot;jet_parallax_layout_list&quot;:[]}\">\n\t\t\t\t<div class=\"elementor-element elementor-element-b687e28 elementor-gallery--filter-align-center elementor-widget__width-initial elementor-widget elementor-widget-gallery\" data-id=\"b687e28\" data-element_type=\"widget\" data-e-type=\"widget\" data-settings=\"{&quot;columns&quot;:3,&quot;columns_mobile&quot;:2,&quot;aspect_ratio&quot;:&quot;1:1&quot;,&quot;overlay_title&quot;:&quot;title&quot;,&quot;lazyload&quot;:&quot;yes&quot;,&quot;gallery_layout&quot;:&quot;grid&quot;,&quot;columns_tablet&quot;:2,&quot;gap&quot;:{&quot;unit&quot;:&quot;px&quot;,&quot;size&quot;:10,&quot;sizes&quot;:[]},&quot;gap_tablet&quot;:{&quot;unit&quot;:&quot;px&quot;,&quot;size&quot;:10,&quot;sizes&quot;:[]},&quot;gap_mobile&quot;:{&quot;unit&quot;:&quot;px&quot;,&quot;size&quot;:10,&quot;sizes&quot;:[]},&quot;link_to&quot;:&quot;file&quot;,&quot;overlay_background&quot;:&quot;yes&quot;,&quot;content_hover_animation&quot;:&quot;fade-in&quot;}\" data-widget_type=\"gallery.default\">\n\t\t\t\t\t\t\t\t<div class=\"elementor-gallery__titles-container e--pointer-text e--animation-grow\" aria-label=\"Gallery filter\">\n\t\t\t\t\n\t\t\t\t\t\t\t\t\t<a class=\"elementor-item elementor-gallery-title\" role=\"button\" tabindex=\"0\" data-gallery-index=\"0\">\n\t\t\t\t\t\tCows and Swiss Traditions\t\t\t\t\t<\/a>\n\t\t\t\t\t\t\t\t<\/div>\n\t\t\t\t\t<div class=\"elementor-gallery__container\">\n\t\t\t\t\t\t\t<a class=\"e-gallery-item elementor-gallery-item elementor-animated-content\" data-e-gallery-tags=\"0\" href=\"https:\/\/mancesti.ch\/wp-content\/uploads\/2026\/07\/vaches_apres_desalpe.jpg\" data-elementor-open-lightbox=\"yes\" data-elementor-lightbox-slideshow=\"b687e28\" data-elementor-lightbox-title=\"\u00ab Vaches apr\u00e8s la d\u00e9salpe \u00bb, \u0153uvre de Rita Mancesti, artiste peintre \u00e0 Rolle. Format : 60 \u00d7 80 cm.\" data-elementor-lightbox-description=\"Visuel de l\u2019\u0153uvre \u00ab Vaches apr\u00e8s la d\u00e9salpe \u00bb de Rita Mancesti. Cette \u0153uvre s\u2019inscrit dans son travail consacr\u00e9 aux animaux et aux sc\u00e8nes de la vie alpine. Dimensions de l\u2019\u0153uvre : 60 \u00d7 80 cm. Cette image documente son portfolio artistique et son site vitrine.\" data-e-action-hash=\"#elementor-action%3Aaction%3Dlightbox%26settings%3DeyJpZCI6MjAwMCwidXJsIjoiaHR0cHM6XC9cL21hbmNlc3RpLmNoXC93cC1jb250ZW50XC91cGxvYWRzXC8yMDI2XC8wN1wvdmFjaGVzX2FwcmVzX2Rlc2FscGUuanBnIiwic2xpZGVzaG93IjoiYjY4N2UyOCJ9\">\n\t\t\t\t\t<div class=\"e-gallery-image elementor-gallery-item__image\" data-thumbnail=\"https:\/\/mancesti.ch\/wp-content\/uploads\/2026\/07\/vaches_apres_desalpe-766x1024.jpg\" data-width=\"766\" data-height=\"1024\" aria-label=\"Peinture animali\u00e8re \u00ab Vaches apr\u00e8s la d\u00e9salpe \u00bb de Rita Mancesti\" role=\"img\" ><\/div>\n\t\t\t\t\t\t\t\t\t\t\t<div class=\"elementor-gallery-item__overlay\"><\/div>\n\t\t\t\t\t\t\t\t\t\t\t\t\t\t\t<div class=\"elementor-gallery-item__content\">\n\t\t\t\t\t\t\t\t\t\t\t\t\t\t<div class=\"elementor-gallery-item__title\">\n\t\t\t\t\t\t\t\t\t\t\t\t\t\t\t\t\t\t[548] - Vaches apr\u00e8s la d\u00e9salpe - 60 \u00d7 80 cm\t\t\t\t\t\t\t\t<\/div>\n\t\t\t\t\t\t\t\t\t\t\t\t<\/div>\n\t\t\t\t\t\t\t\t\t<\/a>\n\t\t\t\t\t\t\t<a class=\"e-gallery-item elementor-gallery-item elementor-animated-content\" data-e-gallery-tags=\"0\" href=\"https:\/\/mancesti.ch\/wp-content\/uploads\/2026\/07\/Mapremieredesalpe.jpg\" data-elementor-open-lightbox=\"yes\" data-elementor-lightbox-slideshow=\"b687e28\" data-elementor-lightbox-title=\"\u00ab Ma premi\u00e8re d\u00e9salpe \u00bb, \u0153uvre de Rita Mancesti, artiste peintre \u00e0 Rolle. Format : 100 \u00d7 100 cm.\" data-elementor-lightbox-description=\"Visuel de l\u2019\u0153uvre \u00ab Ma premi\u00e8re d\u00e9salpe \u00bb de Rita Mancesti. Cette \u0153uvre s\u2019inscrit dans son travail consacr\u00e9 aux animaux et aux sc\u00e8nes de la vie alpine. Dimensions de l\u2019\u0153uvre : 100 \u00d7 100 cm. Cette image documente son portfolio artistique et son site vitrine.\" data-e-action-hash=\"#elementor-action%3Aaction%3Dlightbox%26settings%3DeyJpZCI6MjAwMywidXJsIjoiaHR0cHM6XC9cL21hbmNlc3RpLmNoXC93cC1jb250ZW50XC91cGxvYWRzXC8yMDI2XC8wN1wvTWFwcmVtaWVyZWRlc2FscGUuanBnIiwic2xpZGVzaG93IjoiYjY4N2UyOCJ9\">\n\t\t\t\t\t<div class=\"e-gallery-image elementor-gallery-item__image\" data-thumbnail=\"https:\/\/mancesti.ch\/wp-content\/uploads\/2026\/07\/Mapremieredesalpe-1024x1018.jpg\" data-width=\"800\" data-height=\"795\" aria-label=\"Peinture animali\u00e8re \u00ab Ma premi\u00e8re d\u00e9salpe \u00bb de Rita Mancesti\" role=\"img\" ><\/div>\n\t\t\t\t\t\t\t\t\t\t\t<div class=\"elementor-gallery-item__overlay\"><\/div>\n\t\t\t\t\t\t\t\t\t\t\t\t\t\t\t<div class=\"elementor-gallery-item__content\">\n\t\t\t\t\t\t\t\t\t\t\t\t\t\t<div class=\"elementor-gallery-item__title\">\n\t\t\t\t\t\t\t\t\t\t\t\t\t\t\t\t\t\t[478] - Ma premi\u00e8re d\u00e9saple - 100 \u00d7 100 cm\t\t\t\t\t\t\t\t<\/div>\n\t\t\t\t\t\t\t\t\t\t\t\t<\/div>\n\t\t\t\t\t\t\t\t\t<\/a>\n\t\t\t\t\t\t\t<a class=\"e-gallery-item elementor-gallery-item elementor-animated-content\" data-e-gallery-tags=\"0\" href=\"https:\/\/mancesti.ch\/wp-content\/uploads\/2026\/07\/duo_de_vache4.jpg\" data-elementor-open-lightbox=\"yes\" data-elementor-lightbox-slideshow=\"b687e28\" data-elementor-lightbox-title=\"\u00ab Duo de vaches adorables \u00bb, \u0153uvre de Rita Mancesti, artiste peintre \u00e0 Rolle. Format : 90 \u00d7 90 cm.\" data-elementor-lightbox-description=\"Visuel de l\u2019\u0153uvre \u00ab Duo de vaches adorables \u00bb de Rita Mancesti. Cette \u0153uvre s\u2019inscrit dans son travail consacr\u00e9 aux animaux et aux sc\u00e8nes de la vie alpine. Dimensions de l\u2019\u0153uvre : 90 \u00d7 90 cm. Cette image documente son portfolio artistique et son site vitrine.\" data-e-action-hash=\"#elementor-action%3Aaction%3Dlightbox%26settings%3DeyJpZCI6MjAwNSwidXJsIjoiaHR0cHM6XC9cL21hbmNlc3RpLmNoXC93cC1jb250ZW50XC91cGxvYWRzXC8yMDI2XC8wN1wvZHVvX2RlX3ZhY2hlNC5qcGciLCJzbGlkZXNob3ciOiJiNjg3ZTI4In0%3D\">\n\t\t\t\t\t<div class=\"e-gallery-image elementor-gallery-item__image\" data-thumbnail=\"https:\/\/mancesti.ch\/wp-content\/uploads\/2026\/07\/duo_de_vache4-1008x1024.jpg\" data-width=\"800\" data-height=\"813\" aria-label=\"Peinture animali\u00e8re \u00ab Duo de vaches adorables \u00bb de Rita Mancesti\" role=\"img\" ><\/div>\n\t\t\t\t\t\t\t\t\t\t\t<div class=\"elementor-gallery-item__overlay\"><\/div>\n\t\t\t\t\t\t\t\t\t\t\t\t\t\t\t<div class=\"elementor-gallery-item__content\">\n\t\t\t\t\t\t\t\t\t\t\t\t\t\t<div class=\"elementor-gallery-item__title\">\n\t\t\t\t\t\t\t\t\t\t\t\t\t\t\t\t\t\t[584] - Duo de vache adorable - 90 \u00d7 90 cm\t\t\t\t\t\t\t\t<\/div>\n\t\t\t\t\t\t\t\t\t\t\t\t<\/div>\n\t\t\t\t\t\t\t\t\t<\/a>\n\t\t\t\t\t\t\t<a class=\"e-gallery-item elementor-gallery-item elementor-animated-content\" data-e-gallery-tags=\"0\" href=\"https:\/\/mancesti.ch\/wp-content\/uploads\/2026\/07\/rabatteurs.jpg\" data-elementor-open-lightbox=\"yes\" data-elementor-lightbox-slideshow=\"b687e28\" data-elementor-lightbox-title=\"\u00ab Rabatteurs de Leteygeon \u00bb, \u0153uvre de Rita Mancesti, artiste peintre \u00e0 Rolle. Format : 50 \u00d7 120 cm.\" data-elementor-lightbox-description=\"Visuel de l\u2019\u0153uvre \u00ab Rabatteurs de Leteygeon \u00bb de Rita Mancesti. Cette \u0153uvre s\u2019inscrit dans son travail consacr\u00e9 aux animaux et aux sc\u00e8nes de la vie alpine. Dimensions de l\u2019\u0153uvre : 50 \u00d7 120 cm. Cette image documente son portfolio artistique et son site vitrine.\" data-e-action-hash=\"#elementor-action%3Aaction%3Dlightbox%26settings%3DeyJpZCI6MjAwMSwidXJsIjoiaHR0cHM6XC9cL21hbmNlc3RpLmNoXC93cC1jb250ZW50XC91cGxvYWRzXC8yMDI2XC8wN1wvcmFiYXR0ZXVycy5qcGciLCJzbGlkZXNob3ciOiJiNjg3ZTI4In0%3D\">\n\t\t\t\t\t<div class=\"e-gallery-image elementor-gallery-item__image\" data-thumbnail=\"https:\/\/mancesti.ch\/wp-content\/uploads\/2026\/07\/rabatteurs-1024x616.jpg\" data-width=\"800\" data-height=\"481\" aria-label=\"Peinture animali\u00e8re \u00ab Rabatteurs de Leteygeon \u00bb de Rita Mancesti\" role=\"img\" ><\/div>\n\t\t\t\t\t\t\t\t\t\t\t<div class=\"elementor-gallery-item__overlay\"><\/div>\n\t\t\t\t\t\t\t\t\t\t\t\t\t\t\t<div class=\"elementor-gallery-item__content\">\n\t\t\t\t\t\t\t\t\t\t\t\t\t\t<div class=\"elementor-gallery-item__title\">\n\t\t\t\t\t\t\t\t\t\t\t\t\t\t\t\t\t\t[483] - Rabatteurs de Leteygeon - 50 \u00d7 120 cm\t\t\t\t\t\t\t\t<\/div>\n\t\t\t\t\t\t\t\t\t\t\t\t<\/div>\n\t\t\t\t\t\t\t\t\t<\/a>\n\t\t\t\t\t\t\t<a class=\"e-gallery-item elementor-gallery-item elementor-animated-content\" data-e-gallery-tags=\"0\" href=\"https:\/\/mancesti.ch\/wp-content\/uploads\/2026\/07\/duo_de_vache3.jpg\" data-elementor-open-lightbox=\"yes\" data-elementor-lightbox-slideshow=\"b687e28\" data-elementor-lightbox-title=\"\u00ab Duo de vaches gaies \u00bb, \u0153uvre de Rita Mancesti, artiste peintre \u00e0 Rolle. Format : 90 \u00d7 90 cm.\" data-elementor-lightbox-description=\"Visuel de l\u2019\u0153uvre \u00ab Duo de vaches gaies \u00bb de Rita Mancesti. Cette \u0153uvre s\u2019inscrit dans son travail consacr\u00e9 aux animaux et aux sc\u00e8nes de la vie alpine. Dimensions de l\u2019\u0153uvre : 90 \u00d7 90 cm. Cette image documente son portfolio artistique et son site vitrine.\" data-e-action-hash=\"#elementor-action%3Aaction%3Dlightbox%26settings%3DeyJpZCI6MjAwNiwidXJsIjoiaHR0cHM6XC9cL21hbmNlc3RpLmNoXC93cC1jb250ZW50XC91cGxvYWRzXC8yMDI2XC8wN1wvZHVvX2RlX3ZhY2hlMy5qcGciLCJzbGlkZXNob3ciOiJiNjg3ZTI4In0%3D\">\n\t\t\t\t\t<div class=\"e-gallery-image elementor-gallery-item__image\" data-thumbnail=\"https:\/\/mancesti.ch\/wp-content\/uploads\/2026\/07\/duo_de_vache3-1024x768.jpg\" data-width=\"800\" data-height=\"600\" aria-label=\"Peinture animali\u00e8re \u00ab Duo de vaches gaies \u00bb de Rita Mancesti\" role=\"img\" ><\/div>\n\t\t\t\t\t\t\t\t\t\t\t<div class=\"elementor-gallery-item__overlay\"><\/div>\n\t\t\t\t\t\t\t\t\t\t\t\t\t\t\t<div class=\"elementor-gallery-item__content\">\n\t\t\t\t\t\t\t\t\t\t\t\t\t\t<div class=\"elementor-gallery-item__title\">\n\t\t\t\t\t\t\t\t\t\t\t\t\t\t\t\t\t\t[563] - Duo de vaches gaies - 90 \u00d7 90 cm\t\t\t\t\t\t\t\t<\/div>\n\t\t\t\t\t\t\t\t\t\t\t\t<\/div>\n\t\t\t\t\t\t\t\t\t<\/a>\n\t\t\t\t\t\t\t<a class=\"e-gallery-item elementor-gallery-item elementor-animated-content\" data-e-gallery-tags=\"0\" href=\"https:\/\/mancesti.ch\/wp-content\/uploads\/2026\/07\/duodevache_2.jpg\" data-elementor-open-lightbox=\"yes\" data-elementor-lightbox-slideshow=\"b687e28\" data-elementor-lightbox-title=\"\u00ab Duo de vaches brunes \u00bb, \u0153uvre de Rita Mancesti, artiste peintre \u00e0 Rolle. Format : 90 \u00d7 90 cm.\" data-elementor-lightbox-description=\"Visuel de l\u2019\u0153uvre \u00ab Duo de vaches brunes \u00bb de Rita Mancesti. Cette \u0153uvre s\u2019inscrit dans son travail consacr\u00e9 aux animaux et aux sc\u00e8nes de la vie alpine. Dimensions de l\u2019\u0153uvre : 90 \u00d7 90 cm. Cette image documente son portfolio artistique et son site vitrine.\" data-e-action-hash=\"#elementor-action%3Aaction%3Dlightbox%26settings%3DeyJpZCI6MjAwNywidXJsIjoiaHR0cHM6XC9cL21hbmNlc3RpLmNoXC93cC1jb250ZW50XC91cGxvYWRzXC8yMDI2XC8wN1wvZHVvZGV2YWNoZV8yLmpwZyIsInNsaWRlc2hvdyI6ImI2ODdlMjgifQ%3D%3D\">\n\t\t\t\t\t<div class=\"e-gallery-image elementor-gallery-item__image\" data-thumbnail=\"https:\/\/mancesti.ch\/wp-content\/uploads\/2026\/07\/duodevache_2-1024x768.jpg\" data-width=\"800\" data-height=\"600\" aria-label=\"Peinture animali\u00e8re \u00ab Duo de vaches brunes \u00bb de Rita Mancesti\" role=\"img\" ><\/div>\n\t\t\t\t\t\t\t\t\t\t\t<div class=\"elementor-gallery-item__overlay\"><\/div>\n\t\t\t\t\t\t\t\t\t\t\t\t\t\t\t<div class=\"elementor-gallery-item__content\">\n\t\t\t\t\t\t\t\t\t\t\t\t\t\t<div class=\"elementor-gallery-item__title\">\n\t\t\t\t\t\t\t\t\t\t\t\t\t\t\t\t\t\t[582] - Duo de vache brunes - 90 \u00d7 90 cm\t\t\t\t\t\t\t\t<\/div>\n\t\t\t\t\t\t\t\t\t\t\t\t<\/div>\n\t\t\t\t\t\t\t\t\t<\/a>\n\t\t\t\t\t\t\t<a class=\"e-gallery-item elementor-gallery-item elementor-animated-content\" data-e-gallery-tags=\"0\" href=\"https:\/\/mancesti.ch\/wp-content\/uploads\/2026\/07\/monalyssa.jpg\" data-elementor-open-lightbox=\"yes\" data-elementor-lightbox-slideshow=\"b687e28\" data-elementor-lightbox-title=\"\u00ab Mona Lyssa \u00bb, \u0153uvre de Rita Mancesti, artiste peintre \u00e0 Rolle. Format : 90 \u00d7 90 cm.\" data-elementor-lightbox-description=\"Visuel de l\u2019\u0153uvre \u00ab Mona Lyssa \u00bb de Rita Mancesti. Cette \u0153uvre s\u2019inscrit dans son travail consacr\u00e9 aux animaux et aux sc\u00e8nes de la vie alpine. Dimensions de l\u2019\u0153uvre : 90 \u00d7 90 cm. Cette image documente son portfolio artistique et son site vitrine.\" data-e-action-hash=\"#elementor-action%3Aaction%3Dlightbox%26settings%3DeyJpZCI6MjAwMiwidXJsIjoiaHR0cHM6XC9cL21hbmNlc3RpLmNoXC93cC1jb250ZW50XC91cGxvYWRzXC8yMDI2XC8wN1wvbW9uYWx5c3NhLmpwZyIsInNsaWRlc2hvdyI6ImI2ODdlMjgifQ%3D%3D\">\n\t\t\t\t\t<div class=\"e-gallery-image elementor-gallery-item__image\" data-thumbnail=\"https:\/\/mancesti.ch\/wp-content\/uploads\/2026\/07\/monalyssa-1024x612.jpg\" data-width=\"800\" data-height=\"478\" aria-label=\"Peinture animali\u00e8re \u00ab Mona Lyssa \u00bb de Rita Mancesti\" role=\"img\" ><\/div>\n\t\t\t\t\t\t\t\t\t\t\t<div class=\"elementor-gallery-item__overlay\"><\/div>\n\t\t\t\t\t\t\t\t\t\t\t\t\t\t\t<div class=\"elementor-gallery-item__content\">\n\t\t\t\t\t\t\t\t\t\t\t\t\t\t<div class=\"elementor-gallery-item__title\">\n\t\t\t\t\t\t\t\t\t\t\t\t\t\t\t\t\t\t[482] - Mona Lyssa - 90 \u00d7 90 cm\t\t\t\t\t\t\t\t<\/div>\n\t\t\t\t\t\t\t\t\t\t\t\t<\/div>\n\t\t\t\t\t\t\t\t\t<\/a>\n\t\t\t\t\t\t\t<a class=\"e-gallery-item elementor-gallery-item elementor-animated-content\" data-e-gallery-tags=\"0\" href=\"https:\/\/mancesti.ch\/wp-content\/uploads\/2026\/07\/duovache_1.jpg\" data-elementor-open-lightbox=\"yes\" data-elementor-lightbox-slideshow=\"b687e28\" data-elementor-lightbox-title=\"\u00ab Duo de vaches noires \u00bb, \u0153uvre de Rita Mancesti, artiste peintre \u00e0 Rolle. Format : 90 \u00d7 90 cm.\" data-elementor-lightbox-description=\"Visuel de l\u2019\u0153uvre \u00ab Duo de vaches noires \u00bb de Rita Mancesti. Cette \u0153uvre s\u2019inscrit dans son travail consacr\u00e9 aux animaux et aux sc\u00e8nes de la vie alpine. Dimensions de l\u2019\u0153uvre : 90 \u00d7 90 cm. Cette image documente son portfolio artistique et son site vitrine.\" data-e-action-hash=\"#elementor-action%3Aaction%3Dlightbox%26settings%3DeyJpZCI6MjAwNCwidXJsIjoiaHR0cHM6XC9cL21hbmNlc3RpLmNoXC93cC1jb250ZW50XC91cGxvYWRzXC8yMDI2XC8wN1wvZHVvdmFjaGVfMS5qcGciLCJzbGlkZXNob3ciOiJiNjg3ZTI4In0%3D\">\n\t\t\t\t\t<div class=\"e-gallery-image elementor-gallery-item__image\" data-thumbnail=\"https:\/\/mancesti.ch\/wp-content\/uploads\/2026\/07\/duovache_1-1024x1016.jpg\" data-width=\"800\" data-height=\"794\" aria-label=\"Peinture animali\u00e8re \u00ab Duo de vaches noires \u00bb de Rita Mancesti\" role=\"img\" ><\/div>\n\t\t\t\t\t\t\t\t\t\t\t<div class=\"elementor-gallery-item__overlay\"><\/div>\n\t\t\t\t\t\t\t\t\t\t\t\t\t\t\t<div class=\"elementor-gallery-item__content\">\n\t\t\t\t\t\t\t\t\t\t\t\t\t\t<div class=\"elementor-gallery-item__title\">\n\t\t\t\t\t\t\t\t\t\t\t\t\t\t\t\t\t\t[562] - Duo de vaches noires - 90 \u00d7 90 cm\t\t\t\t\t\t\t\t<\/div>\n\t\t\t\t\t\t\t\t\t\t\t\t<\/div>\n\t\t\t\t\t\t\t\t\t<\/a>\n\t\t\t\t\t<\/div>\n\t\t\t\t\t<\/div>\n\t\t\t\t<\/div>\n\t\t<div class=\"elementor-element elementor-element-edf5e03 e-con-full elementor-hidden-desktop elementor-hidden-tablet e-flex e-con e-child\" data-id=\"edf5e03\" data-element_type=\"container\" data-e-type=\"container\" id=\"personnage\" data-settings=\"{&quot;jet_parallax_layout_list&quot;:[]}\">\n\t\t\t\t<div class=\"elementor-element elementor-element-23d599e elementor-gallery--filter-align-center elementor-widget__width-initial elementor-widget elementor-widget-gallery\" data-id=\"23d599e\" data-element_type=\"widget\" data-e-type=\"widget\" data-settings=\"{&quot;columns&quot;:3,&quot;columns_mobile&quot;:2,&quot;aspect_ratio&quot;:&quot;1:1&quot;,&quot;overlay_title&quot;:&quot;title&quot;,&quot;lazyload&quot;:&quot;yes&quot;,&quot;gallery_layout&quot;:&quot;grid&quot;,&quot;columns_tablet&quot;:2,&quot;gap&quot;:{&quot;unit&quot;:&quot;px&quot;,&quot;size&quot;:10,&quot;sizes&quot;:[]},&quot;gap_tablet&quot;:{&quot;unit&quot;:&quot;px&quot;,&quot;size&quot;:10,&quot;sizes&quot;:[]},&quot;gap_mobile&quot;:{&quot;unit&quot;:&quot;px&quot;,&quot;size&quot;:10,&quot;sizes&quot;:[]},&quot;link_to&quot;:&quot;file&quot;,&quot;overlay_background&quot;:&quot;yes&quot;,&quot;content_hover_animation&quot;:&quot;fade-in&quot;}\" data-widget_type=\"gallery.default\">\n\t\t\t\t\t\t\t\t<div class=\"elementor-gallery__titles-container e--pointer-text e--animation-grow\" aria-label=\"Gallery filter\">\n\t\t\t\t\n\t\t\t\t\t\t\t\t\t<a class=\"elementor-item elementor-gallery-title\" role=\"button\" tabindex=\"0\" data-gallery-index=\"0\">\n\t\t\t\t\t\tCharacters\t\t\t\t\t<\/a>\n\t\t\t\t\t\t\t\t<\/div>\n\t\t\t\t\t<div class=\"elementor-gallery__container\">\n\t\t\t\t\t\t\t<a class=\"e-gallery-item elementor-gallery-item elementor-animated-content\" data-e-gallery-tags=\"0\" href=\"https:\/\/mancesti.ch\/wp-content\/uploads\/2026\/07\/facealamer-Copie.jpg\" data-elementor-open-lightbox=\"yes\" data-elementor-lightbox-slideshow=\"23d599e\" data-elementor-lightbox-title=\"\u00ab Face \u00e0 la mer \u00bb, \u0153uvre de Rita Mancesti, artiste peintre \u00e0 Rolle.\" data-elementor-lightbox-description=\"Visuel de l\u2019\u0153uvre \u00ab Face \u00e0 la mer \u00bb de Rita Mancesti. Cette \u0153uvre s\u2019inscrit dans son exploration des paysages maritimes et des sc\u00e8nes au bord de l\u2019eau. Cette image documente son portfolio artistique et son site vitrine.\" data-e-action-hash=\"#elementor-action%3Aaction%3Dlightbox%26settings%3DeyJpZCI6MjAxNSwidXJsIjoiaHR0cHM6XC9cL21hbmNlc3RpLmNoXC93cC1jb250ZW50XC91cGxvYWRzXC8yMDI2XC8wN1wvZmFjZWFsYW1lci1Db3BpZS5qcGciLCJzbGlkZXNob3ciOiIyM2Q1OTllIn0%3D\">\n\t\t\t\t\t<div class=\"e-gallery-image elementor-gallery-item__image\" data-thumbnail=\"https:\/\/mancesti.ch\/wp-content\/uploads\/2026\/07\/facealamer-Copie-1024x718.jpg\" data-width=\"800\" data-height=\"561\" aria-label=\"Peinture de paysage maritime \u00ab Face \u00e0 la mer \u00bb de Rita Mancesti\" role=\"img\" ><\/div>\n\t\t\t\t\t\t\t\t\t\t\t<div class=\"elementor-gallery-item__overlay\"><\/div>\n\t\t\t\t\t\t\t\t\t\t\t\t\t\t\t<div class=\"elementor-gallery-item__content\">\n\t\t\t\t\t\t\t\t\t\t\t\t\t\t<div class=\"elementor-gallery-item__title\">\n\t\t\t\t\t\t\t\t\t\t\t\t\t\t\t\t\t\tFace \u00e0 la mer \u2013 Rita Mancesti\t\t\t\t\t\t\t\t<\/div>\n\t\t\t\t\t\t\t\t\t\t\t\t<\/div>\n\t\t\t\t\t\t\t\t\t<\/a>\n\t\t\t\t\t\t\t<a class=\"e-gallery-item elementor-gallery-item elementor-animated-content\" data-e-gallery-tags=\"0\" href=\"https:\/\/mancesti.ch\/wp-content\/uploads\/2026\/07\/il-gondoliere-scaled-1.jpg\" data-elementor-open-lightbox=\"yes\" data-elementor-lightbox-slideshow=\"23d599e\" data-elementor-lightbox-title=\"\u00ab Il gondoliere \u00bb, \u0153uvre de Rita Mancesti, artiste peintre \u00e0 Rolle. Format : 90 \u00d7 120 cm.\" data-elementor-lightbox-description=\"Visuel de l\u2019\u0153uvre \u00ab Il gondoliere \u00bb de Rita Mancesti. Cette \u0153uvre s\u2019inscrit dans son exploration des paysages maritimes et des sc\u00e8nes au bord de l\u2019eau. Dimensions de l\u2019\u0153uvre : 90 \u00d7 120 cm. Cette image documente son portfolio artistique et son site vitrine.\" data-e-action-hash=\"#elementor-action%3Aaction%3Dlightbox%26settings%3DeyJpZCI6MjAxMiwidXJsIjoiaHR0cHM6XC9cL21hbmNlc3RpLmNoXC93cC1jb250ZW50XC91cGxvYWRzXC8yMDI2XC8wN1wvaWwtZ29uZG9saWVyZS1zY2FsZWQtMS5qcGciLCJzbGlkZXNob3ciOiIyM2Q1OTllIn0%3D\">\n\t\t\t\t\t<div class=\"e-gallery-image elementor-gallery-item__image\" data-thumbnail=\"https:\/\/mancesti.ch\/wp-content\/uploads\/2026\/07\/il-gondoliere-scaled-1-748x1024.jpg\" data-width=\"748\" data-height=\"1024\" aria-label=\"Peinture de paysage maritime \u00ab Il gondoliere \u00bb de Rita Mancesti\" role=\"img\" ><\/div>\n\t\t\t\t\t\t\t\t\t\t\t<div class=\"elementor-gallery-item__overlay\"><\/div>\n\t\t\t\t\t\t\t\t\t\t\t\t\t\t\t<div class=\"elementor-gallery-item__content\">\n\t\t\t\t\t\t\t\t\t\t\t\t\t\t<div class=\"elementor-gallery-item__title\">\n\t\t\t\t\t\t\t\t\t\t\t\t\t\t\t\t\t\t[649] - Il gondoliere - 90 \u00d7 120 cm\t\t\t\t\t\t\t\t<\/div>\n\t\t\t\t\t\t\t\t\t\t\t\t<\/div>\n\t\t\t\t\t\t\t\t\t<\/a>\n\t\t\t\t\t\t\t<a class=\"e-gallery-item elementor-gallery-item elementor-animated-content\" data-e-gallery-tags=\"0\" href=\"https:\/\/mancesti.ch\/wp-content\/uploads\/2026\/07\/surfeur-III-scaled-1.jpg\" data-elementor-open-lightbox=\"yes\" data-elementor-lightbox-slideshow=\"23d599e\" data-elementor-lightbox-title=\"\u00ab Le surfeur 3 \u00bb, \u0153uvre de Rita Mancesti, artiste peintre \u00e0 Rolle. Format : 60 \u00d7 120 cm.\" data-elementor-lightbox-description=\"Visuel de l\u2019\u0153uvre \u00ab Le surfeur 3 \u00bb de Rita Mancesti. Cette \u0153uvre s\u2019inscrit dans son exploration des paysages maritimes et des sc\u00e8nes au bord de l\u2019eau. Dimensions de l\u2019\u0153uvre : 60 \u00d7 120 cm. Cette image documente son portfolio artistique et son site vitrine.\" data-e-action-hash=\"#elementor-action%3Aaction%3Dlightbox%26settings%3DeyJpZCI6MjAxNiwidXJsIjoiaHR0cHM6XC9cL21hbmNlc3RpLmNoXC93cC1jb250ZW50XC91cGxvYWRzXC8yMDI2XC8wN1wvc3VyZmV1ci1JSUktc2NhbGVkLTEuanBnIiwic2xpZGVzaG93IjoiMjNkNTk5ZSJ9\">\n\t\t\t\t\t<div class=\"e-gallery-image elementor-gallery-item__image\" data-thumbnail=\"https:\/\/mancesti.ch\/wp-content\/uploads\/2026\/07\/surfeur-III-scaled-1-1024x502.jpg\" data-width=\"800\" data-height=\"392\" aria-label=\"Peinture de paysage maritime \u00ab Le surfeur 3 \u00bb de Rita Mancesti\" role=\"img\" ><\/div>\n\t\t\t\t\t\t\t\t\t\t\t<div class=\"elementor-gallery-item__overlay\"><\/div>\n\t\t\t\t\t\t\t\t\t\t\t\t\t\t\t<div class=\"elementor-gallery-item__content\">\n\t\t\t\t\t\t\t\t\t\t\t\t\t\t<div class=\"elementor-gallery-item__title\">\n\t\t\t\t\t\t\t\t\t\t\t\t\t\t\t\t\t\t[647] - Le surfeur 3 - 60 \u00d7 120 cm\t\t\t\t\t\t\t\t<\/div>\n\t\t\t\t\t\t\t\t\t\t\t\t<\/div>\n\t\t\t\t\t\t\t\t\t<\/a>\n\t\t\t\t\t\t\t<a class=\"e-gallery-item elementor-gallery-item elementor-animated-content\" data-e-gallery-tags=\"0\" href=\"https:\/\/mancesti.ch\/wp-content\/uploads\/2026\/07\/lindacat.jpg\" data-elementor-open-lightbox=\"yes\" data-elementor-lightbox-slideshow=\"23d599e\" data-elementor-lightbox-title=\"\u00ab Linda et son chat \u00bb, \u0153uvre de Rita Mancesti, artiste peintre \u00e0 Rolle.\" data-elementor-lightbox-description=\"Visuel de l\u2019\u0153uvre \u00ab Linda et son chat \u00bb de Rita Mancesti. Cette \u0153uvre figurative met en sc\u00e8ne un personnage ou un moment de vie saisi par l\u2019artiste. Cette image documente son portfolio artistique et son site vitrine.\" data-e-action-hash=\"#elementor-action%3Aaction%3Dlightbox%26settings%3DeyJpZCI6MjAxMCwidXJsIjoiaHR0cHM6XC9cL21hbmNlc3RpLmNoXC93cC1jb250ZW50XC91cGxvYWRzXC8yMDI2XC8wN1wvbGluZGFjYXQuanBnIiwic2xpZGVzaG93IjoiMjNkNTk5ZSJ9\">\n\t\t\t\t\t<div class=\"e-gallery-image elementor-gallery-item__image\" data-thumbnail=\"https:\/\/mancesti.ch\/wp-content\/uploads\/2026\/07\/lindacat-1024x798.jpg\" data-width=\"800\" data-height=\"623\" aria-label=\"Sc\u00e8ne figurative \u00ab Linda et son chat \u00bb de Rita Mancesti\" role=\"img\" ><\/div>\n\t\t\t\t\t\t\t\t\t\t\t<div class=\"elementor-gallery-item__overlay\"><\/div>\n\t\t\t\t\t\t\t\t\t\t\t\t\t\t\t<div class=\"elementor-gallery-item__content\">\n\t\t\t\t\t\t\t\t\t\t\t\t\t\t<div class=\"elementor-gallery-item__title\">\n\t\t\t\t\t\t\t\t\t\t\t\t\t\t\t\t\t\tLinda et son chat \u2013 Rita Mancesti\t\t\t\t\t\t\t\t<\/div>\n\t\t\t\t\t\t\t\t\t\t\t\t<\/div>\n\t\t\t\t\t\t\t\t\t<\/a>\n\t\t\t\t\t\t\t<a class=\"e-gallery-item elementor-gallery-item elementor-animated-content\" data-e-gallery-tags=\"0\" href=\"https:\/\/mancesti.ch\/wp-content\/uploads\/2026\/07\/foodtruck_future-scaled-1.jpg\" data-elementor-open-lightbox=\"yes\" data-elementor-lightbox-slideshow=\"23d599e\" data-elementor-lightbox-title=\"\u00ab Foodtruck future \u00bb, \u0153uvre de Rita Mancesti, artiste peintre \u00e0 Rolle. Format : 100 \u00d7 100 cm.\" data-elementor-lightbox-description=\"Visuel de l\u2019\u0153uvre \u00ab Foodtruck future \u00bb de Rita Mancesti. Cette \u0153uvre figurative met en sc\u00e8ne un personnage ou un moment de vie saisi par l\u2019artiste. Dimensions de l\u2019\u0153uvre : 100 \u00d7 100 cm. Cette image documente son portfolio artistique et son site vitrine.\" data-e-action-hash=\"#elementor-action%3Aaction%3Dlightbox%26settings%3DeyJpZCI6MjAxNywidXJsIjoiaHR0cHM6XC9cL21hbmNlc3RpLmNoXC93cC1jb250ZW50XC91cGxvYWRzXC8yMDI2XC8wN1wvZm9vZHRydWNrX2Z1dHVyZS1zY2FsZWQtMS5qcGciLCJzbGlkZXNob3ciOiIyM2Q1OTllIn0%3D\">\n\t\t\t\t\t<div class=\"e-gallery-image elementor-gallery-item__image\" data-thumbnail=\"https:\/\/mancesti.ch\/wp-content\/uploads\/2026\/07\/foodtruck_future-scaled-1-1024x972.jpg\" data-width=\"800\" data-height=\"759\" aria-label=\"Sc\u00e8ne figurative \u00ab Foodtruck future \u00bb de Rita Mancesti\" role=\"img\" ><\/div>\n\t\t\t\t\t\t\t\t\t\t\t<div class=\"elementor-gallery-item__overlay\"><\/div>\n\t\t\t\t\t\t\t\t\t\t\t\t\t\t\t<div class=\"elementor-gallery-item__content\">\n\t\t\t\t\t\t\t\t\t\t\t\t\t\t<div class=\"elementor-gallery-item__title\">\n\t\t\t\t\t\t\t\t\t\t\t\t\t\t\t\t\t\t[621] - Foodtruck future - 100 \u00d7 100 cm\t\t\t\t\t\t\t\t<\/div>\n\t\t\t\t\t\t\t\t\t\t\t\t<\/div>\n\t\t\t\t\t\t\t\t\t<\/a>\n\t\t\t\t\t\t\t<a class=\"e-gallery-item elementor-gallery-item elementor-animated-content\" data-e-gallery-tags=\"0\" href=\"https:\/\/mancesti.ch\/wp-content\/uploads\/2026\/07\/petitesbretonnes.jpg\" data-elementor-open-lightbox=\"yes\" data-elementor-lightbox-slideshow=\"23d599e\" data-elementor-lightbox-title=\"\u00ab Petites bretonnes \u00bb, \u0153uvre de Rita Mancesti, artiste peintre \u00e0 Rolle. Format : 60 \u00d7 80 cm.\" data-elementor-lightbox-description=\"Visuel de l\u2019\u0153uvre \u00ab Petites bretonnes \u00bb de Rita Mancesti. Cette \u0153uvre figurative met en sc\u00e8ne un personnage ou un moment de vie saisi par l\u2019artiste. Dimensions de l\u2019\u0153uvre : 60 \u00d7 80 cm. Cette image documente son portfolio artistique et son site vitrine.\" data-e-action-hash=\"#elementor-action%3Aaction%3Dlightbox%26settings%3DeyJpZCI6MjAwOCwidXJsIjoiaHR0cHM6XC9cL21hbmNlc3RpLmNoXC93cC1jb250ZW50XC91cGxvYWRzXC8yMDI2XC8wN1wvcGV0aXRlc2JyZXRvbm5lcy5qcGciLCJzbGlkZXNob3ciOiIyM2Q1OTllIn0%3D\">\n\t\t\t\t\t<div class=\"e-gallery-image elementor-gallery-item__image\" data-thumbnail=\"https:\/\/mancesti.ch\/wp-content\/uploads\/2026\/07\/petitesbretonnes-711x1024.jpg\" data-width=\"711\" data-height=\"1024\" aria-label=\"Sc\u00e8ne figurative \u00ab Petites bretonnes \u00bb de Rita Mancesti\" role=\"img\" ><\/div>\n\t\t\t\t\t\t\t\t\t\t\t<div class=\"elementor-gallery-item__overlay\"><\/div>\n\t\t\t\t\t\t\t\t\t\t\t\t\t\t\t<div class=\"elementor-gallery-item__content\">\n\t\t\t\t\t\t\t\t\t\t\t\t\t\t<div class=\"elementor-gallery-item__title\">\n\t\t\t\t\t\t\t\t\t\t\t\t\t\t\t\t\t\t[254] - Petites bretonnes - 60 \u00d7 80 cm\t\t\t\t\t\t\t\t<\/div>\n\t\t\t\t\t\t\t\t\t\t\t\t<\/div>\n\t\t\t\t\t\t\t\t\t<\/a>\n\t\t\t\t\t\t\t<a class=\"e-gallery-item elementor-gallery-item elementor-animated-content\" data-e-gallery-tags=\"0\" href=\"https:\/\/mancesti.ch\/wp-content\/uploads\/2026\/07\/bretagne_1.jpg\" data-elementor-open-lightbox=\"yes\" data-elementor-lightbox-slideshow=\"23d599e\" data-elementor-lightbox-title=\"\u00ab Brrr\u2026etagne 1 \u00bb, \u0153uvre de Rita Mancesti, artiste peintre \u00e0 Rolle. Format : 90 \u00d7 90 cm.\" data-elementor-lightbox-description=\"Visuel de l\u2019\u0153uvre \u00ab Brrr\u2026etagne 1 \u00bb de Rita Mancesti. Cette \u0153uvre illustre l\u2019univers figuratif et color\u00e9 de l\u2019artiste. Dimensions de l\u2019\u0153uvre : 90 \u00d7 90 cm. Cette image documente son portfolio artistique et son site vitrine.\" data-e-action-hash=\"#elementor-action%3Aaction%3Dlightbox%26settings%3DeyJpZCI6MjAxOSwidXJsIjoiaHR0cHM6XC9cL21hbmNlc3RpLmNoXC93cC1jb250ZW50XC91cGxvYWRzXC8yMDI2XC8wN1wvYnJldGFnbmVfMS5qcGciLCJzbGlkZXNob3ciOiIyM2Q1OTllIn0%3D\">\n\t\t\t\t\t<div class=\"e-gallery-image elementor-gallery-item__image\" data-thumbnail=\"https:\/\/mancesti.ch\/wp-content\/uploads\/2026\/07\/bretagne_1-1007x1024.jpg\" data-width=\"800\" data-height=\"814\" aria-label=\"Tableau \u00ab Brrr\u2026etagne 1 \u00bb de Rita Mancesti\" role=\"img\" ><\/div>\n\t\t\t\t\t\t\t\t\t\t\t<div class=\"elementor-gallery-item__overlay\"><\/div>\n\t\t\t\t\t\t\t\t\t\t\t\t\t\t\t<div class=\"elementor-gallery-item__content\">\n\t\t\t\t\t\t\t\t\t\t\t\t\t\t<div class=\"elementor-gallery-item__title\">\n\t\t\t\t\t\t\t\t\t\t\t\t\t\t\t\t\t\t[679] - Brrr...etagne 1 - 90 \u00d7 90 cm\t\t\t\t\t\t\t\t<\/div>\n\t\t\t\t\t\t\t\t\t\t\t\t<\/div>\n\t\t\t\t\t\t\t\t\t<\/a>\n\t\t\t\t\t\t\t<a class=\"e-gallery-item elementor-gallery-item elementor-animated-content\" data-e-gallery-tags=\"0\" href=\"https:\/\/mancesti.ch\/wp-content\/uploads\/2026\/07\/contro_luce-scaled-1.jpg\" data-elementor-open-lightbox=\"yes\" data-elementor-lightbox-slideshow=\"23d599e\" data-elementor-lightbox-title=\"\u00ab Controluce \u00bb, \u0153uvre de Rita Mancesti, artiste peintre \u00e0 Rolle. Format : 90 \u00d7 120 cm.\" data-elementor-lightbox-description=\"Visuel de l\u2019\u0153uvre \u00ab Controluce \u00bb de Rita Mancesti. Cette \u0153uvre s\u2019inscrit dans son exploration des paysages maritimes et des sc\u00e8nes au bord de l\u2019eau. Dimensions de l\u2019\u0153uvre : 90 \u00d7 120 cm. Cette image documente son portfolio artistique et son site vitrine.\" data-e-action-hash=\"#elementor-action%3Aaction%3Dlightbox%26settings%3DeyJpZCI6MjAxMywidXJsIjoiaHR0cHM6XC9cL21hbmNlc3RpLmNoXC93cC1jb250ZW50XC91cGxvYWRzXC8yMDI2XC8wN1wvY29udHJvX2x1Y2Utc2NhbGVkLTEuanBnIiwic2xpZGVzaG93IjoiMjNkNTk5ZSJ9\">\n\t\t\t\t\t<div class=\"e-gallery-image elementor-gallery-item__image\" data-thumbnail=\"https:\/\/mancesti.ch\/wp-content\/uploads\/2026\/07\/contro_luce-scaled-1-775x1024.jpg\" data-width=\"775\" data-height=\"1024\" aria-label=\"Peinture de paysage maritime \u00ab Controluce \u00bb de Rita Mancesti\" role=\"img\" ><\/div>\n\t\t\t\t\t\t\t\t\t\t\t<div class=\"elementor-gallery-item__overlay\"><\/div>\n\t\t\t\t\t\t\t\t\t\t\t\t\t\t\t<div class=\"elementor-gallery-item__content\">\n\t\t\t\t\t\t\t\t\t\t\t\t\t\t<div class=\"elementor-gallery-item__title\">\n\t\t\t\t\t\t\t\t\t\t\t\t\t\t\t\t\t\t[650] - Controluce - 90 \u00d7 120 cm\t\t\t\t\t\t\t\t<\/div>\n\t\t\t\t\t\t\t\t\t\t\t\t<\/div>\n\t\t\t\t\t\t\t\t\t<\/a>\n\t\t\t\t\t\t\t<a class=\"e-gallery-item elementor-gallery-item elementor-animated-content\" data-e-gallery-tags=\"0\" href=\"https:\/\/mancesti.ch\/wp-content\/uploads\/2026\/07\/il-calciatore-90-x-120-cm-scaled-1.jpg\" data-elementor-open-lightbox=\"yes\" data-elementor-lightbox-slideshow=\"23d599e\" data-elementor-lightbox-title=\"\u00ab Il calciatore \u00bb, \u0153uvre de Rita Mancesti, artiste peintre \u00e0 Rolle. Format : 90 \u00d7 120 cm.\" data-elementor-lightbox-description=\"Visuel de l\u2019\u0153uvre \u00ab Il calciatore \u00bb de Rita Mancesti. Cette \u0153uvre figurative met en sc\u00e8ne un personnage ou un moment de vie saisi par l\u2019artiste. Dimensions de l\u2019\u0153uvre : 90 \u00d7 120 cm. Cette image documente son portfolio artistique et son site vitrine.\" data-e-action-hash=\"#elementor-action%3Aaction%3Dlightbox%26settings%3DeyJpZCI6MjAxNCwidXJsIjoiaHR0cHM6XC9cL21hbmNlc3RpLmNoXC93cC1jb250ZW50XC91cGxvYWRzXC8yMDI2XC8wN1wvaWwtY2FsY2lhdG9yZS05MC14LTEyMC1jbS1zY2FsZWQtMS5qcGciLCJzbGlkZXNob3ciOiIyM2Q1OTllIn0%3D\">\n\t\t\t\t\t<div class=\"e-gallery-image elementor-gallery-item__image\" data-thumbnail=\"https:\/\/mancesti.ch\/wp-content\/uploads\/2026\/07\/il-calciatore-90-x-120-cm-scaled-1-766x1024.jpg\" data-width=\"766\" data-height=\"1024\" aria-label=\"Sc\u00e8ne figurative \u00ab Il calciatore \u00bb de Rita Mancesti\" role=\"img\" ><\/div>\n\t\t\t\t\t\t\t\t\t\t\t<div class=\"elementor-gallery-item__overlay\"><\/div>\n\t\t\t\t\t\t\t\t\t\t\t\t\t\t\t<div class=\"elementor-gallery-item__content\">\n\t\t\t\t\t\t\t\t\t\t\t\t\t\t<div class=\"elementor-gallery-item__title\">\n\t\t\t\t\t\t\t\t\t\t\t\t\t\t\t\t\t\t[648] - il calciatore - 90 \u00d7 120 cm\t\t\t\t\t\t\t\t<\/div>\n\t\t\t\t\t\t\t\t\t\t\t\t<\/div>\n\t\t\t\t\t\t\t\t\t<\/a>\n\t\t\t\t\t\t\t<a class=\"e-gallery-item elementor-gallery-item elementor-animated-content\" data-e-gallery-tags=\"0\" href=\"https:\/\/mancesti.ch\/wp-content\/uploads\/2026\/07\/lindaetlechat.jpg\" data-elementor-open-lightbox=\"yes\" data-elementor-lightbox-slideshow=\"23d599e\" data-elementor-lightbox-title=\"\u00ab Linda et le chat \u00bb, \u0153uvre de Rita Mancesti, artiste peintre \u00e0 Rolle.\" data-elementor-lightbox-description=\"Visuel de l\u2019\u0153uvre \u00ab Linda et le chat \u00bb de Rita Mancesti. Cette \u0153uvre figurative met en sc\u00e8ne un personnage ou un moment de vie saisi par l\u2019artiste. Cette image documente son portfolio artistique et son site vitrine.\" data-e-action-hash=\"#elementor-action%3Aaction%3Dlightbox%26settings%3DeyJpZCI6MjAwOSwidXJsIjoiaHR0cHM6XC9cL21hbmNlc3RpLmNoXC93cC1jb250ZW50XC91cGxvYWRzXC8yMDI2XC8wN1wvbGluZGFldGxlY2hhdC5qcGciLCJzbGlkZXNob3ciOiIyM2Q1OTllIn0%3D\">\n\t\t\t\t\t<div class=\"e-gallery-image elementor-gallery-item__image\" data-thumbnail=\"https:\/\/mancesti.ch\/wp-content\/uploads\/2026\/07\/lindaetlechat-702x1024.jpg\" data-width=\"702\" data-height=\"1024\" aria-label=\"Sc\u00e8ne figurative \u00ab Linda et le chat \u00bb de Rita Mancesti\" role=\"img\" ><\/div>\n\t\t\t\t\t\t\t\t\t\t\t<div class=\"elementor-gallery-item__overlay\"><\/div>\n\t\t\t\t\t\t\t\t\t\t\t\t\t\t\t<div class=\"elementor-gallery-item__content\">\n\t\t\t\t\t\t\t\t\t\t\t\t\t\t<div class=\"elementor-gallery-item__title\">\n\t\t\t\t\t\t\t\t\t\t\t\t\t\t\t\t\t\tLinda et le chat \u2013 Rita Mancesti\t\t\t\t\t\t\t\t<\/div>\n\t\t\t\t\t\t\t\t\t\t\t\t<\/div>\n\t\t\t\t\t\t\t\t\t<\/a>\n\t\t\t\t\t\t\t<a class=\"e-gallery-item elementor-gallery-item elementor-animated-content\" data-e-gallery-tags=\"0\" href=\"https:\/\/mancesti.ch\/wp-content\/uploads\/2026\/07\/echappee_belle.jpg\" data-elementor-open-lightbox=\"yes\" data-elementor-lightbox-slideshow=\"23d599e\" data-elementor-lightbox-title=\"\u00ab \u00c9chapp\u00e9e belle \u00bb, \u0153uvre de Rita Mancesti, artiste peintre \u00e0 Rolle. Format : 60 \u00d7 80 cm.\" data-elementor-lightbox-description=\"Visuel de l\u2019\u0153uvre \u00ab \u00c9chapp\u00e9e belle \u00bb de Rita Mancesti. Cette \u0153uvre figurative met en sc\u00e8ne un personnage ou un moment de vie saisi par l\u2019artiste. Dimensions de l\u2019\u0153uvre : 60 \u00d7 80 cm. Cette image documente son portfolio artistique et son site vitrine.\" data-e-action-hash=\"#elementor-action%3Aaction%3Dlightbox%26settings%3DeyJpZCI6MjAxMSwidXJsIjoiaHR0cHM6XC9cL21hbmNlc3RpLmNoXC93cC1jb250ZW50XC91cGxvYWRzXC8yMDI2XC8wN1wvZWNoYXBwZWVfYmVsbGUuanBnIiwic2xpZGVzaG93IjoiMjNkNTk5ZSJ9\">\n\t\t\t\t\t<div class=\"e-gallery-image elementor-gallery-item__image\" data-thumbnail=\"https:\/\/mancesti.ch\/wp-content\/uploads\/2026\/07\/echappee_belle-783x1024.jpg\" data-width=\"783\" data-height=\"1024\" aria-label=\"Sc\u00e8ne figurative \u00ab \u00c9chapp\u00e9e belle \u00bb de Rita Mancesti\" role=\"img\" ><\/div>\n\t\t\t\t\t\t\t\t\t\t\t<div class=\"elementor-gallery-item__overlay\"><\/div>\n\t\t\t\t\t\t\t\t\t\t\t\t\t\t\t<div class=\"elementor-gallery-item__content\">\n\t\t\t\t\t\t\t\t\t\t\t\t\t\t<div class=\"elementor-gallery-item__title\">\n\t\t\t\t\t\t\t\t\t\t\t\t\t\t\t\t\t\t[608] - Echapp\u00e9e belle - 60 \u00d7 80 cm\t\t\t\t\t\t\t\t<\/div>\n\t\t\t\t\t\t\t\t\t\t\t\t<\/div>\n\t\t\t\t\t\t\t\t\t<\/a>\n\t\t\t\t\t\t\t<a class=\"e-gallery-item elementor-gallery-item elementor-animated-content\" data-e-gallery-tags=\"0\" href=\"https:\/\/mancesti.ch\/wp-content\/uploads\/2026\/07\/bretagne_2.jpg\" data-elementor-open-lightbox=\"yes\" data-elementor-lightbox-slideshow=\"23d599e\" data-elementor-lightbox-title=\"\u00ab Brrr\u2026etagne 2 \u00bb, \u0153uvre de Rita Mancesti, artiste peintre \u00e0 Rolle. Format : 90 \u00d7 90 cm.\" data-elementor-lightbox-description=\"Visuel de l\u2019\u0153uvre \u00ab Brrr\u2026etagne 2 \u00bb de Rita Mancesti. Cette \u0153uvre illustre l\u2019univers figuratif et color\u00e9 de l\u2019artiste. Dimensions de l\u2019\u0153uvre : 90 \u00d7 90 cm. Cette image documente son portfolio artistique et son site vitrine.\" data-e-action-hash=\"#elementor-action%3Aaction%3Dlightbox%26settings%3DeyJpZCI6MjAxOCwidXJsIjoiaHR0cHM6XC9cL21hbmNlc3RpLmNoXC93cC1jb250ZW50XC91cGxvYWRzXC8yMDI2XC8wN1wvYnJldGFnbmVfMi5qcGciLCJzbGlkZXNob3ciOiIyM2Q1OTllIn0%3D\">\n\t\t\t\t\t<div class=\"e-gallery-image elementor-gallery-item__image\" data-thumbnail=\"https:\/\/mancesti.ch\/wp-content\/uploads\/2026\/07\/bretagne_2-1024x980.jpg\" data-width=\"800\" data-height=\"766\" aria-label=\"Tableau \u00ab Brrr\u2026etagne 2 \u00bb de Rita Mancesti\" role=\"img\" ><\/div>\n\t\t\t\t\t\t\t\t\t\t\t<div class=\"elementor-gallery-item__overlay\"><\/div>\n\t\t\t\t\t\t\t\t\t\t\t\t\t\t\t<div class=\"elementor-gallery-item__content\">\n\t\t\t\t\t\t\t\t\t\t\t\t\t\t<div class=\"elementor-gallery-item__title\">\n\t\t\t\t\t\t\t\t\t\t\t\t\t\t\t\t\t\t[682] - Brrr...etagne 2 - 90 \u00d7 90 cm\t\t\t\t\t\t\t\t<\/div>\n\t\t\t\t\t\t\t\t\t\t\t\t<\/div>\n\t\t\t\t\t\t\t\t\t<\/a>\n\t\t\t\t\t<\/div>\n\t\t\t\t\t<\/div>\n\t\t\t\t<\/div>\n\t\t<div class=\"elementor-element elementor-element-382949e e-con-full elementor-hidden-desktop elementor-hidden-tablet e-flex e-con e-child\" data-id=\"382949e\" data-element_type=\"container\" data-e-type=\"container\" id=\"ailleurs\" data-settings=\"{&quot;jet_parallax_layout_list&quot;:[]}\">\n\t\t\t\t<div class=\"elementor-element elementor-element-7b35610 elementor-gallery--filter-align-center elementor-widget__width-initial elementor-widget elementor-widget-gallery\" data-id=\"7b35610\" data-element_type=\"widget\" data-e-type=\"widget\" data-settings=\"{&quot;columns&quot;:3,&quot;columns_mobile&quot;:2,&quot;aspect_ratio&quot;:&quot;1:1&quot;,&quot;overlay_title&quot;:&quot;title&quot;,&quot;lazyload&quot;:&quot;yes&quot;,&quot;gallery_layout&quot;:&quot;grid&quot;,&quot;columns_tablet&quot;:2,&quot;gap&quot;:{&quot;unit&quot;:&quot;px&quot;,&quot;size&quot;:10,&quot;sizes&quot;:[]},&quot;gap_tablet&quot;:{&quot;unit&quot;:&quot;px&quot;,&quot;size&quot;:10,&quot;sizes&quot;:[]},&quot;gap_mobile&quot;:{&quot;unit&quot;:&quot;px&quot;,&quot;size&quot;:10,&quot;sizes&quot;:[]},&quot;link_to&quot;:&quot;file&quot;,&quot;overlay_background&quot;:&quot;yes&quot;,&quot;content_hover_animation&quot;:&quot;fade-in&quot;}\" data-widget_type=\"gallery.default\">\n\t\t\t\t\t\t\t\t<div class=\"elementor-gallery__titles-container e--pointer-text e--animation-grow\" aria-label=\"Gallery filter\">\n\t\t\t\t\n\t\t\t\t\t\t\t\t\t<a class=\"elementor-item elementor-gallery-title\" role=\"button\" tabindex=\"0\" data-gallery-index=\"0\">\n\t\t\t\t\t\tGallery from Elsewhere\t\t\t\t\t<\/a>\n\t\t\t\t\t\t\t\t<\/div>\n\t\t\t\t\t<div class=\"elementor-gallery__container\">\n\t\t\t\t\t\t\t<a class=\"e-gallery-item elementor-gallery-item elementor-animated-content\" data-e-gallery-tags=\"0\" href=\"https:\/\/mancesti.ch\/wp-content\/uploads\/2026\/08\/le-seau-bleu.jpg\" data-elementor-open-lightbox=\"yes\" data-elementor-lightbox-slideshow=\"7b35610\" data-elementor-lightbox-title=\"\u00ab Le seau bleu \u00bb, \u0153uvre de Rita Mancesti, artiste peintre \u00e0 Rolle. Format : 30 \u00d7 40 cm.\" data-elementor-lightbox-description=\"Visuel de l\u2019\u0153uvre \u00ab Le seau bleu \u00bb de Rita Mancesti. Cette \u0153uvre illustre l\u2019univers figuratif et color\u00e9 de l\u2019artiste. Dimensions de l\u2019\u0153uvre : 30 \u00d7 40 cm. Cette image documente son portfolio artistique et son site vitrine.\" data-e-action-hash=\"#elementor-action%3Aaction%3Dlightbox%26settings%3DeyJpZCI6MjAyMSwidXJsIjoiaHR0cHM6XC9cL21hbmNlc3RpLmNoXC93cC1jb250ZW50XC91cGxvYWRzXC8yMDI2XC8wOFwvbGUtc2VhdS1ibGV1LmpwZyIsInNsaWRlc2hvdyI6IjdiMzU2MTAifQ%3D%3D\">\n\t\t\t\t\t<div class=\"e-gallery-image elementor-gallery-item__image\" data-thumbnail=\"https:\/\/mancesti.ch\/wp-content\/uploads\/2026\/08\/le-seau-bleu-766x1024.jpg\" data-width=\"766\" data-height=\"1024\" aria-label=\"Tableau \u00ab Le seau bleu \u00bb de Rita Mancesti\" role=\"img\" ><\/div>\n\t\t\t\t\t\t\t\t\t\t\t<div class=\"elementor-gallery-item__overlay\"><\/div>\n\t\t\t\t\t\t\t\t\t\t\t\t\t\t\t<div class=\"elementor-gallery-item__content\">\n\t\t\t\t\t\t\t\t\t\t\t\t\t\t<div class=\"elementor-gallery-item__title\">\n\t\t\t\t\t\t\t\t\t\t\t\t\t\t\t\t\t\t[706] - Le sceau bleu - 30 \u00d7 40 cm\t\t\t\t\t\t\t\t<\/div>\n\t\t\t\t\t\t\t\t\t\t\t\t<\/div>\n\t\t\t\t\t\t\t\t\t<\/a>\n\t\t\t\t\t\t\t<a class=\"e-gallery-item elementor-gallery-item elementor-animated-content\" data-e-gallery-tags=\"0\" href=\"https:\/\/mancesti.ch\/wp-content\/uploads\/2026\/08\/Sot-scuol.jpg\" data-elementor-open-lightbox=\"yes\" data-elementor-lightbox-slideshow=\"7b35610\" data-elementor-lightbox-title=\"\u00ab Joyeuse Engadine \u00bb, \u0153uvre de Rita Mancesti, artiste peintre \u00e0 Rolle. Format : 60 \u00d7 80 cm.\" data-elementor-lightbox-description=\"Visuel de l\u2019\u0153uvre \u00ab Joyeuse Engadine \u00bb de Rita Mancesti. Cette \u0153uvre s\u2019inscrit dans son exploration des paysages suisses et alpins. Dimensions de l\u2019\u0153uvre : 60 \u00d7 80 cm. Cette image documente son portfolio artistique et son site vitrine.\" data-e-action-hash=\"#elementor-action%3Aaction%3Dlightbox%26settings%3DeyJpZCI6MjAyOCwidXJsIjoiaHR0cHM6XC9cL21hbmNlc3RpLmNoXC93cC1jb250ZW50XC91cGxvYWRzXC8yMDI2XC8wOFwvU290LXNjdW9sLmpwZyIsInNsaWRlc2hvdyI6IjdiMzU2MTAifQ%3D%3D\">\n\t\t\t\t\t<div class=\"e-gallery-image elementor-gallery-item__image\" data-thumbnail=\"https:\/\/mancesti.ch\/wp-content\/uploads\/2026\/08\/Sot-scuol-1024x773.jpg\" data-width=\"800\" data-height=\"604\" aria-label=\"Peinture de paysage suisse \u00ab Joyeuse Engadine \u00bb de Rita Mancesti\" role=\"img\" ><\/div>\n\t\t\t\t\t\t\t\t\t\t\t<div class=\"elementor-gallery-item__overlay\"><\/div>\n\t\t\t\t\t\t\t\t\t\t\t\t\t\t\t<div class=\"elementor-gallery-item__content\">\n\t\t\t\t\t\t\t\t\t\t\t\t\t\t<div class=\"elementor-gallery-item__title\">\n\t\t\t\t\t\t\t\t\t\t\t\t\t\t\t\t\t\t[256] - Joyeuse Engadine - 60 \u00d7 80 cm\t\t\t\t\t\t\t\t<\/div>\n\t\t\t\t\t\t\t\t\t\t\t\t<\/div>\n\t\t\t\t\t\t\t\t\t<\/a>\n\t\t\t\t\t\t\t<a class=\"e-gallery-item elementor-gallery-item elementor-animated-content\" data-e-gallery-tags=\"0\" href=\"https:\/\/mancesti.ch\/wp-content\/uploads\/2026\/08\/sgraffito.jpg\" data-elementor-open-lightbox=\"yes\" data-elementor-lightbox-slideshow=\"7b35610\" data-elementor-lightbox-title=\"\u00ab Sgraffito \u00bb, \u0153uvre de Rita Mancesti, artiste peintre \u00e0 Rolle. Format : 40 \u00d7 40 cm.\" data-elementor-lightbox-description=\"Visuel de l\u2019\u0153uvre \u00ab Sgraffito \u00bb de Rita Mancesti. Cette \u0153uvre illustre l\u2019univers figuratif et color\u00e9 de l\u2019artiste. Dimensions de l\u2019\u0153uvre : 40 \u00d7 40 cm. Cette image documente son portfolio artistique et son site vitrine.\" data-e-action-hash=\"#elementor-action%3Aaction%3Dlightbox%26settings%3DeyJpZCI6MjAzMiwidXJsIjoiaHR0cHM6XC9cL21hbmNlc3RpLmNoXC93cC1jb250ZW50XC91cGxvYWRzXC8yMDI2XC8wOFwvc2dyYWZmaXRvLmpwZyIsInNsaWRlc2hvdyI6IjdiMzU2MTAifQ%3D%3D\">\n\t\t\t\t\t<div class=\"e-gallery-image elementor-gallery-item__image\" data-thumbnail=\"https:\/\/mancesti.ch\/wp-content\/uploads\/2026\/08\/sgraffito-1024x1014.jpg\" data-width=\"800\" data-height=\"792\" aria-label=\"Tableau \u00ab Sgraffito \u00bb de Rita Mancesti\" role=\"img\" ><\/div>\n\t\t\t\t\t\t\t\t\t\t\t<div class=\"elementor-gallery-item__overlay\"><\/div>\n\t\t\t\t\t\t\t\t\t\t\t\t\t\t\t<div class=\"elementor-gallery-item__content\">\n\t\t\t\t\t\t\t\t\t\t\t\t\t\t<div class=\"elementor-gallery-item__title\">\n\t\t\t\t\t\t\t\t\t\t\t\t\t\t\t\t\t\t[344] - Sgraffito - 40 \u00d7 40 cm\t\t\t\t\t\t\t\t<\/div>\n\t\t\t\t\t\t\t\t\t\t\t\t<\/div>\n\t\t\t\t\t\t\t\t\t<\/a>\n\t\t\t\t\t\t\t<a class=\"e-gallery-item elementor-gallery-item elementor-animated-content\" data-e-gallery-tags=\"0\" href=\"https:\/\/mancesti.ch\/wp-content\/uploads\/2026\/08\/rocher-a-sein.jpg\" data-elementor-open-lightbox=\"yes\" data-elementor-lightbox-slideshow=\"7b35610\" data-elementor-lightbox-title=\"\u00ab Rocher \u00e0 l\u2019\u00eele de Sein \u00bb, \u0153uvre de Rita Mancesti, artiste peintre \u00e0 Rolle. Format : 40 \u00d7 60 cm.\" data-elementor-lightbox-description=\"Visuel de l\u2019\u0153uvre \u00ab Rocher \u00e0 l\u2019\u00eele de Sein \u00bb de Rita Mancesti. Cette \u0153uvre s\u2019inscrit dans son exploration des paysages suisses et alpins. Dimensions de l\u2019\u0153uvre : 40 \u00d7 60 cm. Cette image documente son portfolio artistique et son site vitrine.\" data-e-action-hash=\"#elementor-action%3Aaction%3Dlightbox%26settings%3DeyJpZCI6MjAyMywidXJsIjoiaHR0cHM6XC9cL21hbmNlc3RpLmNoXC93cC1jb250ZW50XC91cGxvYWRzXC8yMDI2XC8wOFwvcm9jaGVyLWEtc2Vpbi5qcGciLCJzbGlkZXNob3ciOiI3YjM1NjEwIn0%3D\">\n\t\t\t\t\t<div class=\"e-gallery-image elementor-gallery-item__image\" data-thumbnail=\"https:\/\/mancesti.ch\/wp-content\/uploads\/2026\/08\/rocher-a-sein-1024x675.jpg\" data-width=\"800\" data-height=\"527\" aria-label=\"Peinture de paysage suisse \u00ab Rocher \u00e0 l\u2019\u00eele de Sein \u00bb de Rita Mancesti\" role=\"img\" ><\/div>\n\t\t\t\t\t\t\t\t\t\t\t<div class=\"elementor-gallery-item__overlay\"><\/div>\n\t\t\t\t\t\t\t\t\t\t\t\t\t\t\t<div class=\"elementor-gallery-item__content\">\n\t\t\t\t\t\t\t\t\t\t\t\t\t\t<div class=\"elementor-gallery-item__title\">\n\t\t\t\t\t\t\t\t\t\t\t\t\t\t\t\t\t\t[712] - Rocher \u00e0 l'Ile de Sein - 40 \u00d7 60 cm\t\t\t\t\t\t\t\t<\/div>\n\t\t\t\t\t\t\t\t\t\t\t\t<\/div>\n\t\t\t\t\t\t\t\t\t<\/a>\n\t\t\t\t\t\t\t<a class=\"e-gallery-item elementor-gallery-item elementor-animated-content\" data-e-gallery-tags=\"0\" href=\"https:\/\/mancesti.ch\/wp-content\/uploads\/2026\/08\/village-grison.jpg\" data-elementor-open-lightbox=\"yes\" data-elementor-lightbox-slideshow=\"7b35610\" data-elementor-lightbox-title=\"\u00ab Village grison en hiver \u00bb, \u0153uvre de Rita Mancesti, artiste peintre \u00e0 Rolle. Format : 61 \u00d7 61 cm.\" data-elementor-lightbox-description=\"Visuel de l\u2019\u0153uvre \u00ab Village grison en hiver \u00bb de Rita Mancesti. Cette \u0153uvre s\u2019inscrit dans son exploration des paysages suisses et alpins. Dimensions de l\u2019\u0153uvre : 61 \u00d7 61 cm. Cette image documente son portfolio artistique et son site vitrine.\" data-e-action-hash=\"#elementor-action%3Aaction%3Dlightbox%26settings%3DeyJpZCI6MjAzMywidXJsIjoiaHR0cHM6XC9cL21hbmNlc3RpLmNoXC93cC1jb250ZW50XC91cGxvYWRzXC8yMDI2XC8wOFwvdmlsbGFnZS1ncmlzb24uanBnIiwic2xpZGVzaG93IjoiN2IzNTYxMCJ9\">\n\t\t\t\t\t<div class=\"e-gallery-image elementor-gallery-item__image\" data-thumbnail=\"https:\/\/mancesti.ch\/wp-content\/uploads\/2026\/08\/village-grison-1024x1008.jpg\" data-width=\"800\" data-height=\"788\" aria-label=\"Peinture de paysage suisse \u00ab Village grison en hiver \u00bb de Rita Mancesti\" role=\"img\" ><\/div>\n\t\t\t\t\t\t\t\t\t\t\t<div class=\"elementor-gallery-item__overlay\"><\/div>\n\t\t\t\t\t\t\t\t\t\t\t\t\t\t\t<div class=\"elementor-gallery-item__content\">\n\t\t\t\t\t\t\t\t\t\t\t\t\t\t<div class=\"elementor-gallery-item__title\">\n\t\t\t\t\t\t\t\t\t\t\t\t\t\t\t\t\t\t[309] - Village grison en hiver - 61 \u00d7 61 cm\t\t\t\t\t\t\t\t<\/div>\n\t\t\t\t\t\t\t\t\t\t\t\t<\/div>\n\t\t\t\t\t\t\t\t\t<\/a>\n\t\t\t\t\t\t\t<a class=\"e-gallery-item elementor-gallery-item elementor-animated-content\" data-e-gallery-tags=\"0\" href=\"https:\/\/mancesti.ch\/wp-content\/uploads\/2026\/08\/ile-de-sein-scaled-1-scaled.jpg\" data-elementor-open-lightbox=\"yes\" data-elementor-lightbox-slideshow=\"7b35610\" data-elementor-lightbox-title=\"\u00ab Le phare de l\u2019\u00eele de Sein \u00bb, \u0153uvre de Rita Mancesti, artiste peintre \u00e0 Rolle. Format : 60 \u00d7 120 cm.\" data-elementor-lightbox-description=\"Visuel de l\u2019\u0153uvre \u00ab Le phare de l\u2019\u00eele de Sein \u00bb de Rita Mancesti. Cette \u0153uvre s\u2019inscrit dans son exploration des paysages maritimes et des sc\u00e8nes au bord de l\u2019eau. Dimensions de l\u2019\u0153uvre : 60 \u00d7 120 cm. Cette image documente son portfolio artistique et son site vitrine.\" data-e-action-hash=\"#elementor-action%3Aaction%3Dlightbox%26settings%3DeyJpZCI6MjAyNiwidXJsIjoiaHR0cHM6XC9cL21hbmNlc3RpLmNoXC93cC1jb250ZW50XC91cGxvYWRzXC8yMDI2XC8wOFwvaWxlLWRlLXNlaW4tc2NhbGVkLTEtc2NhbGVkLmpwZyIsInNsaWRlc2hvdyI6IjdiMzU2MTAifQ%3D%3D\">\n\t\t\t\t\t<div class=\"e-gallery-image elementor-gallery-item__image\" data-thumbnail=\"https:\/\/mancesti.ch\/wp-content\/uploads\/2026\/08\/ile-de-sein-scaled-1-1024x521.jpg\" data-width=\"800\" data-height=\"407\" aria-label=\"Peinture de paysage maritime \u00ab Le phare de l\u2019\u00eele de Sein \u00bb de Rita Mancesti\" role=\"img\" ><\/div>\n\t\t\t\t\t\t\t\t\t\t\t<div class=\"elementor-gallery-item__overlay\"><\/div>\n\t\t\t\t\t\t\t\t\t\t\t\t\t\t\t<div class=\"elementor-gallery-item__content\">\n\t\t\t\t\t\t\t\t\t\t\t\t\t\t<div class=\"elementor-gallery-item__title\">\n\t\t\t\t\t\t\t\t\t\t\t\t\t\t\t\t\t\t[695] - Le phare  de l'Ile de Sein - 60 \u00d7 120 cm\t\t\t\t\t\t\t\t<\/div>\n\t\t\t\t\t\t\t\t\t\t\t\t<\/div>\n\t\t\t\t\t\t\t\t\t<\/a>\n\t\t\t\t\t\t\t<a class=\"e-gallery-item elementor-gallery-item elementor-animated-content\" data-e-gallery-tags=\"0\" href=\"https:\/\/mancesti.ch\/wp-content\/uploads\/2026\/08\/maison-bretonne.jpg\" data-elementor-open-lightbox=\"yes\" data-elementor-lightbox-slideshow=\"7b35610\" data-elementor-lightbox-title=\"\u00ab Maison bretonne \u00bb, \u0153uvre de Rita Mancesti, artiste peintre \u00e0 Rolle. Format : 40 \u00d7 60 cm.\" data-elementor-lightbox-description=\"Visuel de l\u2019\u0153uvre \u00ab Maison bretonne \u00bb de Rita Mancesti. Cette \u0153uvre illustre l\u2019univers figuratif et color\u00e9 de l\u2019artiste. Dimensions de l\u2019\u0153uvre : 40 \u00d7 60 cm. Cette image documente son portfolio artistique et son site vitrine.\" data-e-action-hash=\"#elementor-action%3Aaction%3Dlightbox%26settings%3DeyJpZCI6MjAyMCwidXJsIjoiaHR0cHM6XC9cL21hbmNlc3RpLmNoXC93cC1jb250ZW50XC91cGxvYWRzXC8yMDI2XC8wOFwvbWFpc29uLWJyZXRvbm5lLmpwZyIsInNsaWRlc2hvdyI6IjdiMzU2MTAifQ%3D%3D\">\n\t\t\t\t\t<div class=\"e-gallery-image elementor-gallery-item__image\" data-thumbnail=\"https:\/\/mancesti.ch\/wp-content\/uploads\/2026\/08\/maison-bretonne-690x1024.jpg\" data-width=\"690\" data-height=\"1024\" aria-label=\"Tableau \u00ab Maison bretonne \u00bb de Rita Mancesti\" role=\"img\" ><\/div>\n\t\t\t\t\t\t\t\t\t\t\t<div class=\"elementor-gallery-item__overlay\"><\/div>\n\t\t\t\t\t\t\t\t\t\t\t\t\t\t\t<div class=\"elementor-gallery-item__content\">\n\t\t\t\t\t\t\t\t\t\t\t\t\t\t<div class=\"elementor-gallery-item__title\">\n\t\t\t\t\t\t\t\t\t\t\t\t\t\t\t\t\t\t[696] - Maison bretonne - 40 \u00d7 60 cm\t\t\t\t\t\t\t\t<\/div>\n\t\t\t\t\t\t\t\t\t\t\t\t<\/div>\n\t\t\t\t\t\t\t\t\t<\/a>\n\t\t\t\t\t\t\t<a class=\"e-gallery-item elementor-gallery-item elementor-animated-content\" data-e-gallery-tags=\"0\" href=\"https:\/\/mancesti.ch\/wp-content\/uploads\/2026\/08\/plage_sillon.jpg\" data-elementor-open-lightbox=\"yes\" data-elementor-lightbox-slideshow=\"7b35610\" data-elementor-lightbox-title=\"\u00ab Plage du Sillon \u00bb, \u0153uvre de Rita Mancesti, artiste peintre \u00e0 Rolle. Format : 80 \u00d7 80 cm.\" data-elementor-lightbox-description=\"Visuel de l\u2019\u0153uvre \u00ab Plage du Sillon \u00bb de Rita Mancesti. Cette \u0153uvre s\u2019inscrit dans son exploration des paysages maritimes et des sc\u00e8nes au bord de l\u2019eau. Dimensions de l\u2019\u0153uvre : 80 \u00d7 80 cm. Cette image documente son portfolio artistique et son site vitrine.\" data-e-action-hash=\"#elementor-action%3Aaction%3Dlightbox%26settings%3DeyJpZCI6MjAyNCwidXJsIjoiaHR0cHM6XC9cL21hbmNlc3RpLmNoXC93cC1jb250ZW50XC91cGxvYWRzXC8yMDI2XC8wOFwvcGxhZ2Vfc2lsbG9uLmpwZyIsInNsaWRlc2hvdyI6IjdiMzU2MTAifQ%3D%3D\">\n\t\t\t\t\t<div class=\"e-gallery-image elementor-gallery-item__image\" data-thumbnail=\"https:\/\/mancesti.ch\/wp-content\/uploads\/2026\/08\/plage_sillon-1011x1024.jpg\" data-width=\"800\" data-height=\"810\" aria-label=\"Peinture de paysage maritime \u00ab Plage du Sillon \u00bb de Rita Mancesti\" role=\"img\" ><\/div>\n\t\t\t\t\t\t\t\t\t\t\t<div class=\"elementor-gallery-item__overlay\"><\/div>\n\t\t\t\t\t\t\t\t\t\t\t\t\t\t\t<div class=\"elementor-gallery-item__content\">\n\t\t\t\t\t\t\t\t\t\t\t\t\t\t<div class=\"elementor-gallery-item__title\">\n\t\t\t\t\t\t\t\t\t\t\t\t\t\t\t\t\t\t[708] - Plage du Sillon - 80 \u00d7 80 cm\t\t\t\t\t\t\t\t<\/div>\n\t\t\t\t\t\t\t\t\t\t\t\t<\/div>\n\t\t\t\t\t\t\t\t\t<\/a>\n\t\t\t\t\t\t\t<a class=\"e-gallery-item elementor-gallery-item elementor-animated-content\" data-e-gallery-tags=\"0\" href=\"https:\/\/mancesti.ch\/wp-content\/uploads\/2026\/08\/maree-basse-sein-scaled-1-scaled.jpg\" data-elementor-open-lightbox=\"yes\" data-elementor-lightbox-slideshow=\"7b35610\" data-elementor-lightbox-title=\"\u00ab Bateau \u00e0 l\u2019\u00eele de Sein \u00bb, \u0153uvre de Rita Mancesti, artiste peintre \u00e0 Rolle. Format : 60 \u00d7 80 cm.\" data-elementor-lightbox-description=\"Visuel de l\u2019\u0153uvre \u00ab Bateau \u00e0 l\u2019\u00eele de Sein \u00bb de Rita Mancesti. Cette \u0153uvre illustre l\u2019univers figuratif et color\u00e9 de l\u2019artiste. Dimensions de l\u2019\u0153uvre : 60 \u00d7 80 cm. Cette image documente son portfolio artistique et son site vitrine.\" data-e-action-hash=\"#elementor-action%3Aaction%3Dlightbox%26settings%3DeyJpZCI6MjAyNywidXJsIjoiaHR0cHM6XC9cL21hbmNlc3RpLmNoXC93cC1jb250ZW50XC91cGxvYWRzXC8yMDI2XC8wOFwvbWFyZWUtYmFzc2Utc2Vpbi1zY2FsZWQtMS1zY2FsZWQuanBnIiwic2xpZGVzaG93IjoiN2IzNTYxMCJ9\">\n\t\t\t\t\t<div class=\"e-gallery-image elementor-gallery-item__image\" data-thumbnail=\"https:\/\/mancesti.ch\/wp-content\/uploads\/2026\/08\/maree-basse-sein-scaled-1-1024x742.jpg\" data-width=\"800\" data-height=\"580\" aria-label=\"Tableau \u00ab Bateau \u00e0 l\u2019\u00eele de Sein \u00bb de Rita Mancesti\" role=\"img\" ><\/div>\n\t\t\t\t\t\t\t\t\t\t\t<div class=\"elementor-gallery-item__overlay\"><\/div>\n\t\t\t\t\t\t\t\t\t\t\t\t\t\t\t<div class=\"elementor-gallery-item__content\">\n\t\t\t\t\t\t\t\t\t\t\t\t\t\t<div class=\"elementor-gallery-item__title\">\n\t\t\t\t\t\t\t\t\t\t\t\t\t\t\t\t\t\t[694] - Bateau \u00e0 l'Ile de Sein - 60 \u00d7 80 cm\t\t\t\t\t\t\t\t<\/div>\n\t\t\t\t\t\t\t\t\t\t\t\t<\/div>\n\t\t\t\t\t\t\t\t\t<\/a>\n\t\t\t\t\t\t\t<a class=\"e-gallery-item elementor-gallery-item elementor-animated-content\" data-e-gallery-tags=\"0\" href=\"https:\/\/mancesti.ch\/wp-content\/uploads\/2026\/08\/silsersee.jpg\" data-elementor-open-lightbox=\"yes\" data-elementor-lightbox-slideshow=\"7b35610\" data-elementor-lightbox-title=\"\u00ab Sils Peace \u00bb, \u0153uvre de Rita Mancesti, artiste peintre \u00e0 Rolle. Format : 60 \u00d7 120 cm.\" data-elementor-lightbox-description=\"Visuel de l\u2019\u0153uvre \u00ab Sils Peace \u00bb de Rita Mancesti. Cette \u0153uvre illustre l\u2019univers figuratif et color\u00e9 de l\u2019artiste. Dimensions de l\u2019\u0153uvre : 60 \u00d7 120 cm. Cette image documente son portfolio artistique et son site vitrine.\" data-e-action-hash=\"#elementor-action%3Aaction%3Dlightbox%26settings%3DeyJpZCI6MjAzMCwidXJsIjoiaHR0cHM6XC9cL21hbmNlc3RpLmNoXC93cC1jb250ZW50XC91cGxvYWRzXC8yMDI2XC8wOFwvc2lsc2Vyc2VlLmpwZyIsInNsaWRlc2hvdyI6IjdiMzU2MTAifQ%3D%3D\">\n\t\t\t\t\t<div class=\"e-gallery-image elementor-gallery-item__image\" data-thumbnail=\"https:\/\/mancesti.ch\/wp-content\/uploads\/2026\/08\/silsersee-1024x513.jpg\" data-width=\"800\" data-height=\"401\" aria-label=\"Tableau \u00ab Sils Peace \u00bb de Rita Mancesti\" role=\"img\" ><\/div>\n\t\t\t\t\t\t\t\t\t\t\t<div class=\"elementor-gallery-item__overlay\"><\/div>\n\t\t\t\t\t\t\t\t\t\t\t\t\t\t\t<div class=\"elementor-gallery-item__content\">\n\t\t\t\t\t\t\t\t\t\t\t\t\t\t<div class=\"elementor-gallery-item__title\">\n\t\t\t\t\t\t\t\t\t\t\t\t\t\t\t\t\t\t[633] - Sils Peace - 60 \u00d7 120 cm\t\t\t\t\t\t\t\t<\/div>\n\t\t\t\t\t\t\t\t\t\t\t\t<\/div>\n\t\t\t\t\t\t\t\t\t<\/a>\n\t\t\t\t\t\t\t<a class=\"e-gallery-item elementor-gallery-item elementor-animated-content\" data-e-gallery-tags=\"0\" href=\"https:\/\/mancesti.ch\/wp-content\/uploads\/2026\/08\/moulin-a-brehat.jpg\" data-elementor-open-lightbox=\"yes\" data-elementor-lightbox-slideshow=\"7b35610\" data-elementor-lightbox-title=\"\u00ab Le moulin de Br\u00e9hat \u00bb, \u0153uvre de Rita Mancesti, artiste peintre \u00e0 Rolle. Format : 40 \u00d7 60 cm.\" data-elementor-lightbox-description=\"Visuel de l\u2019\u0153uvre \u00ab Le moulin de Br\u00e9hat \u00bb de Rita Mancesti. Cette \u0153uvre illustre l\u2019univers figuratif et color\u00e9 de l\u2019artiste. Dimensions de l\u2019\u0153uvre : 40 \u00d7 60 cm. Cette image documente son portfolio artistique et son site vitrine.\" data-e-action-hash=\"#elementor-action%3Aaction%3Dlightbox%26settings%3DeyJpZCI6MjAyNSwidXJsIjoiaHR0cHM6XC9cL21hbmNlc3RpLmNoXC93cC1jb250ZW50XC91cGxvYWRzXC8yMDI2XC8wOFwvbW91bGluLWEtYnJlaGF0LmpwZyIsInNsaWRlc2hvdyI6IjdiMzU2MTAifQ%3D%3D\">\n\t\t\t\t\t<div class=\"e-gallery-image elementor-gallery-item__image\" data-thumbnail=\"https:\/\/mancesti.ch\/wp-content\/uploads\/2026\/08\/moulin-a-brehat-1024x661.jpg\" data-width=\"800\" data-height=\"516\" aria-label=\"Tableau \u00ab Le moulin de Br\u00e9hat \u00bb de Rita Mancesti\" role=\"img\" ><\/div>\n\t\t\t\t\t\t\t\t\t\t\t<div class=\"elementor-gallery-item__overlay\"><\/div>\n\t\t\t\t\t\t\t\t\t\t\t\t\t\t\t<div class=\"elementor-gallery-item__content\">\n\t\t\t\t\t\t\t\t\t\t\t\t\t\t<div class=\"elementor-gallery-item__title\">\n\t\t\t\t\t\t\t\t\t\t\t\t\t\t\t\t\t\t[693] - Le moulin de Br\u00e9hat - 40 \u00d7 60 cm\t\t\t\t\t\t\t\t<\/div>\n\t\t\t\t\t\t\t\t\t\t\t\t<\/div>\n\t\t\t\t\t\t\t\t\t<\/a>\n\t\t\t\t\t\t\t<a class=\"e-gallery-item elementor-gallery-item elementor-animated-content\" data-e-gallery-tags=\"0\" href=\"https:\/\/mancesti.ch\/wp-content\/uploads\/2026\/08\/Tarasp-sparsel.jpg\" data-elementor-open-lightbox=\"yes\" data-elementor-lightbox-slideshow=\"7b35610\" data-elementor-lightbox-title=\"\u00ab N\u00e9nuphars \u00e0 Tarasp \u00bb, \u0153uvre de Rita Mancesti, artiste peintre \u00e0 Rolle. Format : 61 \u00d7 90 cm.\" data-elementor-lightbox-description=\"Visuel de l\u2019\u0153uvre \u00ab N\u00e9nuphars \u00e0 Tarasp \u00bb de Rita Mancesti. Cette \u0153uvre s\u2019inscrit dans son exploration des paysages suisses et alpins. Dimensions de l\u2019\u0153uvre : 61 \u00d7 90 cm. Cette image documente son portfolio artistique et son site vitrine.\" data-e-action-hash=\"#elementor-action%3Aaction%3Dlightbox%26settings%3DeyJpZCI6MjAyOSwidXJsIjoiaHR0cHM6XC9cL21hbmNlc3RpLmNoXC93cC1jb250ZW50XC91cGxvYWRzXC8yMDI2XC8wOFwvVGFyYXNwLXNwYXJzZWwuanBnIiwic2xpZGVzaG93IjoiN2IzNTYxMCJ9\">\n\t\t\t\t\t<div class=\"e-gallery-image elementor-gallery-item__image\" data-thumbnail=\"https:\/\/mancesti.ch\/wp-content\/uploads\/2026\/08\/Tarasp-sparsel-1024x667.jpg\" data-width=\"800\" data-height=\"521\" aria-label=\"Peinture de paysage suisse \u00ab N\u00e9nuphars \u00e0 Tarasp \u00bb de Rita Mancesti\" role=\"img\" ><\/div>\n\t\t\t\t\t\t\t\t\t\t\t<div class=\"elementor-gallery-item__overlay\"><\/div>\n\t\t\t\t\t\t\t\t\t\t\t\t\t\t\t<div class=\"elementor-gallery-item__content\">\n\t\t\t\t\t\t\t\t\t\t\t\t\t\t<div class=\"elementor-gallery-item__title\">\n\t\t\t\t\t\t\t\t\t\t\t\t\t\t\t\t\t\t[297] - N\u00e9nuphars \u00e0 Tarasp - 61 \u00d7 90 cm\t\t\t\t\t\t\t\t<\/div>\n\t\t\t\t\t\t\t\t\t\t\t\t<\/div>\n\t\t\t\t\t\t\t\t\t<\/a>\n\t\t\t\t\t\t\t<a class=\"e-gallery-item elementor-gallery-item elementor-animated-content\" data-e-gallery-tags=\"0\" href=\"https:\/\/mancesti.ch\/wp-content\/uploads\/2026\/08\/le-phare-.jpg\" data-elementor-open-lightbox=\"yes\" data-elementor-lightbox-slideshow=\"7b35610\" data-elementor-lightbox-title=\"\u00ab Phare breton \u00bb, \u0153uvre de Rita Mancesti, artiste peintre \u00e0 Rolle. Format : 38 \u00d7 46 cm.\" data-elementor-lightbox-description=\"Visuel de l\u2019\u0153uvre \u00ab Phare breton \u00bb de Rita Mancesti. Cette \u0153uvre s\u2019inscrit dans son exploration des paysages maritimes et des sc\u00e8nes au bord de l\u2019eau. Dimensions de l\u2019\u0153uvre : 38 \u00d7 46 cm. Cette image documente son portfolio artistique et son site vitrine.\" data-e-action-hash=\"#elementor-action%3Aaction%3Dlightbox%26settings%3DeyJpZCI6MjAyMiwidXJsIjoiaHR0cHM6XC9cL21hbmNlc3RpLmNoXC93cC1jb250ZW50XC91cGxvYWRzXC8yMDI2XC8wOFwvbGUtcGhhcmUtLmpwZyIsInNsaWRlc2hvdyI6IjdiMzU2MTAifQ%3D%3D\">\n\t\t\t\t\t<div class=\"e-gallery-image elementor-gallery-item__image\" data-thumbnail=\"https:\/\/mancesti.ch\/wp-content\/uploads\/2026\/08\/le-phare--848x1024.jpg\" data-width=\"800\" data-height=\"966\" aria-label=\"Peinture de paysage maritime \u00ab Phare breton \u00bb de Rita Mancesti\" role=\"img\" ><\/div>\n\t\t\t\t\t\t\t\t\t\t\t<div class=\"elementor-gallery-item__overlay\"><\/div>\n\t\t\t\t\t\t\t\t\t\t\t\t\t\t\t<div class=\"elementor-gallery-item__content\">\n\t\t\t\t\t\t\t\t\t\t\t\t\t\t<div class=\"elementor-gallery-item__title\">\n\t\t\t\t\t\t\t\t\t\t\t\t\t\t\t\t\t\t[711] - Phare breton - 38 \u00d7 46 cm\t\t\t\t\t\t\t\t<\/div>\n\t\t\t\t\t\t\t\t\t\t\t\t<\/div>\n\t\t\t\t\t\t\t\t\t<\/a>\n\t\t\t\t\t\t\t<a class=\"e-gallery-item elementor-gallery-item elementor-animated-content\" data-e-gallery-tags=\"0\" href=\"https:\/\/mancesti.ch\/wp-content\/uploads\/2026\/08\/fenetregrisonne.jpg\" data-elementor-open-lightbox=\"yes\" data-elementor-lightbox-slideshow=\"7b35610\" data-elementor-lightbox-title=\"\u00ab Fen\u00eatre grisonne \u00bb, \u0153uvre de Rita Mancesti, artiste peintre \u00e0 Rolle. Format : 40 \u00d7 40 cm.\" data-elementor-lightbox-description=\"Visuel de l\u2019\u0153uvre \u00ab Fen\u00eatre grisonne \u00bb de Rita Mancesti. Cette \u0153uvre s\u2019inscrit dans son exploration des paysages suisses et alpins. Dimensions de l\u2019\u0153uvre : 40 \u00d7 40 cm. Cette image documente son portfolio artistique et son site vitrine.\" data-e-action-hash=\"#elementor-action%3Aaction%3Dlightbox%26settings%3DeyJpZCI6MjAzMSwidXJsIjoiaHR0cHM6XC9cL21hbmNlc3RpLmNoXC93cC1jb250ZW50XC91cGxvYWRzXC8yMDI2XC8wOFwvZmVuZXRyZWdyaXNvbm5lLmpwZyIsInNsaWRlc2hvdyI6IjdiMzU2MTAifQ%3D%3D\">\n\t\t\t\t\t<div class=\"e-gallery-image elementor-gallery-item__image\" data-thumbnail=\"https:\/\/mancesti.ch\/wp-content\/uploads\/2026\/08\/fenetregrisonne-1019x1024.jpg\" data-width=\"800\" data-height=\"804\" aria-label=\"Peinture de paysage suisse \u00ab Fen\u00eatre grisonne \u00bb de Rita Mancesti\" role=\"img\" ><\/div>\n\t\t\t\t\t\t\t\t\t\t\t<div class=\"elementor-gallery-item__overlay\"><\/div>\n\t\t\t\t\t\t\t\t\t\t\t\t\t\t\t<div class=\"elementor-gallery-item__content\">\n\t\t\t\t\t\t\t\t\t\t\t\t\t\t<div class=\"elementor-gallery-item__title\">\n\t\t\t\t\t\t\t\t\t\t\t\t\t\t\t\t\t\t[343] - Fen\u00eatre grisonne - 40 \u00d7 40 cm\t\t\t\t\t\t\t\t<\/div>\n\t\t\t\t\t\t\t\t\t\t\t\t<\/div>\n\t\t\t\t\t\t\t\t\t<\/a>\n\t\t\t\t\t<\/div>\n\t\t\t\t\t<\/div>\n\t\t\t\t<\/div>\n\t\t\t\t<\/div>\n\t\t","protected":false},"excerpt":{"rendered":"<p>Available Works Lake Geneva and Regional Paintings City Slices City Mosaics The Peaks of Freedom Cows and Swiss Traditions Characters Gallery from Elsewhere Lake Geneva and Regional Paintings [722] &#8211; Reflet Lavaux &#8211; 54 \u00d7 72 cm [729] &#8211; D\u00f4le en hiver &#8211; 60 \u00d7 120 cm [676] &#8211; Molards \u00e0 Founex &#8211; 40 \u00d7 [&hellip;]<\/p>\n","protected":false},"author":1,"featured_media":0,"parent":0,"menu_order":0,"comment_status":"closed","ping_status":"closed","template":"","meta":{"footnotes":""},"class_list":["post-1926","page","type-page","status-publish","hentry"],"yoast_head":"<!-- This site is optimized with the Yoast SEO plugin v28.4 - https:\/\/yoast.com\/product\/yoast-seo-wordpress\/ -->\n<title>Paintings available in Rolle | Rita Mancesti<\/title>\n<meta name=\"description\" content=\"Explore the available works of Rita Mancesti: Lake Geneva landscapes, city slices and mosaics, peaks, Swiss traditions, and characters.\" \/>\n<meta name=\"robots\" content=\"index, follow, max-snippet:-1, max-image-preview:large, max-video-preview:-1\" \/>\n<link rel=\"canonical\" href=\"https:\/\/mancesti.ch\/en\/available-works\/\" \/>\n<meta property=\"og:locale\" content=\"en_US\" \/>\n<meta property=\"og:type\" content=\"article\" \/>\n<meta property=\"og:title\" content=\"Paintings available in Rolle | Rita Mancesti\" \/>\n<meta property=\"og:description\" content=\"Explore the available works of Rita Mancesti: Lake Geneva landscapes, city slices and mosaics, peaks, Swiss traditions, and characters.\" \/>\n<meta property=\"og:url\" content=\"https:\/\/mancesti.ch\/en\/available-works\/\" \/>\n<meta property=\"og:site_name\" content=\"Rita Mancesti Artstudio\" \/>\n<meta property=\"article:publisher\" content=\"https:\/\/www.facebook.com\/profile.php?id=61554872815215&amp;locale=fr_FR\" \/>\n<meta property=\"article:modified_time\" content=\"2026-08-30T16:04:59+00:00\" \/>\n<meta name=\"twitter:card\" content=\"summary_large_image\" \/>\n<meta name=\"twitter:label1\" content=\"Est. reading time\" \/>\n\t<meta name=\"twitter:data1\" content=\"3 minutes\" \/>\n<script type=\"application\/ld+json\" class=\"yoast-schema-graph\">{\"@context\":\"https:\\\/\\\/schema.org\",\"@graph\":[{\"@type\":\"WebPage\",\"@id\":\"https:\\\/\\\/mancesti.ch\\\/en\\\/available-works\\\/\",\"url\":\"https:\\\/\\\/mancesti.ch\\\/en\\\/available-works\\\/\",\"name\":\"Paintings available in Rolle | Rita Mancesti\",\"isPartOf\":{\"@id\":\"https:\\\/\\\/mancesti.ch\\\/en\\\/#website\"},\"datePublished\":\"2026-07-16T07:27:20+00:00\",\"dateModified\":\"2026-08-30T16:04:59+00:00\",\"description\":\"Explore the available works of Rita Mancesti: Lake Geneva landscapes, city slices and mosaics, peaks, Swiss traditions, and characters.\",\"breadcrumb\":{\"@id\":\"https:\\\/\\\/mancesti.ch\\\/en\\\/available-works\\\/#breadcrumb\"},\"inLanguage\":\"en-US\",\"potentialAction\":[{\"@type\":\"ReadAction\",\"target\":[\"https:\\\/\\\/mancesti.ch\\\/en\\\/available-works\\\/\"]}]},{\"@type\":\"BreadcrumbList\",\"@id\":\"https:\\\/\\\/mancesti.ch\\\/en\\\/available-works\\\/#breadcrumb\",\"itemListElement\":[{\"@type\":\"ListItem\",\"position\":1,\"name\":\"Accueil\",\"item\":\"https:\\\/\\\/mancesti.ch\\\/en\\\/\"},{\"@type\":\"ListItem\",\"position\":2,\"name\":\"Available Works\"}]},{\"@type\":\"WebSite\",\"@id\":\"https:\\\/\\\/mancesti.ch\\\/en\\\/#website\",\"url\":\"https:\\\/\\\/mancesti.ch\\\/en\\\/\",\"name\":\"Rita Mancesti - Artiste-Peintre suisse \u00e0 Rolle\",\"description\":\"\",\"publisher\":{\"@id\":\"https:\\\/\\\/mancesti.ch\\\/en\\\/#organization\"},\"potentialAction\":[{\"@type\":\"SearchAction\",\"target\":{\"@type\":\"EntryPoint\",\"urlTemplate\":\"https:\\\/\\\/mancesti.ch\\\/en\\\/?s={search_term_string}\"},\"query-input\":{\"@type\":\"PropertyValueSpecification\",\"valueRequired\":true,\"valueName\":\"search_term_string\"}}],\"inLanguage\":\"en-US\"},{\"@type\":\"Organization\",\"@id\":\"https:\\\/\\\/mancesti.ch\\\/en\\\/#organization\",\"name\":\"Rita Mancesti - Artiste-Peintre suisse \u00e0 Rolle\",\"url\":\"https:\\\/\\\/mancesti.ch\\\/en\\\/\",\"logo\":{\"@type\":\"ImageObject\",\"inLanguage\":\"en-US\",\"@id\":\"https:\\\/\\\/mancesti.ch\\\/en\\\/#\\\/schema\\\/logo\\\/image\\\/\",\"url\":\"https:\\\/\\\/mancesti.ch\\\/wp-content\\\/uploads\\\/2026\\\/06\\\/signatureorange.webp\",\"contentUrl\":\"https:\\\/\\\/mancesti.ch\\\/wp-content\\\/uploads\\\/2026\\\/06\\\/signatureorange.webp\",\"width\":1040,\"height\":585,\"caption\":\"Rita Mancesti - Artiste-Peintre suisse \u00e0 Rolle\"},\"image\":{\"@id\":\"https:\\\/\\\/mancesti.ch\\\/en\\\/#\\\/schema\\\/logo\\\/image\\\/\"},\"sameAs\":[\"https:\\\/\\\/www.facebook.com\\\/profile.php?id=61554872815215&locale=fr_FR\",\"https:\\\/\\\/www.instagram.com\\\/artstudio_ritamancesti\\\/\",\"https:\\\/\\\/www.linkedin.com\\\/in\\\/rita-mancesti-16546b22\\\/\"]}]}<\/script>\n<!-- \/ Yoast SEO plugin. -->","yoast_head_json":{"title":"Paintings available in Rolle | Rita Mancesti","description":"Explore the available works of Rita Mancesti: Lake Geneva landscapes, city slices and mosaics, peaks, Swiss traditions, and characters.","robots":{"index":"index","follow":"follow","max-snippet":"max-snippet:-1","max-image-preview":"max-image-preview:large","max-video-preview":"max-video-preview:-1"},"canonical":"https:\/\/mancesti.ch\/en\/available-works\/","og_locale":"en_US","og_type":"article","og_title":"Paintings available in Rolle | Rita Mancesti","og_description":"Explore the available works of Rita Mancesti: Lake Geneva landscapes, city slices and mosaics, peaks, Swiss traditions, and characters.","og_url":"https:\/\/mancesti.ch\/en\/available-works\/","og_site_name":"Rita Mancesti Artstudio","article_publisher":"https:\/\/www.facebook.com\/profile.php?id=61554872815215&locale=fr_FR","article_modified_time":"2026-08-30T16:04:59+00:00","twitter_card":"summary_large_image","twitter_misc":{"Est. reading time":"3 minutes"},"schema":{"@context":"https:\/\/schema.org","@graph":[{"@type":"WebPage","@id":"https:\/\/mancesti.ch\/en\/available-works\/","url":"https:\/\/mancesti.ch\/en\/available-works\/","name":"Paintings available in Rolle | Rita Mancesti","isPartOf":{"@id":"https:\/\/mancesti.ch\/en\/#website"},"datePublished":"2026-07-16T07:27:20+00:00","dateModified":"2026-08-30T16:04:59+00:00","description":"Explore the available works of Rita Mancesti: Lake Geneva landscapes, city slices and mosaics, peaks, Swiss traditions, and characters.","breadcrumb":{"@id":"https:\/\/mancesti.ch\/en\/available-works\/#breadcrumb"},"inLanguage":"en-US","potentialAction":[{"@type":"ReadAction","target":["https:\/\/mancesti.ch\/en\/available-works\/"]}]},{"@type":"BreadcrumbList","@id":"https:\/\/mancesti.ch\/en\/available-works\/#breadcrumb","itemListElement":[{"@type":"ListItem","position":1,"name":"Accueil","item":"https:\/\/mancesti.ch\/en\/"},{"@type":"ListItem","position":2,"name":"Available Works"}]},{"@type":"WebSite","@id":"https:\/\/mancesti.ch\/en\/#website","url":"https:\/\/mancesti.ch\/en\/","name":"Rita Mancesti - Artiste-Peintre suisse \u00e0 Rolle","description":"","publisher":{"@id":"https:\/\/mancesti.ch\/en\/#organization"},"potentialAction":[{"@type":"SearchAction","target":{"@type":"EntryPoint","urlTemplate":"https:\/\/mancesti.ch\/en\/?s={search_term_string}"},"query-input":{"@type":"PropertyValueSpecification","valueRequired":true,"valueName":"search_term_string"}}],"inLanguage":"en-US"},{"@type":"Organization","@id":"https:\/\/mancesti.ch\/en\/#organization","name":"Rita Mancesti - Artiste-Peintre suisse \u00e0 Rolle","url":"https:\/\/mancesti.ch\/en\/","logo":{"@type":"ImageObject","inLanguage":"en-US","@id":"https:\/\/mancesti.ch\/en\/#\/schema\/logo\/image\/","url":"https:\/\/mancesti.ch\/wp-content\/uploads\/2026\/06\/signatureorange.webp","contentUrl":"https:\/\/mancesti.ch\/wp-content\/uploads\/2026\/06\/signatureorange.webp","width":1040,"height":585,"caption":"Rita Mancesti - Artiste-Peintre suisse \u00e0 Rolle"},"image":{"@id":"https:\/\/mancesti.ch\/en\/#\/schema\/logo\/image\/"},"sameAs":["https:\/\/www.facebook.com\/profile.php?id=61554872815215&locale=fr_FR","https:\/\/www.instagram.com\/artstudio_ritamancesti\/","https:\/\/www.linkedin.com\/in\/rita-mancesti-16546b22\/"]}]}},"_links":{"self":[{"href":"https:\/\/mancesti.ch\/en\/wp-json\/wp\/v2\/pages\/1926","targetHints":{"allow":["GET"]}}],"collection":[{"href":"https:\/\/mancesti.ch\/en\/wp-json\/wp\/v2\/pages"}],"about":[{"href":"https:\/\/mancesti.ch\/en\/wp-json\/wp\/v2\/types\/page"}],"author":[{"embeddable":true,"href":"https:\/\/mancesti.ch\/en\/wp-json\/wp\/v2\/users\/1"}],"replies":[{"embeddable":true,"href":"https:\/\/mancesti.ch\/en\/wp-json\/wp\/v2\/comments?post=1926"}],"version-history":[{"count":5,"href":"https:\/\/mancesti.ch\/en\/wp-json\/wp\/v2\/pages\/1926\/revisions"}],"predecessor-version":[{"id":2191,"href":"https:\/\/mancesti.ch\/en\/wp-json\/wp\/v2\/pages\/1926\/revisions\/2191"}],"wp:attachment":[{"href":"https:\/\/mancesti.ch\/en\/wp-json\/wp\/v2\/media?parent=1926"}],"curies":[{"name":"wp","href":"https:\/\/api.w.org\/{rel}","templated":true}]}}