{"id":2035,"date":"2026-06-08T10:43:06","date_gmt":"2026-06-08T10:43:06","guid":{"rendered":"https:\/\/mancesti.ch\/guest-artists-on-consignment\/"},"modified":"2026-09-01T18:37:30","modified_gmt":"2026-09-01T18:37:30","slug":"guest-artists-on-consignment","status":"publish","type":"page","link":"https:\/\/mancesti.ch\/en\/guest-artists-on-consignment\/","title":{"rendered":"Guest Artists on Consignment"},"content":{"rendered":"\t\t<div data-elementor-type=\"wp-page\" data-elementor-id=\"2035\" class=\"elementor elementor-2035 elementor-253\" data-elementor-post-type=\"page\">\n\t\t\t\t<div class=\"elementor-element elementor-element-7e2ac937 e-con-full e-flex e-con e-parent\" data-id=\"7e2ac937\" data-element_type=\"container\" data-e-type=\"container\" data-settings=\"{&quot;background_background&quot;:&quot;classic&quot;,&quot;jet_parallax_layout_list&quot;:[]}\">\n\t\t<div class=\"elementor-element elementor-element-4e069b57 e-con-full e-flex e-con e-child\" data-id=\"4e069b57\" data-element_type=\"container\" data-e-type=\"container\" data-settings=\"{&quot;jet_parallax_layout_list&quot;:[]}\">\n\t\t\t\t<div class=\"elementor-element elementor-element-4e01741 elementor-widget elementor-widget-heading\" data-id=\"4e01741\" data-element_type=\"widget\" data-e-type=\"widget\" data-widget_type=\"heading.default\">\n\t\t\t\t\t<h1 class=\"elementor-heading-title elementor-size-default\">GUEST ARTISTS EXHIBITING AT THE GALLERY <\/h1>\t\t\t\t<\/div>\n\t\t\t\t<div class=\"elementor-element elementor-element-bb8d258 elementor-widget elementor-widget-text-editor\" data-id=\"bb8d258\" data-element_type=\"widget\" data-e-type=\"widget\" data-widget_type=\"text-editor.default\">\n\t\t\t\t\t\t\t\t\t<p>I am an artist in love with the Lake Geneva region, the mountains and Swiss traditions, and I occasionally open my space to artists who express this in a way I find admirable.<\/p><p>Either on consignment in a group exhibition or in an individual pop-up exhibition.<\/p>\t\t\t\t\t\t\t\t<\/div>\n\t\t\t\t<div class=\"elementor-element elementor-element-666f7521 elementor-widget elementor-widget-heading\" data-id=\"666f7521\" data-element_type=\"widget\" data-e-type=\"widget\" data-widget_type=\"heading.default\">\n\t\t\t\t\t<h2 class=\"elementor-heading-title elementor-size-default\">PERMANENT CONSIGNMENT EXHIBITION:<\/h2>\t\t\t\t<\/div>\n\t\t\t\t<div class=\"elementor-element elementor-element-3c05e8cb elementor-widget elementor-widget-text-editor\" data-id=\"3c05e8cb\" data-element_type=\"widget\" data-e-type=\"widget\" data-widget_type=\"text-editor.default\">\n\t\t\t\t\t\t\t\t\t<ul><li>DANIEL FLUCK<\/li><li>MARTINE BAUD<\/li><\/ul>\t\t\t\t\t\t\t\t<\/div>\n\t\t\t\t<\/div>\n\t\t<div class=\"elementor-element elementor-element-71138dfc e-con-full e-flex e-con e-child\" data-id=\"71138dfc\" data-element_type=\"container\" data-e-type=\"container\" data-settings=\"{&quot;jet_parallax_layout_list&quot;:[]}\">\n\t\t\t\t<div class=\"elementor-element elementor-element-43c47ae6 elementor-widget elementor-widget-image\" data-id=\"43c47ae6\" data-element_type=\"widget\" data-e-type=\"widget\" data-widget_type=\"image.default\">\n\t\t\t\t\t\t\t\t\t\t\t\t\t\t\t<img fetchpriority=\"high\" decoding=\"async\" width=\"800\" height=\"347\" src=\"https:\/\/mancesti.ch\/wp-content\/uploads\/2026\/07\/IMG_1032-1024x444.jpeg\" class=\"attachment-large size-large wp-image-1889\" alt=\"Peinture panoramique de paysage pr\u00e9sent\u00e9e dans un cadre\" srcset=\"https:\/\/mancesti.ch\/wp-content\/uploads\/2026\/07\/IMG_1032-1024x444.jpeg 1024w, https:\/\/mancesti.ch\/wp-content\/uploads\/2026\/07\/IMG_1032-scaled-600x260.jpeg 600w, https:\/\/mancesti.ch\/wp-content\/uploads\/2026\/07\/IMG_1032-300x130.jpeg 300w, https:\/\/mancesti.ch\/wp-content\/uploads\/2026\/07\/IMG_1032-768x333.jpeg 768w, https:\/\/mancesti.ch\/wp-content\/uploads\/2026\/07\/IMG_1032-1536x665.jpeg 1536w, https:\/\/mancesti.ch\/wp-content\/uploads\/2026\/07\/IMG_1032-2048x887.jpeg 2048w\" sizes=\"(max-width: 800px) 100vw, 800px\" \/>\t\t\t\t\t\t\t\t\t\t\t\t\t\t\t<\/div>\n\t\t\t\t<div class=\"elementor-element elementor-element-e9519d6 elementor-widget elementor-widget-button\" data-id=\"e9519d6\" data-element_type=\"widget\" data-e-type=\"widget\" data-widget_type=\"button.default\">\n\t\t\t\t\t\t\t\t\t\t<a class=\"elementor-button elementor-size-sm\" role=\"button\">\n\t\t\t\t\t\t<span class=\"elementor-button-content-wrapper\">\n\t\t\t\t\t\t\t\t\t<span class=\"elementor-button-text\">DANIEL FLUCK<\/span>\n\t\t\t\t\t<\/span>\n\t\t\t\t\t<\/a>\n\t\t\t\t\t\t\t\t<\/div>\n\t\t\t\t<div class=\"elementor-element elementor-element-bb77a3e elementor-widget elementor-widget-image\" data-id=\"bb77a3e\" data-element_type=\"widget\" data-e-type=\"widget\" data-widget_type=\"image.default\">\n\t\t\t\t\t\t\t\t\t\t\t\t\t\t\t<img decoding=\"async\" width=\"800\" height=\"381\" src=\"https:\/\/mancesti.ch\/wp-content\/uploads\/2026\/07\/IMG_1033-1024x488.jpeg\" class=\"attachment-large size-large wp-image-1890\" alt=\"Sculpture repr\u00e9sentant deux oiseaux noirs pos\u00e9s c\u00f4te \u00e0 c\u00f4te\" srcset=\"https:\/\/mancesti.ch\/wp-content\/uploads\/2026\/07\/IMG_1033-1024x488.jpeg 1024w, https:\/\/mancesti.ch\/wp-content\/uploads\/2026\/07\/IMG_1033-scaled-600x286.jpeg 600w, https:\/\/mancesti.ch\/wp-content\/uploads\/2026\/07\/IMG_1033-300x143.jpeg 300w, https:\/\/mancesti.ch\/wp-content\/uploads\/2026\/07\/IMG_1033-768x366.jpeg 768w, https:\/\/mancesti.ch\/wp-content\/uploads\/2026\/07\/IMG_1033-1536x733.jpeg 1536w, https:\/\/mancesti.ch\/wp-content\/uploads\/2026\/07\/IMG_1033-2048x977.jpeg 2048w\" sizes=\"(max-width: 800px) 100vw, 800px\" \/>\t\t\t\t\t\t\t\t\t\t\t\t\t\t\t<\/div>\n\t\t\t\t<div class=\"elementor-element elementor-element-f75ebdc elementor-widget elementor-widget-button\" data-id=\"f75ebdc\" data-element_type=\"widget\" data-e-type=\"widget\" data-widget_type=\"button.default\">\n\t\t\t\t\t\t\t\t\t\t<a class=\"elementor-button elementor-size-sm\" role=\"button\">\n\t\t\t\t\t\t<span class=\"elementor-button-content-wrapper\">\n\t\t\t\t\t\t\t\t\t<span class=\"elementor-button-text\">MARTINE BAUD<\/span>\n\t\t\t\t\t<\/span>\n\t\t\t\t\t<\/a>\n\t\t\t\t\t\t\t\t<\/div>\n\t\t\t\t<\/div>\n\t\t\t\t<\/div>\n\t\t<div class=\"elementor-element elementor-element-1977dba7 e-con-full e-flex e-con e-parent\" data-id=\"1977dba7\" data-element_type=\"container\" data-e-type=\"container\" data-settings=\"{&quot;background_background&quot;:&quot;classic&quot;,&quot;jet_parallax_layout_list&quot;:[]}\">\n\t\t<div class=\"elementor-element elementor-element-49f5e9d9 e-con-full e-flex e-con e-child\" data-id=\"49f5e9d9\" data-element_type=\"container\" data-e-type=\"container\" data-settings=\"{&quot;jet_parallax_layout_list&quot;:[]}\">\n\t\t\t\t<div class=\"elementor-element elementor-element-233b22e5 elementor-widget elementor-widget-heading\" data-id=\"233b22e5\" data-element_type=\"widget\" data-e-type=\"widget\" data-widget_type=\"heading.default\">\n\t\t\t\t\t<h2 class=\"elementor-heading-title elementor-size-default\">1-WEEK POP-UP EXHIBITIONS<\/h2>\t\t\t\t<\/div>\n\t\t\t\t<div class=\"elementor-element elementor-element-e849926 elementor-widget elementor-widget-text-editor\" data-id=\"e849926\" data-element_type=\"widget\" data-e-type=\"widget\" data-widget_type=\"text-editor.default\">\n\t\t\t\t\t\t\t\t\t<p>Twice a year, I entrust the keys to my studio-gallery to a talented emerging Swiss artist, giving them the opportunity to show their work to their circle and expand their clientele with a street-front presence. This format runs from Saturday evening to the following Sunday evening, 8 days to exist in the heart of Rolle at a fixed rate with no commission. I remove all other works, assist with supervision, the opening reception, and promotion.  <\/p>\t\t\t\t\t\t\t\t<\/div>\n\t\t\t\t<div class=\"elementor-element elementor-element-4f48679 elementor-widget elementor-widget-text-editor\" data-id=\"4f48679\" data-element_type=\"widget\" data-e-type=\"widget\" data-widget_type=\"text-editor.default\">\n\t\t\t\t\t\t\t\t\t<p> Rate: CHF 1,200 including tax or 30% commission<\/p>\t\t\t\t\t\t\t\t<\/div>\n\t\t\t\t<\/div>\n\t\t<div class=\"elementor-element elementor-element-1a60dfa3 e-con-full e-flex e-con e-child\" data-id=\"1a60dfa3\" data-element_type=\"container\" data-e-type=\"container\" data-settings=\"{&quot;jet_parallax_layout_list&quot;:[]}\">\n\t\t\t\t<div class=\"elementor-element elementor-element-406f6209 shadow-box elementor-widget elementor-widget-image\" data-id=\"406f6209\" data-element_type=\"widget\" data-e-type=\"widget\" data-widget_type=\"image.default\">\n\t\t\t\t\t\t\t\t\t\t\t\t\t\t\t<img decoding=\"async\" width=\"800\" height=\"861\" src=\"https:\/\/mancesti.ch\/wp-content\/uploads\/2026\/07\/popup-952x1024.jpg\" class=\"attachment-large size-large wp-image-2036\" alt=\"Rita Mancesti devant la vitrine de son atelier-galerie \u00e0 Rolle\" srcset=\"https:\/\/mancesti.ch\/wp-content\/uploads\/2026\/07\/popup-952x1024.jpg 952w, https:\/\/mancesti.ch\/wp-content\/uploads\/2026\/07\/popup-600x645.jpg 600w, https:\/\/mancesti.ch\/wp-content\/uploads\/2026\/07\/popup-279x300.jpg 279w, https:\/\/mancesti.ch\/wp-content\/uploads\/2026\/07\/popup-768x826.jpg 768w, https:\/\/mancesti.ch\/wp-content\/uploads\/2026\/07\/popup.jpg 1050w\" sizes=\"(max-width: 800px) 100vw, 800px\" \/>\t\t\t\t\t\t\t\t\t\t\t\t\t\t\t<\/div>\n\t\t\t\t<\/div>\n\t\t\t\t<\/div>\n\t\t<div class=\"elementor-element elementor-element-4b71ecce e-con-full e-flex e-con e-parent\" data-id=\"4b71ecce\" data-element_type=\"container\" data-e-type=\"container\" data-settings=\"{&quot;background_background&quot;:&quot;classic&quot;,&quot;jet_parallax_layout_list&quot;:[]}\">\n\t\t<div class=\"elementor-element elementor-element-6fe1b522 e-con-full e-flex e-con e-child\" data-id=\"6fe1b522\" data-element_type=\"container\" data-e-type=\"container\" data-settings=\"{&quot;jet_parallax_layout_list&quot;:[]}\">\n\t\t\t\t<div class=\"elementor-element elementor-element-70f34276 elementor-widget elementor-widget-heading\" data-id=\"70f34276\" data-element_type=\"widget\" data-e-type=\"widget\" data-widget_type=\"heading.default\">\n\t\t\t\t\t<h2 class=\"elementor-heading-title elementor-size-default\">POP-UP SCHEDULE<\/h2>\t\t\t\t<\/div>\n\t\t\t\t<div class=\"elementor-element elementor-element-37122b60 elementor-widget__width-initial elementor-widget elementor-widget-text-editor\" data-id=\"37122b60\" data-element_type=\"widget\" data-e-type=\"widget\" data-widget_type=\"text-editor.default\">\n\t\t\t\t\t\t\t\t\t<p>SPRING 25: Marc Mazuir \u2013 cut-outs of cows and boats<\/p><p>FALL 25: Fabiano Mancesti \u2013 Parallel 48 Exhibition, photographs and oil paintings of Brittany<\/p><p>SPRING 26: City Mosaics by Rita Mancesti <\/p><p>FALL 26: Nathalie Rufener \u2013 mixed media with exceptional detail<\/p><p>SPRING 27: Maxime Recoing \u2013 admirable cut-outs of Swiss traditions<\/p><p>FALL 27: Elsa Devaux \u2013 photographs of alpine cabin interiors?<\/p>\t\t\t\t\t\t\t\t<\/div>\n\t\t\t\t<\/div>\n\t\t\t\t<\/div>\n\t\t\t\t<\/div>\n\t\t","protected":false},"excerpt":{"rendered":"<p>GUEST ARTISTS EXHIBITING AT THE GALLERY I am an artist in love with the Lake Geneva region, the mountains and Swiss traditions, and I occasionally open my space to artists who express this in a way I find admirable. Either on consignment in a group exhibition or in an individual pop-up exhibition. PERMANENT CONSIGNMENT EXHIBITION: [&hellip;]<\/p>\n","protected":false},"author":1,"featured_media":0,"parent":0,"menu_order":0,"comment_status":"closed","ping_status":"closed","template":"","meta":{"footnotes":""},"class_list":["post-2035","page","type-page","status-publish","hentry"],"yoast_head":"<!-- This site is optimized with the Yoast SEO plugin v28.4 - https:\/\/yoast.com\/product\/yoast-seo-wordpress\/ -->\n<title>Guest Artists in Rolle | Rita Mancesti Gallery<\/title>\n<meta name=\"description\" content=\"Discover the guest artists invited by Rita Mancesti to her gallery in Rolle: works on consignment, group exhibitions, and pop-up events.\" \/>\n<meta name=\"robots\" content=\"index, follow, max-snippet:-1, max-image-preview:large, max-video-preview:-1\" \/>\n<link rel=\"canonical\" href=\"https:\/\/mancesti.ch\/en\/guest-artists-on-consignment\/\" \/>\n<meta property=\"og:locale\" content=\"en_US\" \/>\n<meta property=\"og:type\" content=\"article\" \/>\n<meta property=\"og:title\" content=\"Guest Artists in Rolle | Rita Mancesti Gallery\" \/>\n<meta property=\"og:description\" content=\"Discover the guest artists invited by Rita Mancesti to her gallery in Rolle: works on consignment, group exhibitions, and pop-up events.\" \/>\n<meta property=\"og:url\" content=\"https:\/\/mancesti.ch\/en\/guest-artists-on-consignment\/\" \/>\n<meta property=\"og:site_name\" content=\"Rita Mancesti Artstudio\" \/>\n<meta property=\"article:publisher\" content=\"https:\/\/www.facebook.com\/profile.php?id=61554872815215&amp;locale=fr_FR\" \/>\n<meta property=\"article:modified_time\" content=\"2026-09-01T18:37:30+00:00\" \/>\n<meta property=\"og:image\" content=\"https:\/\/mancesti.ch\/wp-content\/uploads\/2026\/07\/IMG_1032-scaled.webp\" \/>\n\t<meta property=\"og:image:width\" content=\"1920\" \/>\n\t<meta property=\"og:image:height\" content=\"832\" \/>\n\t<meta property=\"og:image:type\" content=\"image\/webp\" \/>\n<meta name=\"twitter:card\" content=\"summary_large_image\" \/>\n<meta name=\"twitter:label1\" content=\"Est. reading time\" \/>\n\t<meta name=\"twitter:data1\" content=\"1 minute\" \/>\n<script type=\"application\/ld+json\" class=\"yoast-schema-graph\">{\"@context\":\"https:\\\/\\\/schema.org\",\"@graph\":[{\"@type\":\"WebPage\",\"@id\":\"https:\\\/\\\/mancesti.ch\\\/en\\\/guest-artists-on-consignment\\\/\",\"url\":\"https:\\\/\\\/mancesti.ch\\\/en\\\/guest-artists-on-consignment\\\/\",\"name\":\"Guest Artists in Rolle | Rita Mancesti Gallery\",\"isPartOf\":{\"@id\":\"https:\\\/\\\/mancesti.ch\\\/en\\\/#website\"},\"primaryImageOfPage\":{\"@id\":\"https:\\\/\\\/mancesti.ch\\\/en\\\/guest-artists-on-consignment\\\/#primaryimage\"},\"image\":{\"@id\":\"https:\\\/\\\/mancesti.ch\\\/en\\\/guest-artists-on-consignment\\\/#primaryimage\"},\"thumbnailUrl\":\"https:\\\/\\\/mancesti.ch\\\/wp-content\\\/uploads\\\/2026\\\/07\\\/IMG_1032-1024x444.webp\",\"datePublished\":\"2026-06-08T10:43:06+00:00\",\"dateModified\":\"2026-09-01T18:37:30+00:00\",\"description\":\"Discover the guest artists invited by Rita Mancesti to her gallery in Rolle: works on consignment, group exhibitions, and pop-up events.\",\"breadcrumb\":{\"@id\":\"https:\\\/\\\/mancesti.ch\\\/en\\\/guest-artists-on-consignment\\\/#breadcrumb\"},\"inLanguage\":\"en-US\",\"potentialAction\":[{\"@type\":\"ReadAction\",\"target\":[\"https:\\\/\\\/mancesti.ch\\\/en\\\/guest-artists-on-consignment\\\/\"]}]},{\"@type\":\"ImageObject\",\"inLanguage\":\"en-US\",\"@id\":\"https:\\\/\\\/mancesti.ch\\\/en\\\/guest-artists-on-consignment\\\/#primaryimage\",\"url\":\"https:\\\/\\\/mancesti.ch\\\/wp-content\\\/uploads\\\/2026\\\/07\\\/IMG_1032-1024x444.webp\",\"contentUrl\":\"https:\\\/\\\/mancesti.ch\\\/wp-content\\\/uploads\\\/2026\\\/07\\\/IMG_1032-1024x444.webp\"},{\"@type\":\"BreadcrumbList\",\"@id\":\"https:\\\/\\\/mancesti.ch\\\/en\\\/guest-artists-on-consignment\\\/#breadcrumb\",\"itemListElement\":[{\"@type\":\"ListItem\",\"position\":1,\"name\":\"Accueil\",\"item\":\"https:\\\/\\\/mancesti.ch\\\/en\\\/\"},{\"@type\":\"ListItem\",\"position\":2,\"name\":\"Guest Artists on Consignment\"}]},{\"@type\":\"WebSite\",\"@id\":\"https:\\\/\\\/mancesti.ch\\\/en\\\/#website\",\"url\":\"https:\\\/\\\/mancesti.ch\\\/en\\\/\",\"name\":\"Rita Mancesti - Artiste-Peintre suisse \u00e0 Rolle\",\"description\":\"\",\"publisher\":{\"@id\":\"https:\\\/\\\/mancesti.ch\\\/en\\\/#organization\"},\"potentialAction\":[{\"@type\":\"SearchAction\",\"target\":{\"@type\":\"EntryPoint\",\"urlTemplate\":\"https:\\\/\\\/mancesti.ch\\\/en\\\/?s={search_term_string}\"},\"query-input\":{\"@type\":\"PropertyValueSpecification\",\"valueRequired\":true,\"valueName\":\"search_term_string\"}}],\"inLanguage\":\"en-US\"},{\"@type\":\"Organization\",\"@id\":\"https:\\\/\\\/mancesti.ch\\\/en\\\/#organization\",\"name\":\"Rita Mancesti - Artiste-Peintre suisse \u00e0 Rolle\",\"url\":\"https:\\\/\\\/mancesti.ch\\\/en\\\/\",\"logo\":{\"@type\":\"ImageObject\",\"inLanguage\":\"en-US\",\"@id\":\"https:\\\/\\\/mancesti.ch\\\/en\\\/#\\\/schema\\\/logo\\\/image\\\/\",\"url\":\"https:\\\/\\\/mancesti.ch\\\/wp-content\\\/uploads\\\/2026\\\/06\\\/signatureorange.webp\",\"contentUrl\":\"https:\\\/\\\/mancesti.ch\\\/wp-content\\\/uploads\\\/2026\\\/06\\\/signatureorange.webp\",\"width\":1040,\"height\":585,\"caption\":\"Rita Mancesti - Artiste-Peintre suisse \u00e0 Rolle\"},\"image\":{\"@id\":\"https:\\\/\\\/mancesti.ch\\\/en\\\/#\\\/schema\\\/logo\\\/image\\\/\"},\"sameAs\":[\"https:\\\/\\\/www.facebook.com\\\/profile.php?id=61554872815215&locale=fr_FR\",\"https:\\\/\\\/www.instagram.com\\\/artstudio_ritamancesti\\\/\",\"https:\\\/\\\/www.linkedin.com\\\/in\\\/rita-mancesti-16546b22\\\/\"]}]}<\/script>\n<!-- \/ Yoast SEO plugin. -->","yoast_head_json":{"title":"Guest Artists in Rolle | Rita Mancesti Gallery","description":"Discover the guest artists invited by Rita Mancesti to her gallery in Rolle: works on consignment, group exhibitions, and pop-up events.","robots":{"index":"index","follow":"follow","max-snippet":"max-snippet:-1","max-image-preview":"max-image-preview:large","max-video-preview":"max-video-preview:-1"},"canonical":"https:\/\/mancesti.ch\/en\/guest-artists-on-consignment\/","og_locale":"en_US","og_type":"article","og_title":"Guest Artists in Rolle | Rita Mancesti Gallery","og_description":"Discover the guest artists invited by Rita Mancesti to her gallery in Rolle: works on consignment, group exhibitions, and pop-up events.","og_url":"https:\/\/mancesti.ch\/en\/guest-artists-on-consignment\/","og_site_name":"Rita Mancesti Artstudio","article_publisher":"https:\/\/www.facebook.com\/profile.php?id=61554872815215&locale=fr_FR","article_modified_time":"2026-09-01T18:37:30+00:00","og_image":[{"width":1920,"height":832,"url":"https:\/\/mancesti.ch\/wp-content\/uploads\/2026\/07\/IMG_1032-scaled.webp","type":"image\/webp"}],"twitter_card":"summary_large_image","twitter_misc":{"Est. reading time":"1 minute"},"schema":{"@context":"https:\/\/schema.org","@graph":[{"@type":"WebPage","@id":"https:\/\/mancesti.ch\/en\/guest-artists-on-consignment\/","url":"https:\/\/mancesti.ch\/en\/guest-artists-on-consignment\/","name":"Guest Artists in Rolle | Rita Mancesti Gallery","isPartOf":{"@id":"https:\/\/mancesti.ch\/en\/#website"},"primaryImageOfPage":{"@id":"https:\/\/mancesti.ch\/en\/guest-artists-on-consignment\/#primaryimage"},"image":{"@id":"https:\/\/mancesti.ch\/en\/guest-artists-on-consignment\/#primaryimage"},"thumbnailUrl":"https:\/\/mancesti.ch\/wp-content\/uploads\/2026\/07\/IMG_1032-1024x444.webp","datePublished":"2026-06-08T10:43:06+00:00","dateModified":"2026-09-01T18:37:30+00:00","description":"Discover the guest artists invited by Rita Mancesti to her gallery in Rolle: works on consignment, group exhibitions, and pop-up events.","breadcrumb":{"@id":"https:\/\/mancesti.ch\/en\/guest-artists-on-consignment\/#breadcrumb"},"inLanguage":"en-US","potentialAction":[{"@type":"ReadAction","target":["https:\/\/mancesti.ch\/en\/guest-artists-on-consignment\/"]}]},{"@type":"ImageObject","inLanguage":"en-US","@id":"https:\/\/mancesti.ch\/en\/guest-artists-on-consignment\/#primaryimage","url":"https:\/\/mancesti.ch\/wp-content\/uploads\/2026\/07\/IMG_1032-1024x444.webp","contentUrl":"https:\/\/mancesti.ch\/wp-content\/uploads\/2026\/07\/IMG_1032-1024x444.webp"},{"@type":"BreadcrumbList","@id":"https:\/\/mancesti.ch\/en\/guest-artists-on-consignment\/#breadcrumb","itemListElement":[{"@type":"ListItem","position":1,"name":"Accueil","item":"https:\/\/mancesti.ch\/en\/"},{"@type":"ListItem","position":2,"name":"Guest Artists on Consignment"}]},{"@type":"WebSite","@id":"https:\/\/mancesti.ch\/en\/#website","url":"https:\/\/mancesti.ch\/en\/","name":"Rita Mancesti - Artiste-Peintre suisse \u00e0 Rolle","description":"","publisher":{"@id":"https:\/\/mancesti.ch\/en\/#organization"},"potentialAction":[{"@type":"SearchAction","target":{"@type":"EntryPoint","urlTemplate":"https:\/\/mancesti.ch\/en\/?s={search_term_string}"},"query-input":{"@type":"PropertyValueSpecification","valueRequired":true,"valueName":"search_term_string"}}],"inLanguage":"en-US"},{"@type":"Organization","@id":"https:\/\/mancesti.ch\/en\/#organization","name":"Rita Mancesti - Artiste-Peintre suisse \u00e0 Rolle","url":"https:\/\/mancesti.ch\/en\/","logo":{"@type":"ImageObject","inLanguage":"en-US","@id":"https:\/\/mancesti.ch\/en\/#\/schema\/logo\/image\/","url":"https:\/\/mancesti.ch\/wp-content\/uploads\/2026\/06\/signatureorange.webp","contentUrl":"https:\/\/mancesti.ch\/wp-content\/uploads\/2026\/06\/signatureorange.webp","width":1040,"height":585,"caption":"Rita Mancesti - Artiste-Peintre suisse \u00e0 Rolle"},"image":{"@id":"https:\/\/mancesti.ch\/en\/#\/schema\/logo\/image\/"},"sameAs":["https:\/\/www.facebook.com\/profile.php?id=61554872815215&locale=fr_FR","https:\/\/www.instagram.com\/artstudio_ritamancesti\/","https:\/\/www.linkedin.com\/in\/rita-mancesti-16546b22\/"]}]}},"_links":{"self":[{"href":"https:\/\/mancesti.ch\/en\/wp-json\/wp\/v2\/pages\/2035","targetHints":{"allow":["GET"]}}],"collection":[{"href":"https:\/\/mancesti.ch\/en\/wp-json\/wp\/v2\/pages"}],"about":[{"href":"https:\/\/mancesti.ch\/en\/wp-json\/wp\/v2\/types\/page"}],"author":[{"embeddable":true,"href":"https:\/\/mancesti.ch\/en\/wp-json\/wp\/v2\/users\/1"}],"replies":[{"embeddable":true,"href":"https:\/\/mancesti.ch\/en\/wp-json\/wp\/v2\/comments?post=2035"}],"version-history":[{"count":4,"href":"https:\/\/mancesti.ch\/en\/wp-json\/wp\/v2\/pages\/2035\/revisions"}],"predecessor-version":[{"id":2301,"href":"https:\/\/mancesti.ch\/en\/wp-json\/wp\/v2\/pages\/2035\/revisions\/2301"}],"wp:attachment":[{"href":"https:\/\/mancesti.ch\/en\/wp-json\/wp\/v2\/media?parent=2035"}],"curies":[{"name":"wp","href":"https:\/\/api.w.org\/{rel}","templated":true}]}}